{"id":670,"date":"2013-01-30T13:05:58","date_gmt":"2013-01-30T13:05:58","guid":{"rendered":"http:\/\/www.matildecamus.com\/?page_id=670"},"modified":"2021-02-16T19:35:38","modified_gmt":"2021-02-16T19:35:38","slug":"letras-2","status":"publish","type":"page","link":"https:\/\/www.matildecamus.com\/?page_id=670","title":{"rendered":"ANTOLOG\u00cdA POETICA (2010)"},"content":{"rendered":"\n<section class=\"wp-block-uagb-columns uagb-columns__wrap uagb-columns__background-undefined uagb-columns__stack-mobile uagb-columns__valign-undefined uagb-columns__gap-10 alignundefined uagb-block-8b7890a2\"><div class=\"uagb-columns__overlay\"><\/div><div class=\"uagb-columns__inner-wrap uagb-columns__columns-2\">\n<div class=\"wp-block-uagb-column uagb-column__wrap uagb-column__background-undefined uagb-block-e221c792\"><div class=\"uagb-column__overlay\"><\/div><div class=\"uagb-column__inner-wrap\">\n<figure class=\"wp-block-image is-resized\"><a href=\"http:\/\/www.matildecamus.com\/wp-content\/uploads\/2021\/01\/Antologia-Poetica-2010-Poner-en-la-pagina-que-esta-su-comentario-scaled.jpg\"><img loading=\"lazy\" decoding=\"async\" src=\"http:\/\/www.matildecamus.com\/wp-content\/uploads\/2021\/01\/Antologia-Poetica-2010-Poner-en-la-pagina-que-esta-su-comentario-730x1024.jpg\" alt=\"\" class=\"wp-image-2616\" width=\"250\" height=\"351\" srcset=\"https:\/\/www.matildecamus.com\/wp-content\/uploads\/2021\/01\/Antologia-Poetica-2010-Poner-en-la-pagina-que-esta-su-comentario-730x1024.jpg 730w, https:\/\/www.matildecamus.com\/wp-content\/uploads\/2021\/01\/Antologia-Poetica-2010-Poner-en-la-pagina-que-esta-su-comentario-214x300.jpg 214w, https:\/\/www.matildecamus.com\/wp-content\/uploads\/2021\/01\/Antologia-Poetica-2010-Poner-en-la-pagina-que-esta-su-comentario-768x1078.jpg 768w, https:\/\/www.matildecamus.com\/wp-content\/uploads\/2021\/01\/Antologia-Poetica-2010-Poner-en-la-pagina-que-esta-su-comentario-1094x1536.jpg 1094w, https:\/\/www.matildecamus.com\/wp-content\/uploads\/2021\/01\/Antologia-Poetica-2010-Poner-en-la-pagina-que-esta-su-comentario-1459x2048.jpg 1459w, https:\/\/www.matildecamus.com\/wp-content\/uploads\/2021\/01\/Antologia-Poetica-2010-Poner-en-la-pagina-que-esta-su-comentario-scaled.jpg 1824w\" sizes=\"auto, (max-width: 250px) 100vw, 250px\" \/><\/a><\/figure>\n<\/div><\/div>\n\n\n\n<div class=\"wp-block-uagb-column uagb-column__wrap uagb-column__background-undefined uagb-block-9e37dc8c\"><div class=\"uagb-column__overlay\"><\/div><div class=\"uagb-column__inner-wrap\">\n<h5 class=\"wp-block-heading\">Comentario del libro:<\/h5>\n\n\n\n<p>En el a\u00f1o&nbsp;<strong>2010<\/strong>, solo dos a\u00f1os antes de la muerte de Matilde Camus, el empe\u00f1o de su esposo consigue la publicaci\u00f3n de esta Antolog\u00eda Po\u00e9tica del Gobierno de Cantabria, bas\u00e1ndose en el trabajo vertido&nbsp; en la p\u00e1gina web. La Introducci\u00f3n del libro corre a cargo de D. Francisco Javier L\u00f3pez Marcano, Consejero de Cultura, Turismo y Deporte. Acompa\u00f1a el libro, nuevamente la Canci\u00f3n de Corro de Gerardo Diego y como Prologo-Biograf\u00eda el escrito por el hijo mayor de la poeta Justo Francisco Guis\u00e1ndez.<\/p>\n\n\n\n<p>Contiene todas las portadas de los libros y una selecci\u00f3n de poemas de cada uno.<\/p>\n\n\n\n<p>La portada es el apunte que su esposo Justo Guis\u00e1ndez le hab\u00eda hecho en el a\u00f1o 1980.<\/p>\n<\/div><\/div>\n<\/div><\/section>\n\n\n\n<h3 class=\"has-text-align-center wp-block-heading\">&nbsp;CANTO DE AMOR<\/h3>\n\n\n\n<p class=\"has-text-align-center\">&nbsp;Llevo abiertos los ojos hacia el Cielo.<br>Voy trazando caminos de alegr\u00eda.<br>Es esfuerzo va en m\u00ed, noche tras d\u00eda,<br>en ese acto de amor, lleno de celo.<\/p>\n\n\n\n<p class=\"has-text-align-center\"><br>A Ti dulce Mar\u00eda, a tu consuelo,<br>a tu mirada azul de valent\u00eda,<br>debo mi gran pasi\u00f3n. Es ya tan m\u00eda<br>que soy parte del aire cuando vuelo.<\/p>\n\n\n\n<p class=\"has-text-align-center\"><br>Se\u00f1ora de Loreto, abre tus manos,<br>deja caer alientos sobrehumanos<br>sobre el fuerte motor, sobre sus ejes.<\/p>\n\n\n\n<p class=\"has-text-align-center\"><br>Yo s\u00e9 que te enamoran las alturas<br>que, cuando yo despego, te apresuras<br>y sentada en las alas me proteges.<\/p>\n\n\n\n<h3 class=\"has-text-align-center wp-block-heading\">APRESA MIS MANOS<\/h3>\n\n\n\n<p class=\"has-text-align-center\">Apresa mis manos. Toma<br>el secreto de mi mundo<br>y h\u00e1blame de tu profundo<br>sentir que mi piel aroma.<br>Si a tus pupilas asoma<br>motivo de abatimiento<br>aparta tu desaliento<br>que mis labios, al besarte,<br>no podr\u00e1n jam\u00e1s negarte<br>vida, cielo, fundamento.<\/p>\n\n\n\n<h3 class=\"has-text-align-center wp-block-heading\">TODO SE VUELVE OFRENDA<\/h3>\n\n\n\n<p class=\"has-text-align-center\">Esta el amor en comuni\u00f3n conmigo,<br>est\u00e1 el alba transida de emociones<br>y est\u00e1 la voluntad&nbsp; nimbando sones<br>para ser de Tu gloria fiel testigo.<\/p>\n\n\n\n<p class=\"has-text-align-center\"><br>El aire suave, en dialogar amigo,<br>cuenta al r\u00edo sabrosas impresiones<br>mientras la tierra atropa desazones<br>que fecundan espigas de buen trigo.<\/p>\n\n\n\n<p class=\"has-text-align-center\"><br>Todo se vuelve ofrenda, puro gozo:<br>los \u00e1rboles, la torre, el campo, el pozo,<br>el puente sobre el Deva, la cajiga,<\/p>\n\n\n\n<p class=\"has-text-align-center\"><br>el duro caminar del peregrino,<br>los almendros, la vid, hasta el espino<br>bajo un sol que calienta sin fatiga.<\/p>\n\n\n\n<div class=\"wp-block-uagb-call-to-action uagb-cta__outer-wrap uagb-block-90def68e\"><div class=\"uagb-cta__content-wrap uagb-cta__block uagb-cta__icon-position-right uagb-cta__content-right uagb-cta__content-stacked-tablet uagb-cta__button-valign-middle \"><div class=\"uagb-cta__left-right-wrap\"><div class=\"uagb-cta__content\"><\/div><div class=\"uagb-cta__link-wrapper uagb-cta__block-link-style\"><div class=\"uagb-cta__button-wrapper\"><a href=\"#\" class=\"uagb-cta__button-link-wrapper uagb-cta__block-link uagb-cta-typeof-button\" target=\"_self\" rel=\"noopener noreferrer\"><span class=\"uagb-cta__link-content-inner\"><span>Inicio libro<\/span><\/span><\/a><\/div><\/div><\/div><\/div><\/div>\n","protected":false},"excerpt":{"rendered":"<p>Comentario del libro: En el a\u00f1o&nbsp;2010, solo dos a\u00f1os antes de la muerte de Matilde Camus, el empe\u00f1o de su esposo consigue la publicaci\u00f3n de esta Antolog\u00eda Po\u00e9tica del Gobierno de Cantabria, bas\u00e1ndose en el trabajo vertido&nbsp; en la p\u00e1gina web. La Introducci\u00f3n del libro corre a cargo de D. Francisco Javier L\u00f3pez Marcano, Consejero [&hellip;]<\/p>\n","protected":false},"author":1,"featured_media":0,"parent":0,"menu_order":0,"comment_status":"closed","ping_status":"open","template":"","meta":{"_uag_custom_page_level_css":"","_monsterinsights_skip_tracking":false,"_monsterinsights_sitenote_active":false,"_monsterinsights_sitenote_note":"","_monsterinsights_sitenote_category":0,"site-sidebar-layout":"no-sidebar","site-content-layout":"default","ast-site-content-layout":"default","site-content-style":"default","site-sidebar-style":"default","ast-global-header-display":"","ast-banner-title-visibility":"","ast-main-header-display":"","ast-hfb-above-header-display":"","ast-hfb-below-header-display":"","ast-hfb-mobile-header-display":"","site-post-title":"","ast-breadcrumbs-content":"","ast-featured-img":"","footer-sml-layout":"","ast-disable-related-posts":"","theme-transparent-header-meta":"default","adv-header-id-meta":"","stick-header-meta":"","header-above-stick-meta":"","header-main-stick-meta":"","header-below-stick-meta":"","astra-migrate-meta-layouts":"default","ast-page-background-enabled":"default","ast-page-background-meta":{"desktop":{"background-color":"","background-image":"","background-repeat":"repeat","background-position":"center center","background-size":"auto","background-attachment":"scroll","background-type":"","background-media":"","overlay-type":"","overlay-color":"","overlay-opacity":"","overlay-gradient":""},"tablet":{"background-color":"","background-image":"","background-repeat":"repeat","background-position":"center center","background-size":"auto","background-attachment":"scroll","background-type":"","background-media":"","overlay-type":"","overlay-color":"","overlay-opacity":"","overlay-gradient":""},"mobile":{"background-color":"","background-image":"","background-repeat":"repeat","background-position":"center center","background-size":"auto","background-attachment":"scroll","background-type":"","background-media":"","overlay-type":"","overlay-color":"","overlay-opacity":"","overlay-gradient":""}},"ast-content-background-meta":{"desktop":{"background-color":"var(--ast-global-color-5)","background-image":"","background-repeat":"repeat","background-position":"center center","background-size":"auto","background-attachment":"scroll","background-type":"","background-media":"","overlay-type":"","overlay-color":"","overlay-opacity":"","overlay-gradient":""},"tablet":{"background-color":"var(--ast-global-color-5)","background-image":"","background-repeat":"repeat","background-position":"center center","background-size":"auto","background-attachment":"scroll","background-type":"","background-media":"","overlay-type":"","overlay-color":"","overlay-opacity":"","overlay-gradient":""},"mobile":{"background-color":"var(--ast-global-color-5)","background-image":"","background-repeat":"repeat","background-position":"center center","background-size":"auto","background-attachment":"scroll","background-type":"","background-media":"","overlay-type":"","overlay-color":"","overlay-opacity":"","overlay-gradient":""}},"footnotes":""},"class_list":["post-670","page","type-page","status-publish","hentry"],"uagb_featured_image_src":{"full":false,"thumbnail":false,"medium":false,"medium_large":false,"large":false,"1536x1536":false,"2048x2048":false},"uagb_author_info":{"display_name":"Matilde","author_link":"https:\/\/www.matildecamus.com\/?author=1"},"uagb_comment_info":0,"uagb_excerpt":"Comentario del libro: En el a\u00f1o&nbsp;2010, solo dos a\u00f1os antes de la muerte de Matilde Camus, el empe\u00f1o de su esposo consigue la publicaci\u00f3n de esta Antolog\u00eda Po\u00e9tica del Gobierno de Cantabria, bas\u00e1ndose en el trabajo vertido&nbsp; en la p\u00e1gina web. La Introducci\u00f3n del libro corre a cargo de D. Francisco Javier L\u00f3pez Marcano, Consejero&hellip;","_links":{"self":[{"href":"https:\/\/www.matildecamus.com\/index.php?rest_route=\/wp\/v2\/pages\/670","targetHints":{"allow":["GET"]}}],"collection":[{"href":"https:\/\/www.matildecamus.com\/index.php?rest_route=\/wp\/v2\/pages"}],"about":[{"href":"https:\/\/www.matildecamus.com\/index.php?rest_route=\/wp\/v2\/types\/page"}],"author":[{"embeddable":true,"href":"https:\/\/www.matildecamus.com\/index.php?rest_route=\/wp\/v2\/users\/1"}],"replies":[{"embeddable":true,"href":"https:\/\/www.matildecamus.com\/index.php?rest_route=%2Fwp%2Fv2%2Fcomments&post=670"}],"version-history":[{"count":30,"href":"https:\/\/www.matildecamus.com\/index.php?rest_route=\/wp\/v2\/pages\/670\/revisions"}],"predecessor-version":[{"id":3999,"href":"https:\/\/www.matildecamus.com\/index.php?rest_route=\/wp\/v2\/pages\/670\/revisions\/3999"}],"wp:attachment":[{"href":"https:\/\/www.matildecamus.com\/index.php?rest_route=%2Fwp%2Fv2%2Fmedia&parent=670"}],"curies":[{"name":"wp","href":"https:\/\/api.w.org\/{rel}","templated":true}]}}