{"id":374,"date":"2012-12-10T13:38:05","date_gmt":"2012-12-10T13:38:05","guid":{"rendered":"http:\/\/www.matildecamus.com\/?page_id=374"},"modified":"2021-02-18T21:14:59","modified_gmt":"2021-02-18T21:14:59","slug":"cancionero-multicolor","status":"publish","type":"page","link":"https:\/\/www.matildecamus.com\/?page_id=374","title":{"rendered":"CANCIONERO MULTICOLOR (Poemario infantil 1999)"},"content":{"rendered":"\n<section class=\"wp-block-uagb-columns uagb-columns__wrap uagb-columns__background-undefined uagb-columns__stack-mobile uagb-columns__valign-undefined uagb-columns__gap-10 alignundefined uagb-block-5a4a745c\"><div class=\"uagb-columns__overlay\"><\/div><div class=\"uagb-columns__inner-wrap uagb-columns__columns-2\">\n<div class=\"wp-block-uagb-column uagb-column__wrap uagb-column__background-undefined uagb-block-d4da9b14\"><div class=\"uagb-column__overlay\"><\/div><div class=\"uagb-column__inner-wrap\">\n<figure class=\"wp-block-image size-large\"><a href=\"http:\/\/www.matildecamus.com\/wp-content\/uploads\/2021\/01\/cancionero-multicolor.jpg\"><img loading=\"lazy\" decoding=\"async\" width=\"250\" height=\"352\" src=\"http:\/\/www.matildecamus.com\/wp-content\/uploads\/2021\/01\/cancionero-multicolor.jpg\" alt=\"\" class=\"wp-image-2127\" srcset=\"https:\/\/www.matildecamus.com\/wp-content\/uploads\/2021\/01\/cancionero-multicolor.jpg 250w, https:\/\/www.matildecamus.com\/wp-content\/uploads\/2021\/01\/cancionero-multicolor-213x300.jpg 213w\" sizes=\"auto, (max-width: 250px) 100vw, 250px\" \/><\/a><\/figure>\n<\/div><\/div>\n\n\n\n<div class=\"wp-block-uagb-column uagb-column__wrap uagb-column__background-undefined uagb-block-8d176510\"><div class=\"uagb-column__overlay\"><\/div><div class=\"uagb-column__inner-wrap\">\n<h5 class=\"has-normal-font-size wp-block-heading\">Comentario del libro:&nbsp;<\/h5>\n\n\n\n<p>Se publica el libro en 1999. Escrito ya en la ancianidad, son&nbsp; poemas sencillos,&nbsp;pensados para los m\u00e1s peque\u00f1os y dedicado por la autora:&nbsp; <strong>\u00abA todos mis nietos, diez en total y para los que puedan llegar&#8230; A todos les amo porque forman parte de mi sangre y son mi preciado tesoro\u00bb.<\/strong><\/p>\n\n\n\n<p>Siempre tuvo Matilde Camus una gracia especial para los m\u00e1s peque\u00f1os, quiz\u00e1 por su permanente sonrisa. Nunca tuvo m\u00e1s de 10 nietos y lleg\u00f3 a conocer 11 biznietos.<\/p>\n\n\n\n<p>La portada y sencillos &nbsp;dibujos&nbsp; del interior, son de su esposo Justo Guis\u00e1ndez.&nbsp;&nbsp;Editado por Rocamador en Palencia 1999.<\/p>\n<\/div><\/div>\n<\/div><\/section>\n\n\n\n<h3 class=\"has-text-align-center wp-block-heading\">&nbsp;ALGUNOS POEMAS<\/h3>\n\n\n\n<p class=\"has-text-align-center\">a\u2026<br>&nbsp; &nbsp; &nbsp; &nbsp; &nbsp; &nbsp; &nbsp; &nbsp; &nbsp; &nbsp; &nbsp; &nbsp;a\u2026<br>&nbsp; &nbsp; &nbsp; &nbsp; &nbsp; &nbsp; &nbsp; &nbsp; &nbsp; &nbsp; &nbsp; &nbsp; &nbsp; &nbsp; &nbsp; &nbsp; &nbsp; &nbsp; &nbsp; &nbsp; &nbsp; &nbsp; &nbsp;a\u2026<br>Si lanzo un bostezo pronuncio la a\u2026<br>es muy redondita,<br>con colita atr\u00e1s: a\u2026a\u2026a\u2026<br>b&#8230;<br>&nbsp; &nbsp; &nbsp; &nbsp; &nbsp; &nbsp; &nbsp; &nbsp;b&#8230;<br>&nbsp; &nbsp; &nbsp; &nbsp; &nbsp; &nbsp; &nbsp; &nbsp; &nbsp; &nbsp; &nbsp; &nbsp; &nbsp;b&#8230;<br>El corderito<br>con su balido<br>dice la b\u2026<br>Es un palito<br>muy derechito,<br>con su pancita<br>como la veis: b\u2026b\u2026b\u2026<br>c\u2026<br>&nbsp; &nbsp; &nbsp; &nbsp; &nbsp; &nbsp; &nbsp; &nbsp; &nbsp; &nbsp;c\u2026<br>&nbsp; &nbsp; &nbsp; &nbsp; &nbsp; &nbsp; &nbsp; &nbsp; &nbsp; &nbsp; &nbsp; &nbsp; &nbsp; &nbsp; &nbsp; &nbsp; &nbsp; &nbsp; &nbsp; &nbsp; &nbsp; &nbsp; c\u2026<br>De cerilla,<br>de cepillo,<br>de comer.<br>Un arquito tenso<br>la forma muy bien: c\u2026c\u2026c\u2026<br>a\u2026<br>&nbsp; &nbsp; &nbsp; &nbsp; &nbsp; &nbsp; &nbsp; &nbsp; &nbsp; &nbsp; b\u2026<br>&nbsp; &nbsp; &nbsp; &nbsp; &nbsp; &nbsp; &nbsp; &nbsp; &nbsp; &nbsp; &nbsp; &nbsp; &nbsp; &nbsp; &nbsp; &nbsp; &nbsp; &nbsp; &nbsp; &nbsp; &nbsp; &nbsp; &nbsp; c\u2026<br>As\u00ed las escribo,<br>as\u00ed las har\u00e9is.<br>Hacedlas despacio<br>y os saldr\u00e1n muy bien: a\u2026b\u2026c\u2026<\/p>\n\n\n\n<p class=\"has-text-align-center\">&#8212;&#8212;&#8212;&#8212;&#8212;&#8212;&#8212;&#8212;&#8212;&#8212;&#8212;-<\/p>\n\n\n\n<p class=\"has-text-align-center\">1&#8230;<br>&nbsp; &nbsp; &nbsp; &nbsp; &nbsp; &nbsp; &nbsp; &nbsp; &nbsp; &nbsp; &nbsp; &nbsp; &nbsp; &nbsp; &nbsp; &nbsp; &nbsp; &nbsp; &nbsp; &nbsp; 2&#8230;<br>Qu\u00e9 tranquilo estaba<br>el buen caracol:<br>los cuernos al aire,<br>calentito al Sol.<br>1&#8230;<br>&nbsp; &nbsp; &nbsp; &nbsp; &nbsp; &nbsp; &nbsp; &nbsp; &nbsp; &nbsp; &nbsp; &nbsp; &nbsp; &nbsp; &nbsp; &nbsp; &nbsp; &nbsp; &nbsp; &nbsp; 2&#8230;<\/p>\n\n\n\n<p class=\"has-text-align-center\">&#8212;&#8212;&#8212;&#8212;&#8212;&#8212;&#8212;&#8212;&#8212;&#8212;-<\/p>\n\n\n\n<p class=\"has-text-align-center\">3&nbsp; +&nbsp; 2&nbsp; son&nbsp; 5<br>Llego a casa en cinco brincos,<br>doy un beso a mi mam\u00e1<br>que me abraza con cari\u00f1o<br>y me da de merendar.<\/p>\n\n\n\n<p class=\"has-text-align-center\">3 + 3 son 6<\/p>\n\n\n\n<p class=\"has-text-align-center\">Ya junto palabras,<br>\u00a1ya empiezo a leer!<br>mi ma &#8211; ma me a &#8211; ma<br>mi pa &#8211; pa&nbsp; tambi\u00e9n<\/p>\n\n\n\n<p class=\"has-text-align-center\">&#8212;&#8212;&#8212;&#8212;&#8212;&#8212;&#8212;&#8212;&#8212;&#8211;<\/p>\n\n\n\n<p class=\"has-text-align-center\">Los ni\u00f1os limpios<br>cuidan la ropa;<br>forran los libros;<br>guardan sus botas<br>y, despu\u00e9s, estudian<br>con gran ilusi\u00f3n.<\/p>\n\n\n\n<p class=\"has-text-align-center\">Son obedientes,<br>traen buenas notas,<br>juegan alegres<br>con su pelota.<br>Jam\u00e1s se olvidan<br>de su lecci\u00f3n.<\/p>\n\n\n\n<p class=\"has-text-align-center\">&#8212;&#8212;&#8212;&#8212;&#8212;&#8212;&#8212;&#8212;&#8212;&#8212;&#8212;-<\/p>\n\n\n\n<p class=\"has-text-align-center\">Mam\u00e1 me da pescadito<br>filetes, fruta tambi\u00e9n;<br>tortillita a la francesa,<br>yogures y rica miel;<br>el chocolate me encanta<br>y la leche \u00a1que placer!<br>Como mucho, mucho, mucho,<br>para crecer&#8230;<br>                                       y crecer&#8230;<\/p>\n\n\n\n<p class=\"has-text-align-center\">&#8212;&#8212;&#8212;&#8212;&#8212;&#8212;&#8212;&#8212;&#8212;&#8212;-<\/p>\n\n\n\n<p class=\"has-text-align-center\">En mi dormitorio<br>tengo a mis amigos:<br>una mu\u00f1equita,<br>un precioso osito,<br>dos bambys alegres<br>un lindo gatito,<br>la pantera rosa<br>y alg\u00fan pitufito.<\/p>\n\n\n\n<p class=\"has-text-align-center\">Un baby que llora,<br>un suave perrito,<br>un loro que habla,<br>un blanco patito;<br>sobre mi camita<br>la Virgen y el Ni\u00f1o<br>para que me velen<br>cuando estoy dormido.<\/p>\n\n\n\n<p class=\"has-text-align-center\">A todos les quiero<br>a todos les mimo,<br>a todos les canto<br>y les doy besitos.<\/p>\n\n\n\n<p class=\"has-text-align-center\">&#8212;&#8212;&#8212;&#8212;&#8212;&#8212;&#8212;&#8212;&#8212;&#8211;<\/p>\n\n\n\n<p class=\"has-text-align-center\">Los ni\u00f1os limpios<br>cuidan la ropa;<br>forran los libros;<br>guardan sus botas<br>y, despu\u00e9s, estudian<br>con gran ilusi\u00f3n.<\/p>\n\n\n\n<p class=\"has-text-align-center\">Son obedientes,<br>traen buenas notas,<br>juegan alegres<br>con su pelota.<br>Jam\u00e1s se olvidan<br>de su lecci\u00f3n.<\/p>\n\n\n\n<p class=\"has-text-align-center\">&#8212;&#8212;&#8212;&#8212;&#8212;&#8212;&#8212;&#8212;&#8212;&#8212;-<\/p>\n\n\n\n<p class=\"has-text-align-center\">&nbsp;\u00a1Qu\u00e9 penita tengo yo!<br>Mi patito patiblanco,<br>patihermoso, patizambo,<br>                                                            se perdi\u00f3\u2026<\/p>\n\n\n\n<p class=\"has-text-align-center\">Se fue al lago de los sue\u00f1os<br>y por su puerta de escarcha,<br>decidido\u2026<br>                                                           se col\u00f3\u2026<\/p>\n\n\n\n<p class=\"has-text-align-center\">El agua era caramelo<br>los pececitos de dulce<br>y las piedras de su fondo<br>                                                                     \u00a1Qu\u00e9 ilusi\u00f3n!<\/p>\n\n\n\n<p class=\"has-text-align-center\">Todas son de chocolate.<br>Hasta la casa del lago<br>es de guindar y guirlache,<br>                                                                                     de rica miel y turr\u00f3n.<\/p>\n\n\n\n<p class=\"has-text-align-center\">&#8212;&#8212;&#8212;&#8212;&#8212;&#8212;&#8212;&#8212;&#8212;-<\/p>\n\n\n\n<p class=\"has-text-align-center\">Ayer conoc\u00ed a un payaso<br>t\u00edmido como una flor;<br>la nariz como un pimiento,<br>gran sombrero, gran farol:<br>los zapatos como barcos<br>y\u2026\u00a1Muy grande el coraz\u00f3n!<\/p>\n\n\n\n<p class=\"has-text-align-center\">Payaso, tierno payaso,<br>ingenuo y encantador;<br>en t\u00fa mirada hay estrellas<br>mientras suena tu acorde\u00f3n;<br>gran sonrisa, dulces ojos,<br>y\u2026 \u00a1Muy grande el coraz\u00f3n!.<\/p>\n\n\n\n<p class=\"has-text-align-center\">Payaso que nos alegras<br>la vida con tu canci\u00f3n.<br>Payaso, rubio payaso,<br>comediante, trovador;<br>gran m\u00fasico, gran artista,<br>y\u2026 \u00a1Muy grande el coraz\u00f3n!.<\/p>\n\n\n\n<p class=\"has-text-align-center\">&#8212;&#8212;&#8212;&#8212;&#8212;&#8212;&#8212;&#8212;&#8212;<\/p>\n\n\n\n<p class=\"has-text-align-center\">Llueve, llueve, llueva,<br>luego saldr\u00e1 el Sol,<br>crecer\u00e1 la hierba,<br>la alfalfa, la flor.<\/p>\n\n\n\n<p class=\"has-text-align-center\">Crecer\u00e1n lechugas<br>de verde color.<\/p>\n\n\n\n<p class=\"has-text-align-center\">Llueve, llueve, llueve.<br>Despu\u00e9s saldr\u00e1 el Sol<br>secar\u00e1 los prados<br>volver\u00e1 el calor.<\/p>\n\n\n\n<p class=\"has-text-align-center\">&#8212;&#8212;&#8212;&#8212;&#8212;&#8212;&#8212;&#8212;&#8212;&#8212;<\/p>\n\n\n\n<p class=\"has-text-align-center\">&nbsp;Nac\u00ed en Santander<br>Tierra de Cantabria<br>con verdes praderas<br>hasta en las monta\u00f1as,<br>el gris de su cielo<br>se hace amor y l\u00e1grimas<br>y, al caer en lluvia,<br>el campo engalana.<\/p>\n\n\n\n<p class=\"has-text-align-center\">El mar es brav\u00edo<br>tiene peces y algas<br>y constantemente<br>el traje se cambia:<br>a veces es gris<br>y all\u00e1, en lontananza<br>cielo y mar se cubren<br>con la misma capa.<\/p>\n\n\n\n<p class=\"has-text-align-center\">Los prados se visten<br>de verde esperanza,<br>que va del oliva<br>al claro esmeralda<br>y del verde musgo<br>al verde manzana.<\/p>\n\n\n\n<div class=\"wp-block-uagb-call-to-action uagb-cta__outer-wrap uagb-block-e64289f3\"><div class=\"uagb-cta__content-wrap uagb-cta__block uagb-cta__icon-position-right uagb-cta__content-right uagb-cta__content-stacked-tablet uagb-cta__button-valign-middle \"><div class=\"uagb-cta__left-right-wrap\"><div class=\"uagb-cta__content\"><\/div><div class=\"uagb-cta__link-wrapper uagb-cta__block-link-style\"><div class=\"uagb-cta__button-wrapper\"><a href=\"#\" class=\"uagb-cta__button-link-wrapper uagb-cta__block-link uagb-cta-typeof-button\" target=\"_self\" rel=\"noopener noreferrer\"><span class=\"uagb-cta__link-content-inner\"><span>Inicio libro<\/span><\/span><\/a><\/div><\/div><\/div><\/div><\/div>\n","protected":false},"excerpt":{"rendered":"<p>Comentario del libro:&nbsp; Se publica el libro en 1999. Escrito ya en la ancianidad, son&nbsp; poemas sencillos,&nbsp;pensados para los m\u00e1s peque\u00f1os y dedicado por la autora:&nbsp; \u00abA todos mis nietos, diez en total y para los que puedan llegar&#8230; A todos les amo porque forman parte de mi sangre y son mi preciado tesoro\u00bb. Siempre [&hellip;]<\/p>\n","protected":false},"author":1,"featured_media":0,"parent":0,"menu_order":0,"comment_status":"closed","ping_status":"open","template":"","meta":{"_uag_custom_page_level_css":"","_monsterinsights_skip_tracking":false,"_monsterinsights_sitenote_active":false,"_monsterinsights_sitenote_note":"","_monsterinsights_sitenote_category":0,"site-sidebar-layout":"no-sidebar","site-content-layout":"default","ast-site-content-layout":"default","site-content-style":"default","site-sidebar-style":"default","ast-global-header-display":"","ast-banner-title-visibility":"","ast-main-header-display":"","ast-hfb-above-header-display":"","ast-hfb-below-header-display":"","ast-hfb-mobile-header-display":"","site-post-title":"","ast-breadcrumbs-content":"","ast-featured-img":"","footer-sml-layout":"","ast-disable-related-posts":"","theme-transparent-header-meta":"default","adv-header-id-meta":"","stick-header-meta":"","header-above-stick-meta":"","header-main-stick-meta":"","header-below-stick-meta":"","astra-migrate-meta-layouts":"default","ast-page-background-enabled":"default","ast-page-background-meta":{"desktop":{"background-color":"","background-image":"","background-repeat":"repeat","background-position":"center center","background-size":"auto","background-attachment":"scroll","background-type":"","background-media":"","overlay-type":"","overlay-color":"","overlay-opacity":"","overlay-gradient":""},"tablet":{"background-color":"","background-image":"","background-repeat":"repeat","background-position":"center center","background-size":"auto","background-attachment":"scroll","background-type":"","background-media":"","overlay-type":"","overlay-color":"","overlay-opacity":"","overlay-gradient":""},"mobile":{"background-color":"","background-image":"","background-repeat":"repeat","background-position":"center center","background-size":"auto","background-attachment":"scroll","background-type":"","background-media":"","overlay-type":"","overlay-color":"","overlay-opacity":"","overlay-gradient":""}},"ast-content-background-meta":{"desktop":{"background-color":"var(--ast-global-color-5)","background-image":"","background-repeat":"repeat","background-position":"center center","background-size":"auto","background-attachment":"scroll","background-type":"","background-media":"","overlay-type":"","overlay-color":"","overlay-opacity":"","overlay-gradient":""},"tablet":{"background-color":"var(--ast-global-color-5)","background-image":"","background-repeat":"repeat","background-position":"center center","background-size":"auto","background-attachment":"scroll","background-type":"","background-media":"","overlay-type":"","overlay-color":"","overlay-opacity":"","overlay-gradient":""},"mobile":{"background-color":"var(--ast-global-color-5)","background-image":"","background-repeat":"repeat","background-position":"center center","background-size":"auto","background-attachment":"scroll","background-type":"","background-media":"","overlay-type":"","overlay-color":"","overlay-opacity":"","overlay-gradient":""}},"footnotes":""},"class_list":["post-374","page","type-page","status-publish","hentry"],"uagb_featured_image_src":{"full":false,"thumbnail":false,"medium":false,"medium_large":false,"large":false,"1536x1536":false,"2048x2048":false},"uagb_author_info":{"display_name":"Matilde","author_link":"https:\/\/www.matildecamus.com\/?author=1"},"uagb_comment_info":0,"uagb_excerpt":"Comentario del libro:&nbsp; Se publica el libro en 1999. Escrito ya en la ancianidad, son&nbsp; poemas sencillos,&nbsp;pensados para los m\u00e1s peque\u00f1os y dedicado por la autora:&nbsp; \u00abA todos mis nietos, diez en total y para los que puedan llegar&#8230; A todos les amo porque forman parte de mi sangre y son mi preciado tesoro\u00bb. Siempre&hellip;","_links":{"self":[{"href":"https:\/\/www.matildecamus.com\/index.php?rest_route=\/wp\/v2\/pages\/374","targetHints":{"allow":["GET"]}}],"collection":[{"href":"https:\/\/www.matildecamus.com\/index.php?rest_route=\/wp\/v2\/pages"}],"about":[{"href":"https:\/\/www.matildecamus.com\/index.php?rest_route=\/wp\/v2\/types\/page"}],"author":[{"embeddable":true,"href":"https:\/\/www.matildecamus.com\/index.php?rest_route=\/wp\/v2\/users\/1"}],"replies":[{"embeddable":true,"href":"https:\/\/www.matildecamus.com\/index.php?rest_route=%2Fwp%2Fv2%2Fcomments&post=374"}],"version-history":[{"count":32,"href":"https:\/\/www.matildecamus.com\/index.php?rest_route=\/wp\/v2\/pages\/374\/revisions"}],"predecessor-version":[{"id":4011,"href":"https:\/\/www.matildecamus.com\/index.php?rest_route=\/wp\/v2\/pages\/374\/revisions\/4011"}],"wp:attachment":[{"href":"https:\/\/www.matildecamus.com\/index.php?rest_route=%2Fwp%2Fv2%2Fmedia&parent=374"}],"curies":[{"name":"wp","href":"https:\/\/api.w.org\/{rel}","templated":true}]}}