{"id":371,"date":"2012-12-10T13:36:35","date_gmt":"2012-12-10T13:36:35","guid":{"rendered":"http:\/\/www.matildecamus.com\/?page_id=371"},"modified":"2021-02-16T19:34:15","modified_gmt":"2021-02-16T19:34:15","slug":"clamor-del-pensamiento","status":"publish","type":"page","link":"https:\/\/www.matildecamus.com\/?page_id=371","title":{"rendered":"CLAMOR DEL PENSAMIENTO (1999)"},"content":{"rendered":"\n<section class=\"wp-block-uagb-columns uagb-columns__wrap uagb-columns__background-undefined uagb-columns__stack-mobile uagb-columns__valign-undefined uagb-columns__gap-10 alignundefined uagb-block-511faea6\"><div class=\"uagb-columns__overlay\"><\/div><div class=\"uagb-columns__inner-wrap uagb-columns__columns-2\">\n<div class=\"wp-block-uagb-column uagb-column__wrap uagb-column__background-undefined uagb-block-788f236c\"><div class=\"uagb-column__overlay\"><\/div><div class=\"uagb-column__inner-wrap\">\n<figure class=\"wp-block-image size-large\"><a href=\"http:\/\/www.matildecamus.com\/wp-content\/uploads\/2021\/01\/clamor-del-piensamiento.jpg\"><img loading=\"lazy\" decoding=\"async\" width=\"250\" height=\"352\" src=\"http:\/\/www.matildecamus.com\/wp-content\/uploads\/2021\/01\/clamor-del-piensamiento.jpg\" alt=\"\" class=\"wp-image-2093\" srcset=\"https:\/\/www.matildecamus.com\/wp-content\/uploads\/2021\/01\/clamor-del-piensamiento.jpg 250w, https:\/\/www.matildecamus.com\/wp-content\/uploads\/2021\/01\/clamor-del-piensamiento-213x300.jpg 213w\" sizes=\"auto, (max-width: 250px) 100vw, 250px\" \/><\/a><\/figure>\n<\/div><\/div>\n\n\n\n<div class=\"wp-block-uagb-column uagb-column__wrap uagb-column__background-undefined uagb-block-6f252c5b\"><div class=\"uagb-column__overlay\"><\/div><div class=\"uagb-column__inner-wrap\">\n<h5 class=\"has-normal-font-size wp-block-heading\">Comentario del libro:<\/h5>\n\n\n\n<p>Publica este libro en el a\u00f1o 1999, Matilde tiene 80 a\u00f1os, ya el t\u00edtulo indica que la poeta quiere alzar la voz para poner&nbsp; en valor la importancia y la necesidad del amor en todo cuanto se hace y vive.<\/p>\n\n\n\n<p>Tambi\u00e9n es un canto de admiraci\u00f3n y reconocimiento del bien que hacen otros y de la necesidad que hay de vivir para otros. Se ha respetado las may\u00fasculas con las&nbsp; que la autora quiso que aparecieran algunas palabras.<\/p>\n\n\n\n<p>Es de destacar el hermoso poema dedicado a su&nbsp; esposo en la ancianidad:&nbsp; <strong>SIEMPRE TUYA.<\/strong><\/p>\n\n\n\n<p>&nbsp;<\/p>\n<\/div><\/div>\n<\/div><\/section>\n\n\n\n<p>Se enriquece con el exlibris del apellido <strong>CAMUS.<\/strong><\/p>\n\n\n\n<p>Algunos de los poemas van acompa\u00f1ados de pensamientos de Gustavo Adolfo B\u00e9cquer, Vicente Aleixandre, Rainer Mar\u00eda Rilke, Madre Teresa de Calcuta y Rabindranath Tagore.  Edita la Colecci\u00f3n ROCAMADOR de Palencia.<span style=\"color: #ffffff;\">.<\/span><\/p>\n\n\n\n<h3 class=\"has-text-align-center wp-block-heading\">SIEMPRE TUYA<\/h3>\n\n\n\n<p class=\"has-text-align-center\">A\u00fan pronuncio tu nombre en un susurro<br>como si fuera en sue\u00f1os;<br>cursando tanto amor como al principio<br>cuando ard\u00edan, cercanos, nuestros cuerpos<br>                                                                 en pasi\u00f3n sin declive.<\/p>\n\n\n\n<p class=\"has-text-align-center\">Tu me ofreces fervor, caricias, vida,<br>llen\u00e1ndome de besos tentadores<br>y, yo siento mi sangre acalorada;<br>mi cuerpo, siempre tuyo,<br>vibra al instante en canto emocionado<br>                                                                          entregado y dichoso.<\/p>\n\n\n\n<p class=\"has-text-align-center\">\u00a1Sigue am\u00e1ndome siempre!<br>Se la brisa y el sol de mi deseo<br>que, siendo tuya, florecer\u00e1n mis labios;<br>ser\u00e1n p\u00e9talos suaves y jugosos,<br>dorando tus sentidos.<\/p>\n\n\n\n<h3 class=\"has-text-align-center wp-block-heading\">PALPITANTE ENTREGA<\/h3>\n\n\n\n<p class=\"has-text-align-center\"><em>-A mi nieta Ana, que ha permanecido varios meses en la Misi\u00f3n Salesiana de la R.D. del Congo. &#8211;<\/em><\/p>\n\n\n\n<p class=\"has-text-align-center\">Es hermoso el recuento de los pasos<br>vividos, cuando el Cielo sonr\u00ede<br>en los ojos de un ni\u00f1o.<br>Si hay palpitante entrega<br>es lo m\u00e1s bello, lo c\u00e1lido: Infinito<br>regalo de la Altura&#8230;<br><span style=\"color: #ffffff;\">&nbsp;.<\/span><br>Es suave como un ala silenciosa<br>sobre las almas v\u00edrgenes;<br>es donaci\u00f3n de vida, de esperanza<br>con el gozo supremo de la ayuda,<br>paliando sufrimientos&#8230;<br>al irradiar ternura en su redor.<br><span style=\"color: #ffffff;\">&nbsp;.<\/span><br>Es la funci\u00f3n dorada<br>en manantial de luz, sacrificio<br>transformado en amor;<br>fragancia substancial a cielo abierto<br>aumentando cosecha, alma y vida<br>en plena floraci\u00f3n.&nbsp;<span style=\"color: #ffffff;\">.<\/span><\/p>\n\n\n\n<h3 class=\"has-text-align-center wp-block-heading\">SOLIDARIA ENTREGA<\/h3>\n\n\n\n<p class=\"has-text-align-center\">Es inmensa la fuerza que sostiene<br>como raz\u00f3n de vida; se adelanta<br>mucho m\u00e1s que el deseo de la mente<br>conmovedora y c\u00e1lida;<br>                                                                     es prisma triangular,<br>proyecto de la Luz que nos dirige<br>como ascua generosa, difundiendo<br>ayuda salvadora;<br>es sementera que llena el coraz\u00f3n.<br>&nbsp;<span style=\"color: #ffffff;\">.<\/span><br>Es crecida de amor; es movimiento<br>hermanado y constante, nos invita<br>a norma m\u00e1s humana<br>siendo profunda y solidaria entrega.<br>&nbsp;<span style=\"color: #ffffff;\">.<\/span><br>Es premio todo amor si se realiza<br>con ternura ferviente;<br>ofreciendo la ayuda humanitaria<br>que lleve gran consuelo.&nbsp;<span style=\"color: #ffffff;\">.<\/span><\/p>\n\n\n\n<h3 class=\"has-text-align-center wp-block-heading\">DAR FUERZA AL SENTIMIENTO<\/h3>\n\n\n\n<p class=\"has-text-align-center\">Entre lo m\u00e1s humilde y permanente<br>hay miradas de s\u00faplica,<br>que gritan su dolor a nuestro lado<br>y pasamos sin verlas,<br>cuajando indiferencia con rigor<br>                                                                  sin prestar nuestra ayuda.<br><span style=\"color: #ffffff;\">&nbsp;.<\/span><br>Siendo lo m\u00e1s hermoso y m\u00e1s aut\u00e9ntico<br>aromar corazones;<br>dar fuerza inagotable al sentimiento<br>humanamente pleno; dar apoyo<br>siempre sustancial<br>                                                                   a los seres que sufren.<br><span style=\"color: #ffffff;\">&nbsp;.<\/span><br>No negar nuestra d\u00e1diva&#8230;<br>restando al alma gran satisfacci\u00f3n<br>al frenar el impulso a todo bien;<br>divina y bella ofrenda<br>silenciosa, que cubre el coraz\u00f3n<br>con brillos de alegr\u00eda.&nbsp;<span style=\"color: #ffffff;\">.<\/span><\/p>\n\n\n\n<h3 class=\"has-text-align-center wp-block-heading\">AMOR SIN L\u00cdMITE<\/h3>\n\n\n\n<p class=\"has-text-align-center\">Apresar los momentos<br>de pulsaci\u00f3n amante, enardecida<br>al surgir entre rosas y claveles<br>de tonos purpurados,<br>alz\u00e1ndonos a cumbre delirante.<br>&nbsp;<span style=\"color: #ffffff;\">.<\/span><br>Estar dispuestos, siempre,<br>cuando se aviva el fuego y, rebosante,<br>caldea nuestras ansias;<br>cuando expresa calor trenzando vida<br>y aparta lo sombr\u00edo,<br>                                                                      como en la juventud.<br><span style=\"color: #ffffff;\">.&nbsp;<\/span><br>Siempre reconquistar \u00edntimos lazos<br>de delicia sin fin; de dulce entrega<br>en d\u00edas pasionales<br>que, si perdieron fuerza, se cultiva<br>con mucho m\u00e1s amor y maestr\u00eda.<span style=\"color: #ffffff;\">.<\/span><\/p>\n\n\n\n<h3 class=\"has-text-align-center wp-block-heading\">POR UN MUNDO MEJOR<\/h3>\n\n\n\n<p class=\"has-text-align-center\">Se duele el coraz\u00f3n<br>por tanta infancia triste, por la s\u00faplica<br>de sus hermosos y expresivos ojos,<br>deseando hallar frutos sin fals\u00eda<br>y labor solidaria;<br>                                                                  paliar el sufrimiento<br>por un mundo mejor,<br>que pueda darles todos sus derechos<br>humanos, para alzarse.<br><span style=\"color: #ffffff;\">&nbsp;.<\/span><br>Nos sangra el coraz\u00f3n<br>por tanta juventud desangelada&#8230;<br>que nuestro bien merece;<br>por negarles acuerdos concertados<br>en prosperar la industria y el empleo.<br>&nbsp;<span style=\"color: #ffffff;\">.<\/span><br>                                                                      Estamos a su lado<br>con el m\u00e1s firme empe\u00f1o y adhesi\u00f3n:<br>en promesas que deben ser cumplidas<br>sin duelo que atormente.<\/p>\n\n\n\n<h3 class=\"has-text-align-center wp-block-heading\">SIENTO LA VIDA<\/h3>\n\n\n\n<p class=\"has-text-align-center\">&nbsp;Siento la vida en todo:<br>en la mar, el paisaje, la pureza<br>del ambiente jugoso de la aldea<br>donde, nacieron mis primeros sue\u00f1os;<br>donde admir\u00e9 el trabajo<br>sudoroso, de recios labradores.<\/p>\n\n\n\n<p class=\"has-text-align-center\">Si miro fijo al cielo<br>puedo leer la suerte de los campos<br>por ense\u00f1anza fiel de los refranes:<br>Experiencia del pueblo<br>en propia observaci\u00f3n, de nube y viento,<br>concluyente y sensata.<\/p>\n\n\n\n<p class=\"has-text-align-center\">Disfruto la cosecha que les llega<br>espl\u00e9ndida y substancial;<br>merecida por lucha d\u00eda a d\u00eda<br>de sol a sol, espalda y torso al aire<br>empayando la yerba generosa\u2026<br>y, al final, \u00a1que delicia pisarla<br>con los pies descalzos!<\/p>\n\n\n\n<h3 class=\"has-text-align-center wp-block-heading\">SUMANDO PRIMAVERAS<\/h3>\n\n\n\n<p class=\"has-text-align-center\">Y, seguimos sumando primaveras<br>sin temor al avance\u2026<br>Con ilusi\u00f3n m\u00e1s noble y m\u00e1s sincera<br>recordando el pasado<br>de savia generosa, enamorada.<\/p>\n\n\n\n<p class=\"has-text-align-center\">Primavera en la vida y en el alma<br>con pulsaciones n\u00edtidas;<br>ungidos en sosiego y transparencia<br>porque el amor nos llena,<br>desafiando al tiempo fugitivo.<\/p>\n\n\n\n<p class=\"has-text-align-center\">Primavera en lo diario, siempre juntos,<br>verdeciendo los labios<br>donde a\u00fan florecen rosas y se besan,<br>al despertar el alba,<br>con m\u00e1s fuerte ternura y m\u00e1s alianza.<\/p>\n\n\n\n<p class=\"has-text-align-center\">Primavera en los ojos al mirarse\u2026<br>con recuerdos \u00a1tan \u00edntimos!<br>que se abren en luz, sumando encanto<br>y delicias amantes,<br>sosteniendo ilusi\u00f3n que resplandece.<\/p>\n\n\n\n<p><span style=\"color: #ffffff;\">.<\/span><\/p>\n\n\n\n<div class=\"wp-block-uagb-call-to-action uagb-cta__outer-wrap uagb-block-5c107cca\"><div class=\"uagb-cta__content-wrap uagb-cta__block uagb-cta__icon-position-right uagb-cta__content-right uagb-cta__content-stacked-tablet uagb-cta__button-valign-middle \"><div class=\"uagb-cta__left-right-wrap\"><div class=\"uagb-cta__content\"><\/div><div class=\"uagb-cta__link-wrapper uagb-cta__block-link-style\"><div class=\"uagb-cta__button-wrapper\"><a href=\"#\" class=\"uagb-cta__button-link-wrapper uagb-cta__block-link uagb-cta-typeof-button\" target=\"_self\" rel=\"noopener noreferrer\"><span class=\"uagb-cta__link-content-inner\"><span>Inicio libro<\/span><\/span><\/a><\/div><\/div><\/div><\/div><\/div>\n","protected":false},"excerpt":{"rendered":"<p>Comentario del libro: Publica este libro en el a\u00f1o 1999, Matilde tiene 80 a\u00f1os, ya el t\u00edtulo indica que la poeta quiere alzar la voz para poner&nbsp; en valor la importancia y la necesidad del amor en todo cuanto se hace y vive. Tambi\u00e9n es un canto de admiraci\u00f3n y reconocimiento del bien que hacen [&hellip;]<\/p>\n","protected":false},"author":1,"featured_media":0,"parent":0,"menu_order":0,"comment_status":"closed","ping_status":"open","template":"","meta":{"_uag_custom_page_level_css":"","_monsterinsights_skip_tracking":false,"_monsterinsights_sitenote_active":false,"_monsterinsights_sitenote_note":"","_monsterinsights_sitenote_category":0,"site-sidebar-layout":"no-sidebar","site-content-layout":"default","ast-site-content-layout":"default","site-content-style":"default","site-sidebar-style":"default","ast-global-header-display":"","ast-banner-title-visibility":"","ast-main-header-display":"","ast-hfb-above-header-display":"","ast-hfb-below-header-display":"","ast-hfb-mobile-header-display":"","site-post-title":"","ast-breadcrumbs-content":"","ast-featured-img":"","footer-sml-layout":"","ast-disable-related-posts":"","theme-transparent-header-meta":"default","adv-header-id-meta":"","stick-header-meta":"","header-above-stick-meta":"","header-main-stick-meta":"","header-below-stick-meta":"","astra-migrate-meta-layouts":"default","ast-page-background-enabled":"default","ast-page-background-meta":{"desktop":{"background-color":"","background-image":"","background-repeat":"repeat","background-position":"center center","background-size":"auto","background-attachment":"scroll","background-type":"","background-media":"","overlay-type":"","overlay-color":"","overlay-opacity":"","overlay-gradient":""},"tablet":{"background-color":"","background-image":"","background-repeat":"repeat","background-position":"center center","background-size":"auto","background-attachment":"scroll","background-type":"","background-media":"","overlay-type":"","overlay-color":"","overlay-opacity":"","overlay-gradient":""},"mobile":{"background-color":"","background-image":"","background-repeat":"repeat","background-position":"center center","background-size":"auto","background-attachment":"scroll","background-type":"","background-media":"","overlay-type":"","overlay-color":"","overlay-opacity":"","overlay-gradient":""}},"ast-content-background-meta":{"desktop":{"background-color":"var(--ast-global-color-5)","background-image":"","background-repeat":"repeat","background-position":"center center","background-size":"auto","background-attachment":"scroll","background-type":"","background-media":"","overlay-type":"","overlay-color":"","overlay-opacity":"","overlay-gradient":""},"tablet":{"background-color":"var(--ast-global-color-5)","background-image":"","background-repeat":"repeat","background-position":"center center","background-size":"auto","background-attachment":"scroll","background-type":"","background-media":"","overlay-type":"","overlay-color":"","overlay-opacity":"","overlay-gradient":""},"mobile":{"background-color":"var(--ast-global-color-5)","background-image":"","background-repeat":"repeat","background-position":"center center","background-size":"auto","background-attachment":"scroll","background-type":"","background-media":"","overlay-type":"","overlay-color":"","overlay-opacity":"","overlay-gradient":""}},"footnotes":""},"class_list":["post-371","page","type-page","status-publish","hentry"],"uagb_featured_image_src":{"full":false,"thumbnail":false,"medium":false,"medium_large":false,"large":false,"1536x1536":false,"2048x2048":false},"uagb_author_info":{"display_name":"Matilde","author_link":"https:\/\/www.matildecamus.com\/?author=1"},"uagb_comment_info":0,"uagb_excerpt":"Comentario del libro: Publica este libro en el a\u00f1o 1999, Matilde tiene 80 a\u00f1os, ya el t\u00edtulo indica que la poeta quiere alzar la voz para poner&nbsp; en valor la importancia y la necesidad del amor en todo cuanto se hace y vive. Tambi\u00e9n es un canto de admiraci\u00f3n y reconocimiento del bien que hacen&hellip;","_links":{"self":[{"href":"https:\/\/www.matildecamus.com\/index.php?rest_route=\/wp\/v2\/pages\/371","targetHints":{"allow":["GET"]}}],"collection":[{"href":"https:\/\/www.matildecamus.com\/index.php?rest_route=\/wp\/v2\/pages"}],"about":[{"href":"https:\/\/www.matildecamus.com\/index.php?rest_route=\/wp\/v2\/types\/page"}],"author":[{"embeddable":true,"href":"https:\/\/www.matildecamus.com\/index.php?rest_route=\/wp\/v2\/users\/1"}],"replies":[{"embeddable":true,"href":"https:\/\/www.matildecamus.com\/index.php?rest_route=%2Fwp%2Fv2%2Fcomments&post=371"}],"version-history":[{"count":25,"href":"https:\/\/www.matildecamus.com\/index.php?rest_route=\/wp\/v2\/pages\/371\/revisions"}],"predecessor-version":[{"id":3996,"href":"https:\/\/www.matildecamus.com\/index.php?rest_route=\/wp\/v2\/pages\/371\/revisions\/3996"}],"wp:attachment":[{"href":"https:\/\/www.matildecamus.com\/index.php?rest_route=%2Fwp%2Fv2%2Fmedia&parent=371"}],"curies":[{"name":"wp","href":"https:\/\/api.w.org\/{rel}","templated":true}]}}