{"id":361,"date":"2012-12-10T13:31:26","date_gmt":"2012-12-10T13:31:26","guid":{"rendered":"http:\/\/www.matildecamus.com\/?page_id=361"},"modified":"2021-02-15T19:25:35","modified_gmt":"2021-02-15T19:25:35","slug":"ronda-de-azules","status":"publish","type":"page","link":"https:\/\/www.matildecamus.com\/?page_id=361","title":{"rendered":"RONDA DE AZULES (1994)"},"content":{"rendered":"\n<section class=\"wp-block-uagb-columns uagb-columns__wrap uagb-columns__background-undefined uagb-columns__stack-mobile uagb-columns__valign-undefined uagb-columns__gap-10 alignundefined uagb-block-5f441d4d\"><div class=\"uagb-columns__overlay\"><\/div><div class=\"uagb-columns__inner-wrap uagb-columns__columns-2\">\n<div class=\"wp-block-uagb-column uagb-column__wrap uagb-column__background-undefined uagb-block-cd68ce74\"><div class=\"uagb-column__overlay\"><\/div><div class=\"uagb-column__inner-wrap\">\n<figure class=\"wp-block-image size-large\"><a href=\"http:\/\/www.matildecamus.com\/wp-content\/uploads\/2021\/01\/ronda-de-azules.jpg\"><img loading=\"lazy\" decoding=\"async\" width=\"250\" height=\"352\" src=\"http:\/\/www.matildecamus.com\/wp-content\/uploads\/2021\/01\/ronda-de-azules.jpg\" alt=\"\" class=\"wp-image-2079\" srcset=\"https:\/\/www.matildecamus.com\/wp-content\/uploads\/2021\/01\/ronda-de-azules.jpg 250w, https:\/\/www.matildecamus.com\/wp-content\/uploads\/2021\/01\/ronda-de-azules-213x300.jpg 213w\" sizes=\"auto, (max-width: 250px) 100vw, 250px\" \/><\/a><\/figure>\n<\/div><\/div>\n\n\n\n<div class=\"wp-block-uagb-column uagb-column__wrap uagb-column__background-undefined uagb-block-33971e5a\"><div class=\"uagb-column__overlay\"><\/div><div class=\"uagb-column__inner-wrap\">\n<h5 class=\"has-normal-font-size wp-block-heading\">Comentario del libro:&nbsp;<\/h5>\n\n\n\n<p>&nbsp;La conexi\u00f3n que Matilde Camus y su esposo, tuvieron con un Grupo de Poetas y Escritores alicantinos, desde el a\u00f1o 1970 se prolong\u00f3 a lo largo de toda su vida. Mutua admiraci\u00f3n, colaboraci\u00f3n y entra\u00f1able amistad fu\u00e9 lo que uni\u00f3 al matrimonio con escritores como: Vicente Ramos, Manuel Molina, Rafael Azuar&#8230;<\/p>\n\n\n\n<p>Cada verano le preparaban Recitales po\u00e9ticos, mesas redondas, intervenciones radiof\u00f3nicas. Matilde Camus particip\u00f3 de forma protagonista en el XXVII aniversario de la muerte de Miguel Hern\u00e1ndez, donde&nbsp; conoci\u00f3 a Josefina Manresa, la esposa del poeta, con la que mantuvo amistad hasta su muerte.<\/p>\n<\/div><\/div>\n<\/div><\/section>\n\n\n\n<p>Libro editado en 1994, por el Ateneo Cient\u00edfico Literario y Art\u00edstico de Alicante. Todos los poemas son un canto a esta hermosa tierra de Levante que fue para Matilde un referente durante toda su vida. Comienza con una&nbsp; <strong>DEDICATORIA:&nbsp;<\/strong>\u00abA todos nuestros amigos alicantinos, matrimonios entra\u00f1ables, con profundo cari\u00f1o y reconocimiento por el regalo de su amistad a la que correspondemos de todo coraz\u00f3n. Ellos nos han ense\u00f1ado a querer hondamente y a valorar, como se merece, la hospitalidad y belleza de su hermosa Alicante\u00bb.<\/p>\n\n\n\n<p>Pr\u00f3logo de su gran amigo Vicente Ramos, se inicia el libro con una Auto presentaci\u00f3n po\u00e9tica: \u00abSoy fuerte coraz\u00f3n. Alma que sue\u00f1a. Una mujer de paso firme y breve\u00bb ya inserto en otro libro y el casi himno \u00abYo soy de la Monta\u00f1a vertebrada llena de h\u00famedos pulsos de roc\u00edo\u00bb.<\/p>\n\n\n\n<h3 class=\"has-text-align-center wp-block-heading\">&nbsp;ALICANTE.<\/h3>\n\n\n\n<p class=\"has-text-align-center\">Prendida en tu hermosura, enamorada<br>de esa mar tan serena, afirmativa<br>de dulzura celeste, que cautiva,<br>se hace l\u00edrico el verso a mi llegada.<\/p>\n\n\n\n<p class=\"has-text-align-center\">Prendida de tu luz tan codiciosa<br>por hacerme vivir sin sobra altiva,<br>llego hasta tus orillas fugitiva<br>de celajes con bruma y fuerte helada.<\/p>\n\n\n\n<p class=\"has-text-align-center\">Prendida de tu sol, \u00edntima y pura<br>mi palabra es m\u00e1s \u00e1gil; se depura<br>elevada hasta el gozo m\u00e1s ferviente.<\/p>\n\n\n\n<p class=\"has-text-align-center\">Yo que adoro mi tierra, que me abraso<br>en sus verdes jugosos sin ocaso,<br>tambi\u00e9n amo tu campo penitente.<\/p>\n\n\n\n<h3 class=\"has-text-align-center wp-block-heading\">TODO EL CALOR DEL SOL<\/h3>\n\n\n\n<p class=\"has-text-align-center\">Todo el calor del sol est\u00e1 en mi mano<br>radiando mediod\u00eda alicantino:<br>olas, espuma, amor&#8230;Concierto trino<br>me traspasa la piel con su verano.<\/p>\n\n\n\n<p class=\"has-text-align-center\">El mensaje de Dios en este plano<br>es m\u00e1s corto y directo, m\u00e1s genuino<br>al llegarme mejor; todo es divino<br>en bella comuni\u00f3n, todo es hermano.<\/p>\n\n\n\n<p class=\"has-text-align-center\">Todo tiene la fuerza y la medida<br>justa, para saltar desde la vida<br>a un nivel m\u00e1s sublime y deseado,<\/p>\n\n\n\n<p class=\"has-text-align-center\">donde surge fervor con certidumbre<br>suprema e ideal y, en limpia cumbre,<br>nos une con deleite al ser amado.<\/p>\n\n\n\n<h3 class=\"has-text-align-center wp-block-heading\">&nbsp;MIRADOR DE GUADALEST<span style=\"font-size: 1.17em;\">&nbsp;<\/span><\/h3>\n\n\n\n<p class=\"has-text-align-center\">Solemnidad&#8230; El agua remansada<br>bajo tranquilo sol de abriles manos.<br>Desde este anfiteatro, los humanos<br>te damos pleites\u00eda en voz callada.<br>&nbsp;<span style=\"color: #ffffff;\">.<\/span><br>Mirador&#8230; Bello enfoque de colores;<br>a tu espalda los altos pliegues c\u00f3nicos<br>de las cimas, perfiles anat\u00f3micos<br>y exaltaci\u00f3n pagana en los alcores.<br>&nbsp;<span style=\"color: #ffffff;\">.<\/span><br>Guadalest, Guadalest. Rocas adjuntas<br>en eterna plegaria por los muertos&#8230;<br>conmueven mis sentires, nunca yertos,<br>y graban tus aristas y tus puntas.&nbsp;<span style=\"color: #ffffff;\">.<\/span><\/p>\n\n\n\n<h3 class=\"has-text-align-center wp-block-heading\">ISLA DE TABARCA<\/h3>\n\n\n\n<p class=\"has-text-align-center\">La mar abraza con alma<br>ese reposo absoluto,<br>ante el amor impoluto<br>de un olivo y una palma.<br>Eres pura y primitiva<br>en tu soledad altiva,<br>en tu misteriosa cueva&#8230;<br>Y un castillo desdentado<br>de torre\u00f3n recortado,<br>te da vigor y te ceba.&nbsp;<span style=\"color: #ffffff;\">.<\/span><\/p>\n\n\n\n<h3 class=\"has-text-align-center wp-block-heading\">HOMENAJE A MIGUEL HERN\u00c1NDEZ<\/h3>\n\n\n\n<p class=\"has-text-align-center\">Frescas yedras, Miguel, yedras del Norte<br>en este aniversario dolido.<br><span style=\"color: #ffffff;\">&nbsp;.<\/span><br>Humildes hojas verdes yo te ofrezco<br>que, al derrumbarse en tus cansados brazos,<br>lo har\u00e1n con humedades de oraci\u00f3n.<br>&nbsp;<span style=\"color: #ffffff;\">.<\/span><br>Yedras campestres en sencilla entrega,<br>con recuerdo emotivo y fervoroso<br>de mi lenguaje c\u00e1ntabro en tu m\u00e1rmol.<br><span style=\"color: #ffffff;\">&nbsp;.<\/span><br>H\u00fameda ofrenda a tu sangrante pecho,<br>a tu sana nobleza de hortelano<br>lleno de polvo, de semilla y pena.<br>&nbsp;<span style=\"color: #ffffff;\">.<\/span><br>Frescas yedras, Miguel, yedras del Norte:<br>de los montes que forman mi paisaje<br>con oloroso aliento a tierra y prado,<br>con caricias de bruma y de cellisca,<br>con rumores brav\u00edos de mi mar.<br>&nbsp;<span style=\"color: #ffffff;\">.<\/span><br>Yedras norte\u00f1as. Llanto es su roc\u00edo<br>porque ya no te encuentran,<br>s\u00f3lo escuchan el eco de tu voz.&nbsp;<span style=\"color: #ffffff;\">.<\/span><\/p>\n\n\n\n<h3 class=\"has-text-align-center wp-block-heading\">ELEG\u00cdA A MANUEL MOLINA<\/h3>\n\n\n\n<p class=\"has-text-align-center\">Te deb\u00eda este adi\u00f3s Manuel, hermano,<br>y aqu\u00ed, desde \u201cla Vila\u201d luminosa<br>que idealizaste con sentida glosa,<br>se conmueve el latido de mi mano<\/p>\n\n\n\n<p class=\"has-text-align-center\">para sumarse, en homenaje humano<br>de profunda emoci\u00f3n: fuerza amistosa<br>\u00edntima y sin consuelo, voz llorosa<br>sobre tu coraz\u00f3n fiel de oriolano.<br>&nbsp;<span style=\"color: #ffffff;\">.<\/span><br>Llegar\u00e1n hasta ti versos fraternos<br>que, con dolor de c\u00e1nticos eternos,<br>envolver\u00e1n tu cuerpo evanescente.<br>&nbsp;<span style=\"color: #ffffff;\">.<\/span><br>Estar\u00e1s con Miguel, all\u00e1 en la Altura,<br>abierto a la Verdad y a la Hermosura<br>del Amor&#8230; infinito y permanente.&nbsp;<span style=\"color: #ffffff;\">.<\/span><\/p>\n\n\n\n<h3 class=\"has-text-align-center wp-block-heading\">PUIG CAMPA\u00d1A<\/h3>\n\n\n\n<p class=\"has-text-align-center\">Puig campana, mamut en roca viva<br>con quietud de milenios;<br>siempre grandiosa y virgen,<br>sensiblemente amada bajo nieves<br>o brumas recostadas<br>en sus ondulaciones y perfiles.<br><span style=\"color: #ffffff;\">.&nbsp;<\/span><br>El aire se recrea entre sus grietas<br>profundas, donde duerme la nostalgia<br>de otros tiempos con duelo estremecido<br>sin principio ni fin.<br>&nbsp;<span style=\"color: #ffffff;\">.<\/span><br>Va cayendo sobre ella el fresco aliento<br>del salitre y del yodo<br>del mar que la contempla embelesado;<br>que perfuma su lomo penitente<br>en actitud de alzarse,<br>desde el pulso reseco de la tierra<br>hacia el amante abismo del misterio.<br>&nbsp;<span style=\"color: #ffffff;\">.<\/span><br>Pudo ser la Hermosura<br>quien esculpi\u00f3 su piedra envejecida,<br>sin prisa y sin olvido;<br>hasta el roce armonioso de las nubes<br>y el viento arrasador la dejan huellas<br>y perfilan su curva majestuosa.<span style=\"color: #ffffff;\">&nbsp;.<\/span><\/p>\n\n\n\n<h3 class=\"has-text-align-center wp-block-heading\">&nbsp;DESDE LA AUSENCIA<\/h3>\n\n\n\n<p class=\"has-text-align-center\">\u00a1Oh, tierra de Alicante!<br>Ronda de azules m\u00e1gicos sin duelo,<br>abanico de luz casta y radiante<br>ungida por el mar,<br>oro y cristales n\u00edtidos<br>has dejado en mi esp\u00edritu, entregado<br>a la dulce caricia de tus aguas,<br>al atractivo intenso -gracia infusa-<br>que acelerando el pulso de mi sangre<br>me ha llevado a admirar todo tu encanto<br>ondulante y divino.<br>&nbsp;<span style=\"color: #ffffff;\">.<\/span><br>Te percibo en mi piel, anticipada<br>a las \u00faltimas curvas que me acercan<br>al calor de tu nido<br>y a esa fuerza que emanas, que no cesa,<br>que me deslumbra casta y oferente<br>mientras contemplo el mar en tu regazo,<br>escuchando murmullo de palmeras<br>y oleaje tranquilo.<br><span style=\"color: #ffffff;\">&nbsp;.<\/span><br>A\u00fan sin verte, cercana a tus orillas,<br>olfateo tu brisa marinera,<br>donaci\u00f3n especial en la distancia<br>y tierra adentro,<br>entre ritual de sedas y turquesas<br>sustanciales y puras<br>compa\u00f1eras cada a\u00f1o de mi vida<br>en repetido aliento.<br>&nbsp;<span style=\"color: #ffffff;\">.<\/span><br>Clamando est\u00e1 mi esp\u00edritu por verte.<br>-mir\u00edfico tesoro-,<br>nuevamente tranquilo y conjugado,<br>venturosa de azules y de soles.<br>Y clamando mi ser, desde la ausencia,<br>con l\u00edricos ensue\u00f1os<br>hasta volver a amarte sin distancia.<\/p>\n\n\n\n<div class=\"wp-block-uagb-call-to-action uagb-cta__outer-wrap uagb-block-686c1ec9\"><div class=\"uagb-cta__content-wrap uagb-cta__block uagb-cta__icon-position-right uagb-cta__content-right uagb-cta__content-stacked-tablet uagb-cta__button-valign-middle \"><div class=\"uagb-cta__left-right-wrap\"><div class=\"uagb-cta__content\"><\/div><div class=\"uagb-cta__link-wrapper uagb-cta__block-link-style\"><div class=\"uagb-cta__button-wrapper\"><a href=\"#\" class=\"uagb-cta__button-link-wrapper uagb-cta__block-link uagb-cta-typeof-button\" target=\"_self\" rel=\"noopener noreferrer\"><span class=\"uagb-cta__link-content-inner\"><span>Inicio libro<\/span><\/span><\/a><\/div><\/div><\/div><\/div><\/div>\n","protected":false},"excerpt":{"rendered":"<p>Comentario del libro:&nbsp; &nbsp;La conexi\u00f3n que Matilde Camus y su esposo, tuvieron con un Grupo de Poetas y Escritores alicantinos, desde el a\u00f1o 1970 se prolong\u00f3 a lo largo de toda su vida. Mutua admiraci\u00f3n, colaboraci\u00f3n y entra\u00f1able amistad fu\u00e9 lo que uni\u00f3 al matrimonio con escritores como: Vicente Ramos, Manuel Molina, Rafael Azuar&#8230; Cada [&hellip;]<\/p>\n","protected":false},"author":1,"featured_media":0,"parent":0,"menu_order":0,"comment_status":"closed","ping_status":"open","template":"","meta":{"_uag_custom_page_level_css":"","_monsterinsights_skip_tracking":false,"_monsterinsights_sitenote_active":false,"_monsterinsights_sitenote_note":"","_monsterinsights_sitenote_category":0,"site-sidebar-layout":"no-sidebar","site-content-layout":"default","ast-site-content-layout":"default","site-content-style":"default","site-sidebar-style":"default","ast-global-header-display":"","ast-banner-title-visibility":"","ast-main-header-display":"","ast-hfb-above-header-display":"","ast-hfb-below-header-display":"","ast-hfb-mobile-header-display":"","site-post-title":"","ast-breadcrumbs-content":"","ast-featured-img":"","footer-sml-layout":"","ast-disable-related-posts":"","theme-transparent-header-meta":"default","adv-header-id-meta":"","stick-header-meta":"","header-above-stick-meta":"","header-main-stick-meta":"","header-below-stick-meta":"","astra-migrate-meta-layouts":"default","ast-page-background-enabled":"default","ast-page-background-meta":{"desktop":{"background-color":"","background-image":"","background-repeat":"repeat","background-position":"center center","background-size":"auto","background-attachment":"scroll","background-type":"","background-media":"","overlay-type":"","overlay-color":"","overlay-opacity":"","overlay-gradient":""},"tablet":{"background-color":"","background-image":"","background-repeat":"repeat","background-position":"center center","background-size":"auto","background-attachment":"scroll","background-type":"","background-media":"","overlay-type":"","overlay-color":"","overlay-opacity":"","overlay-gradient":""},"mobile":{"background-color":"","background-image":"","background-repeat":"repeat","background-position":"center center","background-size":"auto","background-attachment":"scroll","background-type":"","background-media":"","overlay-type":"","overlay-color":"","overlay-opacity":"","overlay-gradient":""}},"ast-content-background-meta":{"desktop":{"background-color":"var(--ast-global-color-5)","background-image":"","background-repeat":"repeat","background-position":"center center","background-size":"auto","background-attachment":"scroll","background-type":"","background-media":"","overlay-type":"","overlay-color":"","overlay-opacity":"","overlay-gradient":""},"tablet":{"background-color":"var(--ast-global-color-5)","background-image":"","background-repeat":"repeat","background-position":"center center","background-size":"auto","background-attachment":"scroll","background-type":"","background-media":"","overlay-type":"","overlay-color":"","overlay-opacity":"","overlay-gradient":""},"mobile":{"background-color":"var(--ast-global-color-5)","background-image":"","background-repeat":"repeat","background-position":"center center","background-size":"auto","background-attachment":"scroll","background-type":"","background-media":"","overlay-type":"","overlay-color":"","overlay-opacity":"","overlay-gradient":""}},"footnotes":""},"class_list":["post-361","page","type-page","status-publish","hentry"],"uagb_featured_image_src":{"full":false,"thumbnail":false,"medium":false,"medium_large":false,"large":false,"1536x1536":false,"2048x2048":false},"uagb_author_info":{"display_name":"Matilde","author_link":"https:\/\/www.matildecamus.com\/?author=1"},"uagb_comment_info":0,"uagb_excerpt":"Comentario del libro:&nbsp; &nbsp;La conexi\u00f3n que Matilde Camus y su esposo, tuvieron con un Grupo de Poetas y Escritores alicantinos, desde el a\u00f1o 1970 se prolong\u00f3 a lo largo de toda su vida. Mutua admiraci\u00f3n, colaboraci\u00f3n y entra\u00f1able amistad fu\u00e9 lo que uni\u00f3 al matrimonio con escritores como: Vicente Ramos, Manuel Molina, Rafael Azuar&#8230; Cada&hellip;","_links":{"self":[{"href":"https:\/\/www.matildecamus.com\/index.php?rest_route=\/wp\/v2\/pages\/361","targetHints":{"allow":["GET"]}}],"collection":[{"href":"https:\/\/www.matildecamus.com\/index.php?rest_route=\/wp\/v2\/pages"}],"about":[{"href":"https:\/\/www.matildecamus.com\/index.php?rest_route=\/wp\/v2\/types\/page"}],"author":[{"embeddable":true,"href":"https:\/\/www.matildecamus.com\/index.php?rest_route=\/wp\/v2\/users\/1"}],"replies":[{"embeddable":true,"href":"https:\/\/www.matildecamus.com\/index.php?rest_route=%2Fwp%2Fv2%2Fcomments&post=361"}],"version-history":[{"count":17,"href":"https:\/\/www.matildecamus.com\/index.php?rest_route=\/wp\/v2\/pages\/361\/revisions"}],"predecessor-version":[{"id":3986,"href":"https:\/\/www.matildecamus.com\/index.php?rest_route=\/wp\/v2\/pages\/361\/revisions\/3986"}],"wp:attachment":[{"href":"https:\/\/www.matildecamus.com\/index.php?rest_route=%2Fwp%2Fv2%2Fmedia&parent=361"}],"curies":[{"name":"wp","href":"https:\/\/api.w.org\/{rel}","templated":true}]}}