{"id":2807,"date":"2021-01-17T18:21:06","date_gmt":"2021-01-17T18:21:06","guid":{"rendered":"http:\/\/www.matildecamus.com\/?page_id=2807"},"modified":"2021-02-16T19:36:29","modified_gmt":"2021-02-16T19:36:29","slug":"vivir-amar-sentir-antologia-centenario-2020","status":"publish","type":"page","link":"https:\/\/www.matildecamus.com\/?page_id=2807","title":{"rendered":"VIVIR&#8230;AMAR&#8230;SENTIR (Antolog\u00eda Centenario 2020)"},"content":{"rendered":"\n<p class=\"has-medium-font-size\"><h2>VIVIR\u2026AMAR\u2026SENTIR (Antolog\u00eda Centenario 2020)<\/h2><\/p>\n\n\n\n<section class=\"wp-block-uagb-columns uagb-columns__wrap uagb-columns__background-undefined uagb-columns__stack-mobile uagb-columns__valign-undefined uagb-columns__gap-10 alignundefined uagb-block-394df9c2\"><div class=\"uagb-columns__overlay\"><\/div><div class=\"uagb-columns__inner-wrap uagb-columns__columns-2\">\n<div class=\"wp-block-uagb-column uagb-column__wrap uagb-column__background-undefined uagb-block-34d1365a\"><div class=\"uagb-column__overlay\"><\/div><div class=\"uagb-column__inner-wrap\">\n<figure class=\"wp-block-image is-resized size-large\"><a href=\"http:\/\/www.matildecamus.com\/wp-content\/uploads\/2021\/01\/Antologia-Centenario-scaled.jpg\"><img loading=\"lazy\" decoding=\"async\" src=\"http:\/\/www.matildecamus.com\/wp-content\/uploads\/2021\/01\/Antologia-Centenario-723x1024.jpg\" alt=\"\" class=\"wp-image-2103\" width=\"250\" height=\"354\" srcset=\"https:\/\/www.matildecamus.com\/wp-content\/uploads\/2021\/01\/Antologia-Centenario-723x1024.jpg 723w, https:\/\/www.matildecamus.com\/wp-content\/uploads\/2021\/01\/Antologia-Centenario-212x300.jpg 212w, https:\/\/www.matildecamus.com\/wp-content\/uploads\/2021\/01\/Antologia-Centenario-768x1087.jpg 768w, https:\/\/www.matildecamus.com\/wp-content\/uploads\/2021\/01\/Antologia-Centenario-1085x1536.jpg 1085w, https:\/\/www.matildecamus.com\/wp-content\/uploads\/2021\/01\/Antologia-Centenario-1447x2048.jpg 1447w, https:\/\/www.matildecamus.com\/wp-content\/uploads\/2021\/01\/Antologia-Centenario-scaled.jpg 1809w\" sizes=\"auto, (max-width: 250px) 100vw, 250px\" \/><\/a><\/figure>\n\n\n\n<p class=\"has-text-align-left has-text-align-center\"><a class=\"wp-block-file__button\" href=\"http:\/\/www.matildecamus.com\/wp-content\/uploads\/2021\/01\/8-339-libro-matilde-camus-v2.pdf\" download=\"\">Descarga<\/a><\/p>\n<\/div><\/div>\n\n\n\n<div class=\"wp-block-uagb-column uagb-column__wrap uagb-column__background-undefined uagb-block-44048d59\"><div class=\"uagb-column__overlay\"><\/div><div class=\"uagb-column__inner-wrap\">\n<h5 class=\"wp-block-heading\">Comentario del libro:<\/h5>\n\n\n\n<p>El a\u00f1o 2019 se celebra el Centenario del nacimiento de Matilde Camus, con este motivo se celebran una serie de Recitales -Homenaje en diversos Centros Culturales de Santander ciudad y Cantabria Monte.<\/p>\n\n\n\n<p>Y el Gobierno de Cantabria edita esta nueva Antolog\u00eda en clave biogr\u00e1fica, con una selecci\u00f3n de poemas que dicen del crecimiento personal y c\u00f3mo poeta de Matilde. <\/p>\n\n\n\n<p>Se elige como portada un cuadro de Matilde Camus, del que se sent\u00eda m\u00e1s orgullosa y que ya hab\u00eda utilizado como portada en dos de sus libros: RAIZ DEL RECUERDO (1984) y Vivir&#8230;So\u00f1ar&#8230;Sentir&#8230; (2005) . <\/p>\n<\/div><\/div>\n<\/div><\/section>\n\n\n<p>Tiene dos pr\u00f3logos: el Manuscrito de Gerardo Diego y un Prologo Po\u00e9tico en el que Matilde intenta expresar lo que para ella es la Poes\u00eda. Est\u00e1 dividido en VII cap\u00edtulos: De mi vida. De mi amor en incremento. De mis amores. De mi tierra y mi mar. De mis ideales y mis luchas. De mis referentes. De nuestra muerte .<\/p>\n<p>Termina con un Ep\u00edlogo po\u00e9tico, en forma de 8 sonetos, que es como un testamento de la poeta.<\/p>\n<p>El libro contiene una serie de fotograf\u00edas personales. Selecci\u00f3n de poemas, Introducci\u00f3n y Breve Biograf\u00eda, obra de su hija Matilde Guis\u00e1ndez.<\/p>\n<p>\u00a0<\/p>\n<h3 style=\"text-align: center;\">PR\u00d3LOGO PO\u00c9TICO<\/h3>\n<p><!-- \/wp:post-content --><\/p>\n<p><!-- wp:paragraph {\"align\":\"center\"} --><\/p>\n<p class=\"has-text-align-center\">Poes\u00eda es la grandeza<br \/>de las palabras al viento;<br \/>s\u00edmbolo que, con dulzura,<br \/>besa al aire en suave arpegio.<br \/>Clamor, ante el mar brav\u00edo<br \/>y sobre los montes recios;<br \/>vida sumando quimeras,<br \/>dicha, amor, temores, \u00a1cielo!<br \/>Sue\u00f1o que descubre un mundo<br \/>hermoso, noble en su verbo.<\/p>\n<p><!-- \/wp:paragraph --><\/p>\n<p><!-- wp:paragraph {\"align\":\"center\"} --><\/p>\n<p class=\"has-text-align-center\">Poes\u00eda es sutileza,<br \/>es gemido y es lamento;<br \/>dulzura en aguas tranquilas,<br \/>ave que transita en vuelo,<br \/>coraz\u00f3n que se desangra<br \/>de tanto sufrir; tormento<br \/>sobre la tierra y el barro,<br \/>hasta convertirse en fuego<br \/>entronizado en el alma,<br \/>expresando sentimientos\u2026<\/p>\n<p><!-- \/wp:paragraph --><\/p>\n<p><!-- wp:paragraph {\"align\":\"center\"} --><\/p>\n<p class=\"has-text-align-center\">Poes\u00eda es la pasi\u00f3n<br \/>que embellece los anhelos;<br \/>es mente y es coraz\u00f3n<br \/>en \u00edntimo y fiel concierto.<\/p>\n<p><!-- \/wp:paragraph --><\/p>\n<p><!-- wp:paragraph {\"align\":\"center\"} --><\/p>\n<p class=\"has-text-align-center\">Voz que se alborota o calma<br \/>por estelares desiertos\u2026<br \/>Es enigma o es vor\u00e1gine<br \/>de esp\u00edritu en incremento,<br \/>poblador de mar de espumas<br \/>orquestales, desde dentro.<\/p>\n<p><!-- \/wp:paragraph --><\/p>\n<p><!-- wp:paragraph {\"align\":\"center\"} --><\/p>\n<p class=\"has-text-align-center\">Poes\u00eda es el prodigio<br \/>del alma fuera del cuerpo;<br \/>es despertar en la noche<br \/>irradiando amor y fuego.<br \/>Es rel\u00e1mpago que brilla<br \/>con viva luz, en silencio\u2026<br \/>Que por nacer del esp\u00edritu<br \/>se desgrana y hace verso.<br \/>Es verbo que se enardece<br \/>sin haber para ello freno.<\/p>\n<p><!-- \/wp:paragraph --><\/p>\n<p><!-- wp:paragraph {\"align\":\"center\"} --><\/p>\n<p class=\"has-text-align-center\">Poes\u00eda es abstracci\u00f3n<br \/>del poeta que, por dentro,<br \/>ve un cielo pleno de amor<br \/>y le hace so\u00f1ar despierto\u2026<br \/>Es galerna desatada,<br \/>bramando: duro tormento<br \/>que golpeando sus sienes<br \/>le hace sufrir un infierno;<br \/>m\u00e1s, si va envuelta en plegaria<br \/>le eleva hasta el firmamento.<br \/><em> Prisma de emociones 2000<\/em><\/p>\n<p><!-- \/wp:paragraph --><\/p>\n<p><!-- wp:paragraph --><\/p>\n<p><!-- \/wp:paragraph --><\/p>\n<p><!-- wp:paragraph {\"align\":\"center\",\"fontSize\":\"medium\"} --><\/p>\n<h3 style=\"text-align: center;\">TIEMPO SIN OCASO<\/h3>\n<p><!-- \/wp:paragraph --><\/p>\n<p><!-- wp:paragraph {\"align\":\"center\"} --><\/p>\n<p class=\"has-text-align-center\">Estar\u00e9 como siempre a tu costado<br \/>aunque ya no genere ni un latido,<br \/>ni pueda producir alg\u00fan sonido<br \/>pues mi vida terrena habr\u00e1 pasado.<\/p>\n<p><!-- \/wp:paragraph --><\/p>\n<p><!-- wp:paragraph {\"align\":\"center\"} --><\/p>\n<p class=\"has-text-align-center\">Buscar\u00e9 tu calor enamorado,<br \/>te besar\u00e9 en la boca ya dormido,<br \/>ser\u00e1s dichoso por ser tan querido<br \/>y porque has sido el hombre m\u00e1s amado.<\/p>\n<p><!-- \/wp:paragraph --><\/p>\n<p><!-- wp:paragraph {\"align\":\"center\"} --><\/p>\n<p class=\"has-text-align-center\">\u00bfSo\u00f1ar\u00e1s\u2026? Vivir\u00e1s el alborozo<br \/>hasta el encuentro vertical del gozo<br \/>donde seremos tiempo sin ocaso.<\/p>\n<p><!-- \/wp:paragraph --><\/p>\n<p><!-- wp:paragraph {\"align\":\"center\"} --><\/p>\n<p class=\"has-text-align-center\">Eternamente unidos, en la Altura<br \/>ser\u00e1 mayor nuestra com\u00fan blancura,<br \/>cogidos de la mano y paso a paso.<br \/><em>Corcel en el tiempo 1977<\/em><\/p>\n<p><!-- \/wp:paragraph --><\/p>\n<p><!-- wp:paragraph {\"align\":\"center\",\"fontSize\":\"medium\"} --><\/p>\n<h3 style=\"text-align: center;\">CADA D\u00cdA DE VIDA<\/h3>\n<p><!-- \/wp:paragraph --><\/p>\n<p><!-- wp:paragraph {\"align\":\"center\"} --><\/p>\n<p class=\"has-text-align-center\">Cada d\u00eda de vida es un milagro<br \/>de sentimientos nuevos,<br \/>al poder descubrir, con precisi\u00f3n<br \/>intacta, la hermosura<br \/>de seguir en el tiempo.<\/p>\n<p><!-- \/wp:paragraph --><\/p>\n<p><!-- wp:paragraph {\"align\":\"center\"} --><\/p>\n<p class=\"has-text-align-center\">Todo contacto diario, sin aristas,<br \/>me conmueve, me impulsa al equilibrio<br \/>de comuni\u00f3n perfecta.<br \/>Tan solo cambiar\u00eda esos instantes<br \/>por ser antorcha c\u00e9lica, sin p\u00e9rdida<br \/>de luz, con fuerza estable<br \/>m\u00e1s all\u00e1 de la muerte de mi cuerpo.<\/p>\n<p><!-- \/wp:paragraph --><\/p>\n<p><!-- wp:paragraph {\"align\":\"center\"} --><\/p>\n<p class=\"has-text-align-center\">Sin embargo me duele la iron\u00eda,<br \/>la ingratitud, la gama de ego\u00edsmo<br \/>que nos cerca y destruye,<br \/>al recorrer los cauces de la sangre<br \/>con fr\u00eda indiferencia.<\/p>\n<p><!-- \/wp:paragraph --><\/p>\n<p><!-- wp:paragraph {\"align\":\"center\"} --><\/p>\n<p class=\"has-text-align-center\">Las ausencias amadas y entra\u00f1ables<br \/>que frustran los deseos que so\u00f1amos.<br \/>Las que, de pronto, vienen a la mente;<br \/>sufrimos por su olvido<br \/>y se nos quiebra el alma.<br \/><em> El color de mi cristal 1990<\/em><\/p>\n<p><!-- \/wp:paragraph --><\/p>\n<p><!-- wp:paragraph {\"align\":\"center\",\"fontSize\":\"medium\"} --><\/p>\n<h3 style=\"text-align: center;\">ALGUNA VEZ<\/h3>\n<p><!-- \/wp:paragraph --><\/p>\n<p><!-- wp:paragraph {\"align\":\"center\"} --><\/p>\n<p class=\"has-text-align-center\">Alguna vez ser\u00e9 sombra imprecisa<br \/>para tu pensamiento.<br \/>Hoy me dices que no, porque me tienes<br \/>con la viva presencia de mi fuego.<\/p>\n<p><!-- \/wp:paragraph --><\/p>\n<p><!-- wp:paragraph {\"align\":\"center\"} --><\/p>\n<p class=\"has-text-align-center\">Alguna vez ser\u00e9 rosa marchita<br \/>doblada por el viento.<br \/>Ahora soy tu rosal, voy perfumando<br \/>tus labios ardorosos con mis besos.<\/p>\n<p><!-- \/wp:paragraph --><\/p>\n<p><!-- wp:paragraph {\"align\":\"center\"} --><\/p>\n<p class=\"has-text-align-center\">Alguna vez ser\u00e9 ra\u00edz est\u00e9ril.<br \/>Se acabar\u00e1 mi tiempo.<br \/>Entre tanto, deseo ser la suma<br \/>de contornos que gocen tus momentos.<br \/><em> Corcel en el tiempo 1977<\/em><\/p>\n<p><!-- \/wp:paragraph --><\/p>\n<p><!-- wp:paragraph {\"align\":\"center\",\"fontSize\":\"medium\"} --><\/p>\n<h3 style=\"text-align: center;\">CUANDO PENS\u00c9IS EN M\u00cd<\/h3>\n<p><!-- \/wp:paragraph --><\/p>\n<p><!-- wp:paragraph {\"align\":\"center\"} --><\/p>\n<p class=\"has-text-align-center\">Cuando pens\u00e9is en m\u00ed<br \/>recordad solo afanes y cuidados.<br \/>Vuestra bondad ser\u00e1<br \/>el mejor homenaje para mi alma.<\/p>\n<p><!-- \/wp:paragraph --><\/p>\n<p><!-- wp:paragraph {\"align\":\"center\"} --><\/p>\n<p class=\"has-text-align-center\">Cuando pens\u00e9is en m\u00ed<br \/>perdonad, generosos, mis errores.<br \/>Nunca dej\u00e9 de amaros<br \/>porque fuisteis la esencia de m\u00ed misma.<\/p>\n<p><!-- \/wp:paragraph --><\/p>\n<p><!-- wp:paragraph {\"align\":\"center\"} --><\/p>\n<p class=\"has-text-align-center\">Cuando pens\u00e9is en m\u00ed<br \/>sonre\u00edd y rezad al mismo tiempo.<br \/>Vuestra dicha ser\u00e1<br \/>el calor que me abrace en la distancia<br \/><em> Ra\u00edz del Recuerdo 1984<\/em><\/p>\n<p><!-- \/wp:paragraph --><\/p>\n<p><!-- wp:paragraph --><\/p>\n<p><!-- \/wp:paragraph --><\/p>\n<p><!-- wp:paragraph --><\/p>\n<p><!-- \/wp:paragraph --><\/p>\n<p><!-- wp:paragraph --><\/p>\n<p><!-- \/wp:paragraph --><br \/><!-- \/wp:uagb\/column --><br \/><!-- \/wp:uagb\/columns --><\/p>\n<p><!-- wp:uagb\/call-to-action {\"classMigrate\":true,\"block_id\":\"f0d01a3e\",\"ctaText\":\"Volver al topo\"} --><\/p>\n<div class=\"wp-block-uagb-call-to-action uagb-cta__outer-wrap uagb-block-f0d01a3e\">\n<div class=\"uagb-cta__content-wrap uagb-cta__block uagb-cta__icon-position-right uagb-cta__content-right uagb-cta__content-stacked-tablet uagb-cta__button-valign-middle \">\n<div class=\"uagb-cta__left-right-wrap\">\n<div class=\"uagb-cta__content\">\u00a0<\/div>\n<div class=\"uagb-cta__link-wrapper uagb-cta__block-link-style\">\n<div class=\"uagb-cta__button-wrapper\"><a class=\"uagb-cta__button-link-wrapper uagb-cta__block-link uagb-cta-typeof-button\" href=\"#\" target=\"_self\" rel=\"noopener noreferrer\"><span class=\"uagb-cta__link-content-inner\">Inicio libro<\/span><\/a><\/div>\n<\/div>\n<\/div>\n<\/div>\n<\/div>\n<p><!-- \/wp:uagb\/call-to-action --><\/p>","protected":false},"excerpt":{"rendered":"<p>VIVIR\u2026AMAR\u2026SENTIR (Antolog\u00eda Centenario 2020) Descarga Comentario del libro: El a\u00f1o 2019 se celebra el Centenario del nacimiento de Matilde Camus, con este motivo se celebran una serie de Recitales -Homenaje en diversos Centros Culturales de Santander ciudad y Cantabria Monte. Y el Gobierno de Cantabria edita esta nueva Antolog\u00eda en clave biogr\u00e1fica, con una selecci\u00f3n [&hellip;]<\/p>\n","protected":false},"author":1,"featured_media":0,"parent":0,"menu_order":0,"comment_status":"closed","ping_status":"closed","template":"","meta":{"_uag_custom_page_level_css":"","_monsterinsights_skip_tracking":false,"_monsterinsights_sitenote_active":false,"_monsterinsights_sitenote_note":"","_monsterinsights_sitenote_category":0,"site-sidebar-layout":"no-sidebar","site-content-layout":"default","ast-site-content-layout":"default","site-content-style":"default","site-sidebar-style":"default","ast-global-header-display":"","ast-banner-title-visibility":"","ast-main-header-display":"","ast-hfb-above-header-display":"","ast-hfb-below-header-display":"","ast-hfb-mobile-header-display":"","site-post-title":"disabled","ast-breadcrumbs-content":"","ast-featured-img":"","footer-sml-layout":"","ast-disable-related-posts":"","theme-transparent-header-meta":"default","adv-header-id-meta":"","stick-header-meta":"","header-above-stick-meta":"","header-main-stick-meta":"","header-below-stick-meta":"","astra-migrate-meta-layouts":"default","ast-page-background-enabled":"default","ast-page-background-meta":{"desktop":{"background-color":"","background-image":"","background-repeat":"repeat","background-position":"center center","background-size":"auto","background-attachment":"scroll","background-type":"","background-media":"","overlay-type":"","overlay-color":"","overlay-opacity":"","overlay-gradient":""},"tablet":{"background-color":"","background-image":"","background-repeat":"repeat","background-position":"center center","background-size":"auto","background-attachment":"scroll","background-type":"","background-media":"","overlay-type":"","overlay-color":"","overlay-opacity":"","overlay-gradient":""},"mobile":{"background-color":"","background-image":"","background-repeat":"repeat","background-position":"center center","background-size":"auto","background-attachment":"scroll","background-type":"","background-media":"","overlay-type":"","overlay-color":"","overlay-opacity":"","overlay-gradient":""}},"ast-content-background-meta":{"desktop":{"background-color":"var(--ast-global-color-5)","background-image":"","background-repeat":"repeat","background-position":"center center","background-size":"auto","background-attachment":"scroll","background-type":"","background-media":"","overlay-type":"","overlay-color":"","overlay-opacity":"","overlay-gradient":""},"tablet":{"background-color":"var(--ast-global-color-5)","background-image":"","background-repeat":"repeat","background-position":"center center","background-size":"auto","background-attachment":"scroll","background-type":"","background-media":"","overlay-type":"","overlay-color":"","overlay-opacity":"","overlay-gradient":""},"mobile":{"background-color":"var(--ast-global-color-5)","background-image":"","background-repeat":"repeat","background-position":"center center","background-size":"auto","background-attachment":"scroll","background-type":"","background-media":"","overlay-type":"","overlay-color":"","overlay-opacity":"","overlay-gradient":""}},"footnotes":""},"class_list":["post-2807","page","type-page","status-publish","hentry"],"uagb_featured_image_src":{"full":false,"thumbnail":false,"medium":false,"medium_large":false,"large":false,"1536x1536":false,"2048x2048":false},"uagb_author_info":{"display_name":"Matilde","author_link":"https:\/\/www.matildecamus.com\/?author=1"},"uagb_comment_info":0,"uagb_excerpt":"VIVIR\u2026AMAR\u2026SENTIR (Antolog\u00eda Centenario 2020) Descarga Comentario del libro: El a\u00f1o 2019 se celebra el Centenario del nacimiento de Matilde Camus, con este motivo se celebran una serie de Recitales -Homenaje en diversos Centros Culturales de Santander ciudad y Cantabria Monte. Y el Gobierno de Cantabria edita esta nueva Antolog\u00eda en clave biogr\u00e1fica, con una selecci\u00f3n&hellip;","_links":{"self":[{"href":"https:\/\/www.matildecamus.com\/index.php?rest_route=\/wp\/v2\/pages\/2807","targetHints":{"allow":["GET"]}}],"collection":[{"href":"https:\/\/www.matildecamus.com\/index.php?rest_route=\/wp\/v2\/pages"}],"about":[{"href":"https:\/\/www.matildecamus.com\/index.php?rest_route=\/wp\/v2\/types\/page"}],"author":[{"embeddable":true,"href":"https:\/\/www.matildecamus.com\/index.php?rest_route=\/wp\/v2\/users\/1"}],"replies":[{"embeddable":true,"href":"https:\/\/www.matildecamus.com\/index.php?rest_route=%2Fwp%2Fv2%2Fcomments&post=2807"}],"version-history":[{"count":25,"href":"https:\/\/www.matildecamus.com\/index.php?rest_route=\/wp\/v2\/pages\/2807\/revisions"}],"predecessor-version":[{"id":4671,"href":"https:\/\/www.matildecamus.com\/index.php?rest_route=\/wp\/v2\/pages\/2807\/revisions\/4671"}],"wp:attachment":[{"href":"https:\/\/www.matildecamus.com\/index.php?rest_route=%2Fwp%2Fv2%2Fmedia&parent=2807"}],"curies":[{"name":"wp","href":"https:\/\/api.w.org\/{rel}","templated":true}]}}