{"id":2304,"date":"2021-01-14T10:06:30","date_gmt":"2021-01-14T10:06:30","guid":{"rendered":"http:\/\/www.matildecamus.com\/?page_id=2304"},"modified":"2023-11-15T21:50:52","modified_gmt":"2023-11-15T21:50:52","slug":"fotos-personales","status":"publish","type":"page","link":"https:\/\/www.matildecamus.com\/?page_id=2304","title":{"rendered":"Fotos Personales"},"content":{"rendered":"\n<section class=\"wp-block-uagb-columns uagb-columns__wrap uagb-columns__background-none uagb-columns__stack-mobile uagb-columns__valign- uagb-columns__gap-10 align uagb-block-d4f71751 uagb-columns__columns-2 uagb-columns__max_width-theme\"><div class=\"uagb-columns__overlay\"><\/div><div class=\"uagb-columns__inner-wrap uagb-columns__columns-2\">\n<div class=\"wp-block-uagb-column uagb-column__wrap uagb-column__background-undefined uagb-block-87c54e3f\"><div class=\"uagb-column__overlay\"><\/div>\n<figure class=\"wp-block-image size-large is-resized\"><a href=\"http:\/\/www.matildecamus.com\/wp-content\/uploads\/2021\/01\/Padres-Matilde-Camus.jpeg-scaled.jpg\"><img loading=\"lazy\" decoding=\"async\" width=\"609\" height=\"1024\" src=\"http:\/\/www.matildecamus.com\/wp-content\/uploads\/2021\/01\/Padres-Matilde-Camus.jpeg-609x1024.jpg\" alt=\"\" class=\"wp-image-2341\" style=\"width:257px;height:432px\" srcset=\"https:\/\/www.matildecamus.com\/wp-content\/uploads\/2021\/01\/Padres-Matilde-Camus.jpeg-609x1024.jpg 609w, https:\/\/www.matildecamus.com\/wp-content\/uploads\/2021\/01\/Padres-Matilde-Camus.jpeg-179x300.jpg 179w, https:\/\/www.matildecamus.com\/wp-content\/uploads\/2021\/01\/Padres-Matilde-Camus.jpeg-768x1291.jpg 768w, https:\/\/www.matildecamus.com\/wp-content\/uploads\/2021\/01\/Padres-Matilde-Camus.jpeg-914x1536.jpg 914w, https:\/\/www.matildecamus.com\/wp-content\/uploads\/2021\/01\/Padres-Matilde-Camus.jpeg-1219x2048.jpg 1219w, https:\/\/www.matildecamus.com\/wp-content\/uploads\/2021\/01\/Padres-Matilde-Camus.jpeg-scaled.jpg 1523w\" sizes=\"auto, (max-width: 609px) 100vw, 609px\" \/><\/a><figcaption class=\"wp-element-caption\">Matilde Camus del Villar y Francisco Jos\u00e9 G\u00f3mez Landeras.<br>Padres de Matilde Camus<\/figcaption><\/figure>\n<\/div>\n\n\n\n<div class=\"wp-block-uagb-column uagb-column__wrap uagb-column__background-undefined uagb-block-ff2768c2\"><div class=\"uagb-column__overlay\"><\/div>\n<figure class=\"wp-block-image size-large is-resized\"><a href=\"http:\/\/www.matildecamus.com\/wp-content\/uploads\/2021\/01\/Con-la-persona-que-la-cuido.-1.jpg\"><img loading=\"lazy\" decoding=\"async\" width=\"639\" height=\"1024\" src=\"http:\/\/www.matildecamus.com\/wp-content\/uploads\/2021\/01\/Con-la-persona-que-la-cuido.-1-639x1024.jpg\" alt=\"\" class=\"wp-image-2338\" style=\"width:271px;height:432px\" srcset=\"https:\/\/www.matildecamus.com\/wp-content\/uploads\/2021\/01\/Con-la-persona-que-la-cuido.-1-639x1024.jpg 639w, https:\/\/www.matildecamus.com\/wp-content\/uploads\/2021\/01\/Con-la-persona-que-la-cuido.-1-187x300.jpg 187w, https:\/\/www.matildecamus.com\/wp-content\/uploads\/2021\/01\/Con-la-persona-que-la-cuido.-1-768x1231.jpg 768w, https:\/\/www.matildecamus.com\/wp-content\/uploads\/2021\/01\/Con-la-persona-que-la-cuido.-1-958x1536.jpg 958w, https:\/\/www.matildecamus.com\/wp-content\/uploads\/2021\/01\/Con-la-persona-que-la-cuido.-1-1278x2048.jpg 1278w, https:\/\/www.matildecamus.com\/wp-content\/uploads\/2021\/01\/Con-la-persona-que-la-cuido.-1.jpg 1456w\" sizes=\"auto, (max-width: 639px) 100vw, 639px\" \/><\/a><figcaption class=\"wp-element-caption\">Do\u00f1a Alfonsa Molinero Orquedique,  ama de llaves que la cuid\u00f3 a la muerte de su madre y a la que llam\u00f3 mam\u00e1.<\/figcaption><\/figure>\n<\/div>\n<\/div><\/section>\n\n\n\n<div style=\"height:100px\" aria-hidden=\"true\" class=\"wp-block-spacer\"><\/div>\n\n\n\n<div class=\"wp-block-columns is-layout-flex wp-container-core-columns-is-layout-28f84493 wp-block-columns-is-layout-flex\">\n<div class=\"wp-block-column is-layout-flow wp-block-column-is-layout-flow\">\n<figure class=\"wp-block-image size-large is-resized\"><a href=\"http:\/\/www.matildecamus.com\/wp-content\/uploads\/2021\/01\/Genaro-Camus-Bolado-y-Matilde-Villar-Munos-scaled.jpg\"><img loading=\"lazy\" decoding=\"async\" width=\"642\" height=\"1024\" src=\"http:\/\/www.matildecamus.com\/wp-content\/uploads\/2021\/01\/Genaro-Camus-Bolado-y-Matilde-Villar-Munos-642x1024.jpg\" alt=\"\" class=\"wp-image-2821\" style=\"width:295px;height:470px\" srcset=\"https:\/\/www.matildecamus.com\/wp-content\/uploads\/2021\/01\/Genaro-Camus-Bolado-y-Matilde-Villar-Munos-642x1024.jpg 642w, https:\/\/www.matildecamus.com\/wp-content\/uploads\/2021\/01\/Genaro-Camus-Bolado-y-Matilde-Villar-Munos-188x300.jpg 188w, https:\/\/www.matildecamus.com\/wp-content\/uploads\/2021\/01\/Genaro-Camus-Bolado-y-Matilde-Villar-Munos-768x1225.jpg 768w, https:\/\/www.matildecamus.com\/wp-content\/uploads\/2021\/01\/Genaro-Camus-Bolado-y-Matilde-Villar-Munos-963x1536.jpg 963w, https:\/\/www.matildecamus.com\/wp-content\/uploads\/2021\/01\/Genaro-Camus-Bolado-y-Matilde-Villar-Munos-1284x2048.jpg 1284w, https:\/\/www.matildecamus.com\/wp-content\/uploads\/2021\/01\/Genaro-Camus-Bolado-y-Matilde-Villar-Munos-scaled.jpg 1605w\" sizes=\"auto, (max-width: 642px) 100vw, 642px\" \/><\/a><figcaption class=\"wp-element-caption\">Genaro Camus Bolado y Matilde Villar Mu\u00f1oz Abuelos maternos de Matilde Camus, de Cueto. Muertos prematuramente.<\/figcaption><\/figure>\n<\/div>\n\n\n\n<div class=\"wp-block-column is-layout-flow wp-block-column-is-layout-flow\">\n<figure class=\"wp-block-image size-large is-resized\"><a href=\"http:\/\/www.matildecamus.com\/wp-content\/uploads\/2021\/01\/Abuela-Ramona-Landeras-de-Toca.jpg\"><img loading=\"lazy\" decoding=\"async\" width=\"668\" height=\"1024\" src=\"http:\/\/www.matildecamus.com\/wp-content\/uploads\/2021\/01\/Abuela-Ramona-Landeras-de-Toca-668x1024.jpg\" alt=\"\" class=\"wp-image-2820\" style=\"width:287px;height:439px\" srcset=\"https:\/\/www.matildecamus.com\/wp-content\/uploads\/2021\/01\/Abuela-Ramona-Landeras-de-Toca-668x1024.jpg 668w, https:\/\/www.matildecamus.com\/wp-content\/uploads\/2021\/01\/Abuela-Ramona-Landeras-de-Toca-196x300.jpg 196w, https:\/\/www.matildecamus.com\/wp-content\/uploads\/2021\/01\/Abuela-Ramona-Landeras-de-Toca-768x1177.jpg 768w, https:\/\/www.matildecamus.com\/wp-content\/uploads\/2021\/01\/Abuela-Ramona-Landeras-de-Toca-1002x1536.jpg 1002w, https:\/\/www.matildecamus.com\/wp-content\/uploads\/2021\/01\/Abuela-Ramona-Landeras-de-Toca.jpg 1298w\" sizes=\"auto, (max-width: 668px) 100vw, 668px\" \/><\/a><figcaption class=\"wp-element-caption\">Ramona Landeras de Toca. Abuela paterna de Matilde Camus, de Monte. La \u00fanica abuela a la que conoci\u00f3, muri\u00f3 cuando Matilde ten\u00eda 9 a\u00f1os.<\/figcaption><\/figure>\n<\/div>\n<\/div>\n\n\n\n<section class=\"wp-block-uagb-columns uagb-columns__wrap uagb-columns__background-none uagb-columns__stack-mobile uagb-columns__valign- uagb-columns__gap-10 align uagb-block-7dd0a710 uagb-columns__columns-2 uagb-columns__max_width-theme\"><div class=\"uagb-columns__overlay\"><\/div><div class=\"uagb-columns__inner-wrap uagb-columns__columns-2\">\n<div class=\"wp-block-uagb-column uagb-column__wrap uagb-column__background-undefined uagb-block-04ba1502\"><div class=\"uagb-column__overlay\"><\/div>\n<figure class=\"wp-block-image size-large is-resized\"><a href=\"https:\/\/www.matildecamus.com\/wp-content\/uploads\/2023\/11\/foto-a-los-dos-anos-scaled.jpg\"><img loading=\"lazy\" decoding=\"async\" width=\"717\" height=\"1024\" src=\"https:\/\/www.matildecamus.com\/wp-content\/uploads\/2023\/11\/foto-a-los-dos-anos-717x1024.jpg\" alt=\"\" class=\"wp-image-4640\" style=\"aspect-ratio:0.5607287449392713;width:306px;height:auto\" srcset=\"https:\/\/www.matildecamus.com\/wp-content\/uploads\/2023\/11\/foto-a-los-dos-anos-717x1024.jpg 717w, https:\/\/www.matildecamus.com\/wp-content\/uploads\/2023\/11\/foto-a-los-dos-anos-210x300.jpg 210w, https:\/\/www.matildecamus.com\/wp-content\/uploads\/2023\/11\/foto-a-los-dos-anos-768x1097.jpg 768w, https:\/\/www.matildecamus.com\/wp-content\/uploads\/2023\/11\/foto-a-los-dos-anos-1076x1536.jpg 1076w, https:\/\/www.matildecamus.com\/wp-content\/uploads\/2023\/11\/foto-a-los-dos-anos-1434x2048.jpg 1434w, https:\/\/www.matildecamus.com\/wp-content\/uploads\/2023\/11\/foto-a-los-dos-anos-scaled.jpg 1793w\" sizes=\"auto, (max-width: 717px) 100vw, 717px\" \/><\/a><figcaption class=\"wp-element-caption\">A los 3 a\u00f1os<\/figcaption><\/figure>\n<\/div>\n\n\n\n<div class=\"wp-block-uagb-column uagb-column__wrap uagb-column__background-undefined uagb-block-45a0287d\"><div class=\"uagb-column__overlay\"><\/div>\n<figure class=\"wp-block-image size-large is-resized\"><a href=\"http:\/\/www.matildecamus.com\/wp-content\/uploads\/2021\/01\/A-los-6-anos-scaled.jpg\"><img loading=\"lazy\" decoding=\"async\" width=\"546\" height=\"1024\" src=\"http:\/\/www.matildecamus.com\/wp-content\/uploads\/2021\/01\/A-los-6-anos-546x1024.jpg\" alt=\"\" class=\"wp-image-2336\" style=\"width:273px;height:514px\" srcset=\"https:\/\/www.matildecamus.com\/wp-content\/uploads\/2021\/01\/A-los-6-anos-546x1024.jpg 546w, https:\/\/www.matildecamus.com\/wp-content\/uploads\/2021\/01\/A-los-6-anos-160x300.jpg 160w, https:\/\/www.matildecamus.com\/wp-content\/uploads\/2021\/01\/A-los-6-anos-768x1441.jpg 768w, https:\/\/www.matildecamus.com\/wp-content\/uploads\/2021\/01\/A-los-6-anos-819x1536.jpg 819w, https:\/\/www.matildecamus.com\/wp-content\/uploads\/2021\/01\/A-los-6-anos-1091x2048.jpg 1091w, https:\/\/www.matildecamus.com\/wp-content\/uploads\/2021\/01\/A-los-6-anos-scaled.jpg 1364w\" sizes=\"auto, (max-width: 546px) 100vw, 546px\" \/><\/a><figcaption class=\"wp-element-caption\">A los 8 a\u00f1os<\/figcaption><\/figure>\n<\/div>\n<\/div><\/section>\n\n\n\n<div style=\"height:100px\" aria-hidden=\"true\" class=\"wp-block-spacer\"><\/div>\n\n\n\n<section class=\"wp-block-uagb-columns uagb-columns__wrap uagb-columns__background-none uagb-columns__stack-mobile uagb-columns__valign- uagb-columns__gap-10 align uagb-block-d5b2c6a9 uagb-columns__columns-2 uagb-columns__max_width-theme\"><div class=\"uagb-columns__overlay\"><\/div><div class=\"uagb-columns__inner-wrap uagb-columns__columns-2\">\n<div class=\"wp-block-uagb-column uagb-column__wrap uagb-column__background-undefined uagb-block-4001c4b0\"><div class=\"uagb-column__overlay\"><\/div>\n<figure class=\"wp-block-image size-large is-resized\"><a href=\"http:\/\/www.matildecamus.com\/wp-content\/uploads\/2021\/01\/En-su-1a-Comunion-scaled.jpg\"><img loading=\"lazy\" decoding=\"async\" width=\"625\" height=\"1024\" src=\"http:\/\/www.matildecamus.com\/wp-content\/uploads\/2021\/01\/En-su-1a-Comunion-625x1024.jpg\" alt=\"\" class=\"wp-image-2339\" style=\"width:259px;height:425px\" srcset=\"https:\/\/www.matildecamus.com\/wp-content\/uploads\/2021\/01\/En-su-1a-Comunion-625x1024.jpg 625w, https:\/\/www.matildecamus.com\/wp-content\/uploads\/2021\/01\/En-su-1a-Comunion-183x300.jpg 183w, https:\/\/www.matildecamus.com\/wp-content\/uploads\/2021\/01\/En-su-1a-Comunion-768x1258.jpg 768w, https:\/\/www.matildecamus.com\/wp-content\/uploads\/2021\/01\/En-su-1a-Comunion-937x1536.jpg 937w, https:\/\/www.matildecamus.com\/wp-content\/uploads\/2021\/01\/En-su-1a-Comunion-1250x2048.jpg 1250w, https:\/\/www.matildecamus.com\/wp-content\/uploads\/2021\/01\/En-su-1a-Comunion-scaled.jpg 1562w\" sizes=\"auto, (max-width: 625px) 100vw, 625px\" \/><\/a><figcaption class=\"wp-element-caption\">En su 1\u00aa Comuni\u00f3n a los 10 a\u00f1os en el Colegio de San Jos\u00e9 de las Hijas de la Caridad en Santander.<\/figcaption><\/figure>\n<\/div>\n\n\n\n<div class=\"wp-block-uagb-column uagb-column__wrap uagb-column__background-undefined uagb-block-5891dfb8\"><div class=\"uagb-column__overlay\"><\/div>\n<figure class=\"wp-block-image size-large\"><a href=\"https:\/\/www.matildecamus.com\/wp-content\/uploads\/2023\/07\/2-Foto-colegio-San-Jose-scaled.jpg\"><img loading=\"lazy\" decoding=\"async\" width=\"1024\" height=\"634\" src=\"https:\/\/www.matildecamus.com\/wp-content\/uploads\/2023\/07\/2-Foto-colegio-San-Jose-1024x634.jpg\" alt=\"\" class=\"wp-image-4595\" srcset=\"https:\/\/www.matildecamus.com\/wp-content\/uploads\/2023\/07\/2-Foto-colegio-San-Jose-1024x634.jpg 1024w, https:\/\/www.matildecamus.com\/wp-content\/uploads\/2023\/07\/2-Foto-colegio-San-Jose-300x186.jpg 300w, https:\/\/www.matildecamus.com\/wp-content\/uploads\/2023\/07\/2-Foto-colegio-San-Jose-768x475.jpg 768w, https:\/\/www.matildecamus.com\/wp-content\/uploads\/2023\/07\/2-Foto-colegio-San-Jose-1536x951.jpg 1536w, https:\/\/www.matildecamus.com\/wp-content\/uploads\/2023\/07\/2-Foto-colegio-San-Jose-2048x1268.jpg 2048w\" sizes=\"auto, (max-width: 1024px) 100vw, 1024px\" \/><\/a><figcaption class=\"wp-element-caption\">En el colegio de San Jos\u00e9  de las Hijas de la Caridad<br>en Santander  desde 1923 a 1929<\/figcaption><\/figure>\n<\/div>\n<\/div><\/section>\n\n\n\n<div style=\"height:100px\" aria-hidden=\"true\" class=\"wp-block-spacer\"><\/div>\n\n\n\n<section class=\"wp-block-uagb-columns uagb-columns__wrap uagb-columns__background-none uagb-columns__stack-mobile uagb-columns__valign- uagb-columns__gap-10 align uagb-block-24b18a4e uagb-columns__columns-2 uagb-columns__max_width-theme\"><div class=\"uagb-columns__overlay\"><\/div><div class=\"uagb-columns__inner-wrap uagb-columns__columns-2\">\n<div class=\"wp-block-uagb-column uagb-column__wrap uagb-column__background-undefined uagb-block-bf8eecee\"><div class=\"uagb-column__overlay\"><\/div>\n<figure class=\"wp-block-image size-large is-resized\"><a href=\"http:\/\/www.matildecamus.com\/wp-content\/uploads\/2021\/01\/2a.jpg\"><img loading=\"lazy\" decoding=\"async\" width=\"287\" height=\"419\" src=\"http:\/\/www.matildecamus.com\/wp-content\/uploads\/2021\/01\/2a.jpg\" alt=\"\" class=\"wp-image-2348\" style=\"width:272px;height:396px\" srcset=\"https:\/\/www.matildecamus.com\/wp-content\/uploads\/2021\/01\/2a.jpg 287w, https:\/\/www.matildecamus.com\/wp-content\/uploads\/2021\/01\/2a-205x300.jpg 205w\" sizes=\"auto, (max-width: 287px) 100vw, 287px\" \/><\/a><\/figure>\n\n\n\n<p class=\"has-text-align-center\">15 a\u00f1os<\/p>\n<\/div>\n\n\n\n<div class=\"wp-block-uagb-column uagb-column__wrap uagb-column__background-undefined uagb-block-de898053\"><div class=\"uagb-column__overlay\"><\/div>\n<div style=\"height:41px\" aria-hidden=\"true\" class=\"wp-block-spacer\"><\/div>\n\n\n\n<figure class=\"wp-block-image size-large is-resized\"><a href=\"http:\/\/www.matildecamus.com\/wp-content\/uploads\/2021\/01\/Foto-alumnos-Santa-Clara-1930.jpg\"><img loading=\"lazy\" decoding=\"async\" width=\"1024\" height=\"676\" src=\"http:\/\/www.matildecamus.com\/wp-content\/uploads\/2021\/01\/Foto-alumnos-Santa-Clara-1930-1024x676.jpg\" alt=\"\" class=\"wp-image-2636\" style=\"width:442px;height:291px\" srcset=\"https:\/\/www.matildecamus.com\/wp-content\/uploads\/2021\/01\/Foto-alumnos-Santa-Clara-1930-1024x676.jpg 1024w, https:\/\/www.matildecamus.com\/wp-content\/uploads\/2021\/01\/Foto-alumnos-Santa-Clara-1930-300x198.jpg 300w, https:\/\/www.matildecamus.com\/wp-content\/uploads\/2021\/01\/Foto-alumnos-Santa-Clara-1930-768x507.jpg 768w, https:\/\/www.matildecamus.com\/wp-content\/uploads\/2021\/01\/Foto-alumnos-Santa-Clara-1930-1536x1014.jpg 1536w, https:\/\/www.matildecamus.com\/wp-content\/uploads\/2021\/01\/Foto-alumnos-Santa-Clara-1930-2048x1352.jpg 2048w\" sizes=\"auto, (max-width: 1024px) 100vw, 1024px\" \/><\/a><\/figure>\n\n\n\n<p class=\"has-text-align-center\">En las escaleras del Instituto Jose Mar\u00eda de Pereda en Santander. Actualmente IES de Santa Clara. Donde estudi\u00f3 desde el a\u00f1o 1929 hasta el 1939 ( Esta foto es del a\u00f1o 1930)<\/p>\n<\/div>\n<\/div><\/section>\n\n\n\n<div style=\"height:100px\" aria-hidden=\"true\" class=\"wp-block-spacer\"><\/div>\n\n\n\n<section class=\"wp-block-uagb-columns uagb-columns__wrap uagb-columns__background-none uagb-columns__stack-mobile uagb-columns__valign- uagb-columns__gap-10 align uagb-block-633ceccb uagb-columns__columns-2 uagb-columns__max_width-theme\"><div class=\"uagb-columns__overlay\"><\/div><div class=\"uagb-columns__inner-wrap uagb-columns__columns-2\">\n<div class=\"wp-block-uagb-column uagb-column__wrap uagb-column__background-undefined uagb-block-f6ad91bc\"><div class=\"uagb-column__overlay\"><\/div>\n<figure class=\"wp-block-image size-large\"><a href=\"https:\/\/www.matildecamus.com\/wp-content\/uploads\/2023\/07\/6-17-anos-scaled.jpg\"><img loading=\"lazy\" decoding=\"async\" width=\"717\" height=\"1024\" src=\"https:\/\/www.matildecamus.com\/wp-content\/uploads\/2023\/07\/6-17-anos-717x1024.jpg\" alt=\"\" class=\"wp-image-4594\" srcset=\"https:\/\/www.matildecamus.com\/wp-content\/uploads\/2023\/07\/6-17-anos-717x1024.jpg 717w, https:\/\/www.matildecamus.com\/wp-content\/uploads\/2023\/07\/6-17-anos-210x300.jpg 210w, https:\/\/www.matildecamus.com\/wp-content\/uploads\/2023\/07\/6-17-anos-768x1097.jpg 768w, https:\/\/www.matildecamus.com\/wp-content\/uploads\/2023\/07\/6-17-anos-1075x1536.jpg 1075w, https:\/\/www.matildecamus.com\/wp-content\/uploads\/2023\/07\/6-17-anos-1433x2048.jpg 1433w, https:\/\/www.matildecamus.com\/wp-content\/uploads\/2023\/07\/6-17-anos-scaled.jpg 1792w\" sizes=\"auto, (max-width: 717px) 100vw, 717px\" \/><\/a><figcaption class=\"wp-element-caption\">17 a\u00f1os<\/figcaption><\/figure>\n<\/div>\n\n\n\n<div class=\"wp-block-uagb-column uagb-column__wrap uagb-column__background-undefined uagb-block-7c565db1\"><div class=\"uagb-column__overlay\"><\/div>\n<figure class=\"wp-block-image size-large\"><a href=\"http:\/\/www.matildecamus.com\/wp-content\/uploads\/2021\/01\/IMG_20210117_122308-scaled.jpg\"><img loading=\"lazy\" decoding=\"async\" width=\"774\" height=\"1024\" src=\"http:\/\/www.matildecamus.com\/wp-content\/uploads\/2021\/01\/IMG_20210117_122308-774x1024.jpg\" alt=\"\" class=\"wp-image-3219\" srcset=\"https:\/\/www.matildecamus.com\/wp-content\/uploads\/2021\/01\/IMG_20210117_122308-774x1024.jpg 774w, https:\/\/www.matildecamus.com\/wp-content\/uploads\/2021\/01\/IMG_20210117_122308-227x300.jpg 227w, https:\/\/www.matildecamus.com\/wp-content\/uploads\/2021\/01\/IMG_20210117_122308-768x1016.jpg 768w, https:\/\/www.matildecamus.com\/wp-content\/uploads\/2021\/01\/IMG_20210117_122308-1161x1536.jpg 1161w, https:\/\/www.matildecamus.com\/wp-content\/uploads\/2021\/01\/IMG_20210117_122308-1547x2048.jpg 1547w, https:\/\/www.matildecamus.com\/wp-content\/uploads\/2021\/01\/IMG_20210117_122308-scaled.jpg 1934w\" sizes=\"auto, (max-width: 774px) 100vw, 774px\" \/><\/a><\/figure>\n\n\n\n<p class=\"has-text-align-center\">19 a\u00f1os<\/p>\n<\/div>\n<\/div><\/section>\n\n\n\n<div style=\"height:100px\" aria-hidden=\"true\" class=\"wp-block-spacer\"><\/div>\n\n\n\n<section class=\"wp-block-uagb-columns uagb-columns__wrap uagb-columns__background-none uagb-columns__stack-mobile uagb-columns__valign- uagb-columns__gap-10 align uagb-block-b4db56c6 uagb-columns__columns-2 uagb-columns__max_width-theme\"><div class=\"uagb-columns__overlay\"><\/div><div class=\"uagb-columns__inner-wrap uagb-columns__columns-2\">\n<div class=\"wp-block-uagb-column uagb-column__wrap uagb-column__background-undefined uagb-block-84baba2c\"><div class=\"uagb-column__overlay\"><\/div>\n<figure class=\"wp-block-image size-large is-resized\"><a href=\"http:\/\/www.matildecamus.com\/wp-content\/uploads\/2021\/01\/1939-en-Piquio-de-novios-scaled.jpg\"><img loading=\"lazy\" decoding=\"async\" width=\"492\" height=\"1024\" src=\"http:\/\/www.matildecamus.com\/wp-content\/uploads\/2021\/01\/1939-en-Piquio-de-novios-492x1024.jpg\" alt=\"\" class=\"wp-image-2819\" style=\"width:295px;height:613px\" srcset=\"https:\/\/www.matildecamus.com\/wp-content\/uploads\/2021\/01\/1939-en-Piquio-de-novios-492x1024.jpg 492w, https:\/\/www.matildecamus.com\/wp-content\/uploads\/2021\/01\/1939-en-Piquio-de-novios-144x300.jpg 144w, https:\/\/www.matildecamus.com\/wp-content\/uploads\/2021\/01\/1939-en-Piquio-de-novios-768x1597.jpg 768w, https:\/\/www.matildecamus.com\/wp-content\/uploads\/2021\/01\/1939-en-Piquio-de-novios-739x1536.jpg 739w, https:\/\/www.matildecamus.com\/wp-content\/uploads\/2021\/01\/1939-en-Piquio-de-novios-985x2048.jpg 985w, https:\/\/www.matildecamus.com\/wp-content\/uploads\/2021\/01\/1939-en-Piquio-de-novios-scaled.jpg 1231w\" sizes=\"auto, (max-width: 492px) 100vw, 492px\" \/><\/a><\/figure>\n\n\n\n<p class=\"has-text-align-center\">Justo Guis\u00e1ndez y Matilde Camus de novios<\/p>\n<\/div>\n\n\n\n<div class=\"wp-block-uagb-column uagb-column__wrap uagb-column__background-undefined uagb-block-5577130a\"><div class=\"uagb-column__overlay\"><\/div>\n<figure class=\"wp-block-image size-large is-resized\"><a href=\"http:\/\/www.matildecamus.com\/wp-content\/uploads\/2021\/01\/Su-padre-Francisco-Gomez-Landeras-scaled.jpg\"><img loading=\"lazy\" decoding=\"async\" width=\"855\" height=\"1024\" src=\"http:\/\/www.matildecamus.com\/wp-content\/uploads\/2021\/01\/Su-padre-Francisco-Gomez-Landeras-855x1024.jpg\" alt=\"\" class=\"wp-image-2342\" style=\"width:319px;height:381px\" srcset=\"https:\/\/www.matildecamus.com\/wp-content\/uploads\/2021\/01\/Su-padre-Francisco-Gomez-Landeras-855x1024.jpg 855w, https:\/\/www.matildecamus.com\/wp-content\/uploads\/2021\/01\/Su-padre-Francisco-Gomez-Landeras-250x300.jpg 250w, https:\/\/www.matildecamus.com\/wp-content\/uploads\/2021\/01\/Su-padre-Francisco-Gomez-Landeras-768x920.jpg 768w, https:\/\/www.matildecamus.com\/wp-content\/uploads\/2021\/01\/Su-padre-Francisco-Gomez-Landeras-1282x1536.jpg 1282w, https:\/\/www.matildecamus.com\/wp-content\/uploads\/2021\/01\/Su-padre-Francisco-Gomez-Landeras-1709x2048.jpg 1709w\" sizes=\"auto, (max-width: 855px) 100vw, 855px\" \/><\/a><\/figure>\n\n\n\n<p class=\"has-text-align-center\">Francisco Gomez Landeras, padre de Matilde, poco antes de morir<\/p>\n\n\n\n<p class=\"has-text-align-center\">1965<\/p>\n<\/div>\n<\/div><\/section>\n\n\n\n<div class=\"wp-block-columns is-layout-flex wp-container-core-columns-is-layout-28f84493 wp-block-columns-is-layout-flex\">\n<div class=\"wp-block-column is-layout-flow wp-block-column-is-layout-flow\">\n<figure class=\"wp-block-image size-full\"><a href=\"https:\/\/www.matildecamus.com\/wp-content\/uploads\/2023\/07\/Matilde-Camus-joven-fondo-liso.jpg\"><img loading=\"lazy\" decoding=\"async\" width=\"368\" height=\"528\" src=\"https:\/\/www.matildecamus.com\/wp-content\/uploads\/2023\/07\/Matilde-Camus-joven-fondo-liso.jpg\" alt=\"\" class=\"wp-image-4603\" srcset=\"https:\/\/www.matildecamus.com\/wp-content\/uploads\/2023\/07\/Matilde-Camus-joven-fondo-liso.jpg 368w, https:\/\/www.matildecamus.com\/wp-content\/uploads\/2023\/07\/Matilde-Camus-joven-fondo-liso-209x300.jpg 209w\" sizes=\"auto, (max-width: 368px) 100vw, 368px\" \/><\/a><\/figure>\n<\/div>\n\n\n\n<div class=\"wp-block-column is-layout-flow wp-block-column-is-layout-flow\">\n<figure class=\"wp-block-image size-large\"><a href=\"https:\/\/www.matildecamus.com\/wp-content\/uploads\/2023\/07\/1-Matilde-Camus-12-anos-scaled.jpg\"><img loading=\"lazy\" decoding=\"async\" width=\"717\" height=\"1024\" src=\"https:\/\/www.matildecamus.com\/wp-content\/uploads\/2023\/07\/1-Matilde-Camus-12-anos-717x1024.jpg\" alt=\"\" class=\"wp-image-4607\" srcset=\"https:\/\/www.matildecamus.com\/wp-content\/uploads\/2023\/07\/1-Matilde-Camus-12-anos-717x1024.jpg 717w, https:\/\/www.matildecamus.com\/wp-content\/uploads\/2023\/07\/1-Matilde-Camus-12-anos-210x300.jpg 210w, https:\/\/www.matildecamus.com\/wp-content\/uploads\/2023\/07\/1-Matilde-Camus-12-anos-768x1097.jpg 768w, https:\/\/www.matildecamus.com\/wp-content\/uploads\/2023\/07\/1-Matilde-Camus-12-anos-1075x1536.jpg 1075w, https:\/\/www.matildecamus.com\/wp-content\/uploads\/2023\/07\/1-Matilde-Camus-12-anos-1434x2048.jpg 1434w, https:\/\/www.matildecamus.com\/wp-content\/uploads\/2023\/07\/1-Matilde-Camus-12-anos-scaled.jpg 1792w\" sizes=\"auto, (max-width: 717px) 100vw, 717px\" \/><\/a><figcaption class=\"wp-element-caption\">Matilde Camus, con 12 a\u00f1os en una excursi\u00f3n con su padre<\/figcaption><\/figure>\n<\/div>\n\n\n\n<div class=\"wp-block-column is-layout-flow wp-block-column-is-layout-flow\">\n<figure class=\"wp-block-image size-large\"><a href=\"https:\/\/www.matildecamus.com\/wp-content\/uploads\/2023\/07\/2-Quitando-la-cortina-con-la-AAVV.jpg\"><img loading=\"lazy\" decoding=\"async\" width=\"946\" height=\"1024\" src=\"https:\/\/www.matildecamus.com\/wp-content\/uploads\/2023\/07\/2-Quitando-la-cortina-con-la-AAVV-946x1024.jpg\" alt=\"\" class=\"wp-image-4606\" srcset=\"https:\/\/www.matildecamus.com\/wp-content\/uploads\/2023\/07\/2-Quitando-la-cortina-con-la-AAVV-946x1024.jpg 946w, https:\/\/www.matildecamus.com\/wp-content\/uploads\/2023\/07\/2-Quitando-la-cortina-con-la-AAVV-277x300.jpg 277w, https:\/\/www.matildecamus.com\/wp-content\/uploads\/2023\/07\/2-Quitando-la-cortina-con-la-AAVV-768x831.jpg 768w, https:\/\/www.matildecamus.com\/wp-content\/uploads\/2023\/07\/2-Quitando-la-cortina-con-la-AAVV.jpg 1080w\" sizes=\"auto, (max-width: 946px) 100vw, 946px\" \/><\/a><figcaption class=\"wp-element-caption\">Colocaci\u00f3n placa como ilustre de Santander en el edificio en que naci\u00f3 y vivi\u00f3. Junto a la alcaldesa Gema Igual y una representante de la Asociaci\u00f3n de vecinos de Monte.<\/figcaption><\/figure>\n<\/div>\n<\/div>\n\n\n\n<div style=\"height:100px\" aria-hidden=\"true\" class=\"wp-block-spacer\"><\/div>\n\n\n\n<section class=\"wp-block-uagb-columns uagb-columns__wrap uagb-columns__background-none uagb-columns__stack-mobile uagb-columns__valign- uagb-columns__gap-10 align uagb-block-a29a266c uagb-columns__columns-2 uagb-columns__max_width-theme\"><div class=\"uagb-columns__overlay\"><\/div><div class=\"uagb-columns__inner-wrap uagb-columns__columns-2\">\n<div class=\"wp-block-uagb-column uagb-column__wrap uagb-column__background-undefined uagb-block-0a4bb283\"><div class=\"uagb-column__overlay\"><\/div>\n<p class=\"has-text-align-center\"><\/p>\n\n\n\n<figure class=\"wp-block-image size-large is-resized\"><a href=\"http:\/\/www.matildecamus.com\/wp-content\/uploads\/2021\/01\/Recibiendo-un-premio-scaled.jpg\"><img loading=\"lazy\" decoding=\"async\" width=\"844\" height=\"1024\" src=\"http:\/\/www.matildecamus.com\/wp-content\/uploads\/2021\/01\/Recibiendo-un-premio-844x1024.jpg\" alt=\"\" class=\"wp-image-2826\" style=\"width:391px;height:474px\" srcset=\"https:\/\/www.matildecamus.com\/wp-content\/uploads\/2021\/01\/Recibiendo-un-premio-844x1024.jpg 844w, https:\/\/www.matildecamus.com\/wp-content\/uploads\/2021\/01\/Recibiendo-un-premio-247x300.jpg 247w, https:\/\/www.matildecamus.com\/wp-content\/uploads\/2021\/01\/Recibiendo-un-premio-768x932.jpg 768w, https:\/\/www.matildecamus.com\/wp-content\/uploads\/2021\/01\/Recibiendo-un-premio-1266x1536.jpg 1266w, https:\/\/www.matildecamus.com\/wp-content\/uploads\/2021\/01\/Recibiendo-un-premio-1688x2048.jpg 1688w\" sizes=\"auto, (max-width: 844px) 100vw, 844px\" \/><\/a><\/figure>\n\n\n\n<p class=\"has-text-align-center\">Recogiendo un Premio<\/p>\n<\/div>\n\n\n\n<div class=\"wp-block-uagb-column uagb-column__wrap uagb-column__background-undefined uagb-block-b9641bfd\"><div class=\"uagb-column__overlay\"><\/div>\n<figure class=\"wp-block-image size-large is-resized\"><a href=\"http:\/\/www.matildecamus.com\/wp-content\/uploads\/2021\/01\/Placa-en-el-cementerio-de-Monte-scaled.jpg\"><img loading=\"lazy\" decoding=\"async\" width=\"653\" height=\"1024\" src=\"http:\/\/www.matildecamus.com\/wp-content\/uploads\/2021\/01\/Placa-en-el-cementerio-de-Monte-653x1024.jpg\" alt=\"\" class=\"wp-image-2827\" style=\"width:338px;height:530px\" srcset=\"https:\/\/www.matildecamus.com\/wp-content\/uploads\/2021\/01\/Placa-en-el-cementerio-de-Monte-653x1024.jpg 653w, https:\/\/www.matildecamus.com\/wp-content\/uploads\/2021\/01\/Placa-en-el-cementerio-de-Monte-191x300.jpg 191w, https:\/\/www.matildecamus.com\/wp-content\/uploads\/2021\/01\/Placa-en-el-cementerio-de-Monte-768x1204.jpg 768w, https:\/\/www.matildecamus.com\/wp-content\/uploads\/2021\/01\/Placa-en-el-cementerio-de-Monte-980x1536.jpg 980w, https:\/\/www.matildecamus.com\/wp-content\/uploads\/2021\/01\/Placa-en-el-cementerio-de-Monte-1306x2048.jpg 1306w, https:\/\/www.matildecamus.com\/wp-content\/uploads\/2021\/01\/Placa-en-el-cementerio-de-Monte-scaled.jpg 1633w\" sizes=\"auto, (max-width: 653px) 100vw, 653px\" \/><\/a><figcaption class=\"wp-element-caption\">Losa colocada en el Cementerio de Monte, donde quiso ser enterrada y donde se encuentran los restos de Matilde Camus y su familia<\/figcaption><\/figure>\n\n\n\n<p class=\"has-text-align-center\"><\/p>\n<\/div>\n<\/div><\/section>\n\n\n\n<div style=\"height:100px\" aria-hidden=\"true\" class=\"wp-block-spacer\"><\/div>\n\n\n\n<section class=\"wp-block-uagb-columns uagb-columns__wrap uagb-columns__background-none uagb-columns__stack-mobile uagb-columns__valign- uagb-columns__gap-10 align uagb-block-c47c7007 uagb-columns__columns-2 uagb-columns__max_width-theme\"><div class=\"uagb-columns__overlay\"><\/div><div class=\"uagb-columns__inner-wrap uagb-columns__columns-2\">\n<div class=\"wp-block-uagb-column uagb-column__wrap uagb-column__background-undefined uagb-block-65061ab0\"><div class=\"uagb-column__overlay\"><\/div>\n<figure class=\"wp-block-image size-large is-resized\"><a href=\"http:\/\/www.matildecamus.com\/wp-content\/uploads\/2021\/01\/4a-scaled.jpg\"><img loading=\"lazy\" decoding=\"async\" width=\"861\" height=\"1024\" src=\"http:\/\/www.matildecamus.com\/wp-content\/uploads\/2021\/01\/4a-861x1024.jpg\" alt=\"\" class=\"wp-image-2350\" style=\"width:299px;height:354px\" srcset=\"https:\/\/www.matildecamus.com\/wp-content\/uploads\/2021\/01\/4a-861x1024.jpg 861w, https:\/\/www.matildecamus.com\/wp-content\/uploads\/2021\/01\/4a-252x300.jpg 252w, https:\/\/www.matildecamus.com\/wp-content\/uploads\/2021\/01\/4a-768x914.jpg 768w, https:\/\/www.matildecamus.com\/wp-content\/uploads\/2021\/01\/4a-1291x1536.jpg 1291w, https:\/\/www.matildecamus.com\/wp-content\/uploads\/2021\/01\/4a-1721x2048.jpg 1721w\" sizes=\"auto, (max-width: 861px) 100vw, 861px\" \/><\/a><\/figure>\n\n\n\n<p>En un Recital con la Asociaci\u00f3n de Amas de Casa en Santander.<\/p>\n<\/div>\n\n\n\n<div class=\"wp-block-uagb-column uagb-column__wrap uagb-column__background-undefined uagb-block-dc8acf58\"><div class=\"uagb-column__overlay\"><\/div>\n<figure class=\"wp-block-image size-large is-resized\"><a href=\"http:\/\/www.matildecamus.com\/wp-content\/uploads\/2021\/01\/7a-scaled.jpg\"><img loading=\"lazy\" decoding=\"async\" width=\"716\" height=\"1024\" src=\"http:\/\/www.matildecamus.com\/wp-content\/uploads\/2021\/01\/7a-716x1024.jpg\" alt=\"\" class=\"wp-image-2351\" style=\"width:302px;height:432px\" srcset=\"https:\/\/www.matildecamus.com\/wp-content\/uploads\/2021\/01\/7a-716x1024.jpg 716w, https:\/\/www.matildecamus.com\/wp-content\/uploads\/2021\/01\/7a-210x300.jpg 210w, https:\/\/www.matildecamus.com\/wp-content\/uploads\/2021\/01\/7a-768x1098.jpg 768w, https:\/\/www.matildecamus.com\/wp-content\/uploads\/2021\/01\/7a-1075x1536.jpg 1075w, https:\/\/www.matildecamus.com\/wp-content\/uploads\/2021\/01\/7a-1433x2048.jpg 1433w, https:\/\/www.matildecamus.com\/wp-content\/uploads\/2021\/01\/7a-scaled.jpg 1791w\" sizes=\"auto, (max-width: 716px) 100vw, 716px\" \/><\/a><\/figure>\n\n\n\n<p class=\"has-text-align-center\">Apunte de Matilde, realizado por su esposo portada del libro AMOR DORADO (1980)<\/p>\n\n\n\n<p><\/p>\n<\/div>\n<\/div><\/section>\n\n\n\n<div style=\"height:100px\" aria-hidden=\"true\" class=\"wp-block-spacer\"><\/div>\n\n\n\n<section class=\"wp-block-uagb-columns uagb-columns__wrap uagb-columns__background-none uagb-columns__stack-mobile uagb-columns__valign- uagb-columns__gap-10 align uagb-block-b1bc2fd3 uagb-columns__columns-2 uagb-columns__max_width-theme\"><div class=\"uagb-columns__overlay\"><\/div><div class=\"uagb-columns__inner-wrap uagb-columns__columns-2\">\n<div class=\"wp-block-uagb-column uagb-column__wrap uagb-column__background-undefined uagb-block-b719f222\"><div class=\"uagb-column__overlay\"><\/div>\n<figure class=\"wp-block-image size-large\"><a href=\"https:\/\/www.matildecamus.com\/wp-content\/uploads\/2023\/07\/8-Recogiendo-un-premio-scaled.jpg\"><img loading=\"lazy\" decoding=\"async\" width=\"1024\" height=\"716\" src=\"https:\/\/www.matildecamus.com\/wp-content\/uploads\/2023\/07\/8-Recogiendo-un-premio-1024x716.jpg\" alt=\"\" class=\"wp-image-4598\" srcset=\"https:\/\/www.matildecamus.com\/wp-content\/uploads\/2023\/07\/8-Recogiendo-un-premio-1024x716.jpg 1024w, https:\/\/www.matildecamus.com\/wp-content\/uploads\/2023\/07\/8-Recogiendo-un-premio-300x210.jpg 300w, https:\/\/www.matildecamus.com\/wp-content\/uploads\/2023\/07\/8-Recogiendo-un-premio-768x537.jpg 768w, https:\/\/www.matildecamus.com\/wp-content\/uploads\/2023\/07\/8-Recogiendo-un-premio-1536x1075.jpg 1536w, https:\/\/www.matildecamus.com\/wp-content\/uploads\/2023\/07\/8-Recogiendo-un-premio-2048x1433.jpg 2048w\" sizes=\"auto, (max-width: 1024px) 100vw, 1024px\" \/><\/a><\/figure>\n\n\n\n<p class=\"has-text-align-center\">Recogiendo uno de sus premios.  <\/p>\n<\/div>\n\n\n\n<div class=\"wp-block-uagb-column uagb-column__wrap uagb-column__background-undefined uagb-block-b51a0776\"><div class=\"uagb-column__overlay\"><\/div>\n<figure class=\"wp-block-image size-large is-resized\"><a href=\"http:\/\/www.matildecamus.com\/wp-content\/uploads\/2021\/01\/9a.jpg\"><img loading=\"lazy\" decoding=\"async\" width=\"683\" height=\"1024\" src=\"http:\/\/www.matildecamus.com\/wp-content\/uploads\/2021\/01\/9a-683x1024.jpg\" alt=\"\" class=\"wp-image-2353\" style=\"width:265px;height:397px\" srcset=\"https:\/\/www.matildecamus.com\/wp-content\/uploads\/2021\/01\/9a-683x1024.jpg 683w, https:\/\/www.matildecamus.com\/wp-content\/uploads\/2021\/01\/9a-200x300.jpg 200w, https:\/\/www.matildecamus.com\/wp-content\/uploads\/2021\/01\/9a-768x1152.jpg 768w, https:\/\/www.matildecamus.com\/wp-content\/uploads\/2021\/01\/9a-1024x1536.jpg 1024w, https:\/\/www.matildecamus.com\/wp-content\/uploads\/2021\/01\/9a.jpg 1152w\" sizes=\"auto, (max-width: 683px) 100vw, 683px\" \/><\/a><\/figure>\n\n\n\n<p class=\"has-text-align-center\"> Ante el cuadro pintado por ella y que ha sido portada de tres de sus libros. Junto a la pinacoteca regalo de sus muchos amigos pintores c\u00e1ntabros. Foto cedida por el Diario Monta\u00f1\u00e9s.<\/p>\n<\/div>\n<\/div><\/section>\n\n\n\n<div style=\"height:100px\" aria-hidden=\"true\" class=\"wp-block-spacer\"><\/div>\n\n\n\n<section class=\"wp-block-uagb-columns uagb-columns__wrap uagb-columns__background-none uagb-columns__stack-mobile uagb-columns__valign- uagb-columns__gap-10 align uagb-block-6140827f uagb-columns__columns-2 uagb-columns__max_width-theme\"><div class=\"uagb-columns__overlay\"><\/div><div class=\"uagb-columns__inner-wrap uagb-columns__columns-2\">\n<div class=\"wp-block-uagb-column uagb-column__wrap uagb-column__background-undefined uagb-block-e5124ea1\"><div class=\"uagb-column__overlay\"><\/div>\n<figure class=\"wp-block-image size-large is-resized\"><a href=\"http:\/\/www.matildecamus.com\/wp-content\/uploads\/2021\/01\/11a-scaled.jpg\"><img loading=\"lazy\" decoding=\"async\" width=\"563\" height=\"1024\" src=\"http:\/\/www.matildecamus.com\/wp-content\/uploads\/2021\/01\/11a-563x1024.jpg\" alt=\"\" class=\"wp-image-2354\" style=\"width:192px;height:349px\" srcset=\"https:\/\/www.matildecamus.com\/wp-content\/uploads\/2021\/01\/11a-563x1024.jpg 563w, https:\/\/www.matildecamus.com\/wp-content\/uploads\/2021\/01\/11a-165x300.jpg 165w, https:\/\/www.matildecamus.com\/wp-content\/uploads\/2021\/01\/11a-768x1396.jpg 768w, https:\/\/www.matildecamus.com\/wp-content\/uploads\/2021\/01\/11a-845x1536.jpg 845w, https:\/\/www.matildecamus.com\/wp-content\/uploads\/2021\/01\/11a-1127x2048.jpg 1127w, https:\/\/www.matildecamus.com\/wp-content\/uploads\/2021\/01\/11a-scaled.jpg 1409w\" sizes=\"auto, (max-width: 563px) 100vw, 563px\" \/><\/a><\/figure>\n\n\n\n<p class=\"has-text-align-center\">Apunte de Matilde Camus realizado por Emilio Hermosa. Pintor c\u00e1ntabro.<\/p>\n<\/div>\n\n\n\n<div class=\"wp-block-uagb-column uagb-column__wrap uagb-column__background-undefined uagb-block-76d99365\"><div class=\"uagb-column__overlay\"><\/div>\n<figure class=\"wp-block-image size-large is-resized\"><a href=\"http:\/\/www.matildecamus.com\/wp-content\/uploads\/2021\/01\/13a.jpg\"><img loading=\"lazy\" decoding=\"async\" width=\"856\" height=\"1024\" src=\"http:\/\/www.matildecamus.com\/wp-content\/uploads\/2021\/01\/13a-856x1024.jpg\" alt=\"\" class=\"wp-image-2355\" style=\"width:286px;height:341px\" srcset=\"https:\/\/www.matildecamus.com\/wp-content\/uploads\/2021\/01\/13a-856x1024.jpg 856w, https:\/\/www.matildecamus.com\/wp-content\/uploads\/2021\/01\/13a-251x300.jpg 251w, https:\/\/www.matildecamus.com\/wp-content\/uploads\/2021\/01\/13a-768x919.jpg 768w, https:\/\/www.matildecamus.com\/wp-content\/uploads\/2021\/01\/13a-1284x1536.jpg 1284w, https:\/\/www.matildecamus.com\/wp-content\/uploads\/2021\/01\/13a-1712x2048.jpg 1712w\" sizes=\"auto, (max-width: 856px) 100vw, 856px\" \/><\/a><\/figure>\n\n\n\n<p><\/p>\n<\/div>\n<\/div><\/section>\n\n\n\n<div style=\"height:100px\" aria-hidden=\"true\" class=\"wp-block-spacer\"><\/div>\n\n\n\n<section class=\"wp-block-uagb-columns uagb-columns__wrap uagb-columns__background-none uagb-columns__stack-mobile uagb-columns__valign- uagb-columns__gap-10 align uagb-block-e6d1fa61 uagb-columns__columns-2 uagb-columns__max_width-theme\"><div class=\"uagb-columns__overlay\"><\/div><div class=\"uagb-columns__inner-wrap uagb-columns__columns-2\">\n<div class=\"wp-block-uagb-column uagb-column__wrap uagb-column__background-undefined uagb-block-72610a98\"><div class=\"uagb-column__overlay\"><\/div>\n<figure class=\"wp-block-image size-large is-resized\"><a href=\"http:\/\/www.matildecamus.com\/wp-content\/uploads\/2021\/01\/14o-scaled.jpg\"><img loading=\"lazy\" decoding=\"async\" width=\"776\" height=\"1024\" src=\"http:\/\/www.matildecamus.com\/wp-content\/uploads\/2021\/01\/14o-776x1024.jpg\" alt=\"\" class=\"wp-image-2356\" style=\"width:262px;height:345px\" srcset=\"https:\/\/www.matildecamus.com\/wp-content\/uploads\/2021\/01\/14o-776x1024.jpg 776w, https:\/\/www.matildecamus.com\/wp-content\/uploads\/2021\/01\/14o-227x300.jpg 227w, https:\/\/www.matildecamus.com\/wp-content\/uploads\/2021\/01\/14o-768x1013.jpg 768w, https:\/\/www.matildecamus.com\/wp-content\/uploads\/2021\/01\/14o-1164x1536.jpg 1164w, https:\/\/www.matildecamus.com\/wp-content\/uploads\/2021\/01\/14o-1552x2048.jpg 1552w, https:\/\/www.matildecamus.com\/wp-content\/uploads\/2021\/01\/14o-scaled.jpg 1940w\" sizes=\"auto, (max-width: 776px) 100vw, 776px\" \/><\/a><\/figure>\n<\/div>\n\n\n\n<div class=\"wp-block-uagb-column uagb-column__wrap uagb-column__background-undefined uagb-block-20a7c424\"><div class=\"uagb-column__overlay\"><\/div>\n<figure class=\"wp-block-image size-large\"><a href=\"https:\/\/www.matildecamus.com\/wp-content\/uploads\/2023\/07\/14-Recital-scaled.jpg\"><img loading=\"lazy\" decoding=\"async\" width=\"1024\" height=\"717\" src=\"https:\/\/www.matildecamus.com\/wp-content\/uploads\/2023\/07\/14-Recital-1024x717.jpg\" alt=\"\" class=\"wp-image-4597\" srcset=\"https:\/\/www.matildecamus.com\/wp-content\/uploads\/2023\/07\/14-Recital-1024x717.jpg 1024w, https:\/\/www.matildecamus.com\/wp-content\/uploads\/2023\/07\/14-Recital-300x210.jpg 300w, https:\/\/www.matildecamus.com\/wp-content\/uploads\/2023\/07\/14-Recital-768x538.jpg 768w, https:\/\/www.matildecamus.com\/wp-content\/uploads\/2023\/07\/14-Recital-1536x1075.jpg 1536w, https:\/\/www.matildecamus.com\/wp-content\/uploads\/2023\/07\/14-Recital-2048x1434.jpg 2048w\" sizes=\"auto, (max-width: 1024px) 100vw, 1024px\" \/><\/a><\/figure>\n\n\n\n<p class=\"has-text-align-center\">Matilde Camus, en uno de sus  Recitales, en el Ateneo de Santander.<\/p>\n<\/div>\n<\/div><\/section>\n\n\n\n<div style=\"height:100px\" aria-hidden=\"true\" class=\"wp-block-spacer\"><\/div>\n\n\n\n<section class=\"wp-block-uagb-columns uagb-columns__wrap uagb-columns__background-none uagb-columns__stack-mobile uagb-columns__valign- uagb-columns__gap-10 align uagb-block-f608119a uagb-columns__columns-2 uagb-columns__max_width-theme\"><div class=\"uagb-columns__overlay\"><\/div><div class=\"uagb-columns__inner-wrap uagb-columns__columns-2\">\n<div class=\"wp-block-uagb-column uagb-column__wrap uagb-column__background-undefined uagb-block-dcb32b0e\"><div class=\"uagb-column__overlay\"><\/div>\n<figure class=\"wp-block-image size-large\"><a href=\"http:\/\/www.matildecamus.com\/wp-content\/uploads\/2021\/01\/16a-scaled.jpg\"><img loading=\"lazy\" decoding=\"async\" width=\"1024\" height=\"994\" src=\"http:\/\/www.matildecamus.com\/wp-content\/uploads\/2021\/01\/16a-1024x994.jpg\" alt=\"\" class=\"wp-image-2358\" srcset=\"https:\/\/www.matildecamus.com\/wp-content\/uploads\/2021\/01\/16a-1024x994.jpg 1024w, https:\/\/www.matildecamus.com\/wp-content\/uploads\/2021\/01\/16a-300x291.jpg 300w, https:\/\/www.matildecamus.com\/wp-content\/uploads\/2021\/01\/16a-768x746.jpg 768w, https:\/\/www.matildecamus.com\/wp-content\/uploads\/2021\/01\/16a-1536x1491.jpg 1536w, https:\/\/www.matildecamus.com\/wp-content\/uploads\/2021\/01\/16a-2048x1988.jpg 2048w\" sizes=\"auto, (max-width: 1024px) 100vw, 1024px\" \/><\/a><\/figure>\n\n\n\n<p class=\"has-text-align-center\">Matilde Camus en su funci\u00f3n como secretaria de la Secci\u00f3n de Literatura del Ateneo de Santander.<\/p>\n<\/div>\n\n\n\n<div class=\"wp-block-uagb-column uagb-column__wrap uagb-column__background-undefined uagb-block-625b238c\"><div class=\"uagb-column__overlay\"><\/div>\n<figure class=\"wp-block-image size-large is-resized\"><a href=\"http:\/\/www.matildecamus.com\/wp-content\/uploads\/2021\/01\/1-Matrimonio.jpg\"><img loading=\"lazy\" decoding=\"async\" width=\"1005\" height=\"1024\" src=\"http:\/\/www.matildecamus.com\/wp-content\/uploads\/2021\/01\/1-Matrimonio-1005x1024.jpg\" alt=\"\" class=\"wp-image-2365\" style=\"width:348px;height:354px\" srcset=\"https:\/\/www.matildecamus.com\/wp-content\/uploads\/2021\/01\/1-Matrimonio-1005x1024.jpg 1005w, https:\/\/www.matildecamus.com\/wp-content\/uploads\/2021\/01\/1-Matrimonio-295x300.jpg 295w, https:\/\/www.matildecamus.com\/wp-content\/uploads\/2021\/01\/1-Matrimonio-768x782.jpg 768w, https:\/\/www.matildecamus.com\/wp-content\/uploads\/2021\/01\/1-Matrimonio.jpg 1356w\" sizes=\"auto, (max-width: 1005px) 100vw, 1005px\" \/><\/a><\/figure>\n\n\n\n<p class=\"has-text-align-center\">Cena homenaje que la 1\u00aa Tuna del Instituto Jose Mar\u00eda de Pereda de Santander,  le tribut\u00f3 nombr\u00e1ndola madrina de honor.<\/p>\n<\/div>\n<\/div><\/section>\n\n\n\n<div style=\"height:100px\" aria-hidden=\"true\" class=\"wp-block-spacer\"><\/div>\n\n\n\n<section class=\"wp-block-uagb-columns uagb-columns__wrap uagb-columns__background-none uagb-columns__stack-mobile uagb-columns__valign- uagb-columns__gap-10 align uagb-block-05c9a194 uagb-columns__columns-2 uagb-columns__max_width-theme\"><div class=\"uagb-columns__overlay\"><\/div><div class=\"uagb-columns__inner-wrap uagb-columns__columns-2\">\n<div class=\"wp-block-uagb-column uagb-column__wrap uagb-column__background-undefined uagb-block-079e1906\"><div class=\"uagb-column__overlay\"><\/div>\n<figure class=\"wp-block-image size-large is-resized\"><a href=\"http:\/\/www.matildecamus.com\/wp-content\/uploads\/2021\/01\/18a.png\"><img loading=\"lazy\" decoding=\"async\" width=\"300\" height=\"236\" src=\"http:\/\/www.matildecamus.com\/wp-content\/uploads\/2021\/01\/18a.png\" alt=\"\" class=\"wp-image-2360\" style=\"width:387px;height:305px\"\/><\/a><\/figure>\n\n\n\n<p class=\"has-text-align-center\">Apunte y dedicatoria de la pintora Dolores Vanaclocha. Con un verso de Matilde <\/p>\n\n\n\n<p><\/p>\n<\/div>\n\n\n\n<div class=\"wp-block-uagb-column uagb-column__wrap uagb-column__background-undefined uagb-block-29dc3e20\"><div class=\"uagb-column__overlay\"><\/div>\n<figure class=\"wp-block-image size-large is-resized\"><a href=\"http:\/\/www.matildecamus.com\/wp-content\/uploads\/2021\/01\/Autoretrato-Justo-Guisandez-scaled.jpg\"><img loading=\"lazy\" decoding=\"async\" width=\"850\" height=\"1024\" src=\"http:\/\/www.matildecamus.com\/wp-content\/uploads\/2021\/01\/Autoretrato-Justo-Guisandez-850x1024.jpg\" alt=\"\" class=\"wp-image-2368\" style=\"width:305px;height:366px\" srcset=\"https:\/\/www.matildecamus.com\/wp-content\/uploads\/2021\/01\/Autoretrato-Justo-Guisandez-850x1024.jpg 850w, https:\/\/www.matildecamus.com\/wp-content\/uploads\/2021\/01\/Autoretrato-Justo-Guisandez-249x300.jpg 249w, https:\/\/www.matildecamus.com\/wp-content\/uploads\/2021\/01\/Autoretrato-Justo-Guisandez-768x925.jpg 768w, https:\/\/www.matildecamus.com\/wp-content\/uploads\/2021\/01\/Autoretrato-Justo-Guisandez-1275x1536.jpg 1275w, https:\/\/www.matildecamus.com\/wp-content\/uploads\/2021\/01\/Autoretrato-Justo-Guisandez-1700x2048.jpg 1700w\" sizes=\"auto, (max-width: 850px) 100vw, 850px\" \/><\/a><\/figure>\n\n\n\n<p class=\"has-text-align-center\">Autorretrato realizado por Justo Guis\u00e1ndez en el que Matilde insert\u00f3 uno de sus versos. (1988)<\/p>\n<\/div>\n<\/div><\/section>\n\n\n\n<div style=\"height:100px\" aria-hidden=\"true\" class=\"wp-block-spacer\"><\/div>\n\n\n\n<section class=\"wp-block-uagb-columns uagb-columns__wrap uagb-columns__background-none uagb-columns__stack-mobile uagb-columns__valign- uagb-columns__gap-10 align uagb-block-ed62f136 uagb-columns__columns-2 uagb-columns__max_width-theme\"><div class=\"uagb-columns__overlay\"><\/div><div class=\"uagb-columns__inner-wrap uagb-columns__columns-2\">\n<div class=\"wp-block-uagb-column uagb-column__wrap uagb-column__background-undefined uagb-block-a7e0acec\"><div class=\"uagb-column__overlay\"><\/div>\n<figure class=\"wp-block-image size-large is-resized\"><a href=\"http:\/\/www.matildecamus.com\/wp-content\/uploads\/2021\/01\/oleo.jpg\"><img loading=\"lazy\" decoding=\"async\" width=\"696\" height=\"945\" src=\"http:\/\/www.matildecamus.com\/wp-content\/uploads\/2021\/01\/oleo.jpg\" alt=\"\" class=\"wp-image-2795\" style=\"width:294px;height:399px\" srcset=\"https:\/\/www.matildecamus.com\/wp-content\/uploads\/2021\/01\/oleo.jpg 696w, https:\/\/www.matildecamus.com\/wp-content\/uploads\/2021\/01\/oleo-221x300.jpg 221w\" sizes=\"auto, (max-width: 696px) 100vw, 696px\" \/><\/a><\/figure>\n\n\n\n<p class=\"has-text-align-center\">Oleo realizado por Adelofeck Vilkenhofer  y conservado en el Centro Cultural Fernando Ateca.<\/p>\n<\/div>\n\n\n\n<div class=\"wp-block-uagb-column uagb-column__wrap uagb-column__background-undefined uagb-block-902dd9c8\"><div class=\"uagb-column__overlay\"><\/div>\n<figure class=\"wp-block-image size-large is-resized\"><a href=\"http:\/\/www.matildecamus.com\/wp-content\/uploads\/2021\/01\/introdu.jpg\"><img loading=\"lazy\" decoding=\"async\" width=\"683\" height=\"1024\" src=\"http:\/\/www.matildecamus.com\/wp-content\/uploads\/2021\/01\/introdu-683x1024.jpg\" alt=\"\" class=\"wp-image-2277\" style=\"width:268px;height:401px\" srcset=\"https:\/\/www.matildecamus.com\/wp-content\/uploads\/2021\/01\/introdu-683x1024.jpg 683w, https:\/\/www.matildecamus.com\/wp-content\/uploads\/2021\/01\/introdu-200x300.jpg 200w, https:\/\/www.matildecamus.com\/wp-content\/uploads\/2021\/01\/introdu-768x1152.jpg 768w, https:\/\/www.matildecamus.com\/wp-content\/uploads\/2021\/01\/introdu-1024x1536.jpg 1024w, https:\/\/www.matildecamus.com\/wp-content\/uploads\/2021\/01\/introdu.jpg 1152w\" sizes=\"auto, (max-width: 683px) 100vw, 683px\" \/><\/a><\/figure>\n\n\n\n<p class=\"has-text-align-center\">Uno de los  retratos de Matilde Camus para una larga entrevista que le realiz\u00f3 \u00abEl Diario Monta\u00f1\u00e9s\u00bb pocos a\u00f1os antes de su muerte.<\/p>\n<\/div>\n<\/div><\/section>\n\n\n\n<section class=\"wp-block-uagb-columns uagb-columns__wrap uagb-columns__background-none uagb-columns__stack-mobile uagb-columns__valign- uagb-columns__gap-10 align uagb-block-c2180899 uagb-columns__columns-2 uagb-columns__max_width-theme\"><div class=\"uagb-columns__overlay\"><\/div><div class=\"uagb-columns__inner-wrap uagb-columns__columns-2\">\n<div class=\"wp-block-uagb-column uagb-column__wrap uagb-column__background-undefined uagb-block-0c2452ce\"><div class=\"uagb-column__overlay\"><\/div>\n<figure class=\"wp-block-image size-large\"><a href=\"http:\/\/www.matildecamus.com\/wp-content\/uploads\/2021\/01\/Lugar-MATILDE-CAMUS-en-la-casa-del-pueblo-scaled.jpg\"><img loading=\"lazy\" decoding=\"async\" width=\"1024\" height=\"528\" src=\"http:\/\/www.matildecamus.com\/wp-content\/uploads\/2021\/01\/Lugar-MATILDE-CAMUS-en-la-casa-del-pueblo-1024x528.jpg\" alt=\"\" class=\"wp-image-2822\" srcset=\"https:\/\/www.matildecamus.com\/wp-content\/uploads\/2021\/01\/Lugar-MATILDE-CAMUS-en-la-casa-del-pueblo-1024x528.jpg 1024w, https:\/\/www.matildecamus.com\/wp-content\/uploads\/2021\/01\/Lugar-MATILDE-CAMUS-en-la-casa-del-pueblo-300x155.jpg 300w, https:\/\/www.matildecamus.com\/wp-content\/uploads\/2021\/01\/Lugar-MATILDE-CAMUS-en-la-casa-del-pueblo-768x396.jpg 768w, https:\/\/www.matildecamus.com\/wp-content\/uploads\/2021\/01\/Lugar-MATILDE-CAMUS-en-la-casa-del-pueblo-1536x793.jpg 1536w, https:\/\/www.matildecamus.com\/wp-content\/uploads\/2021\/01\/Lugar-MATILDE-CAMUS-en-la-casa-del-pueblo-2048x1057.jpg 2048w\" sizes=\"auto, (max-width: 1024px) 100vw, 1024px\" \/><\/a><\/figure>\n\n\n\n<p class=\"has-text-align-center\">Placa que se encuentra en la Casa del Pueblo de Monte. Colocada por las AAVV El Castillo y que indica el lugar donde se conservaron distintos premios y  enseres de Matilde Camus. Actualmente conservados  para su exposici\u00f3n en el Centro Cultural Fernando Ateca. 2004<\/p>\n<\/div>\n\n\n\n<div class=\"wp-block-uagb-column uagb-column__wrap uagb-column__background-undefined uagb-block-b814b57e\"><div class=\"uagb-column__overlay\"><\/div>\n<figure class=\"wp-block-image size-large\"><a href=\"http:\/\/www.matildecamus.com\/wp-content\/uploads\/2021\/01\/19a-scaled.jpg\"><img loading=\"lazy\" decoding=\"async\" width=\"1024\" height=\"760\" src=\"http:\/\/www.matildecamus.com\/wp-content\/uploads\/2021\/01\/19a-1024x760.jpg\" alt=\"\" class=\"wp-image-2361\" srcset=\"https:\/\/www.matildecamus.com\/wp-content\/uploads\/2021\/01\/19a-1024x760.jpg 1024w, https:\/\/www.matildecamus.com\/wp-content\/uploads\/2021\/01\/19a-300x223.jpg 300w, https:\/\/www.matildecamus.com\/wp-content\/uploads\/2021\/01\/19a-768x570.jpg 768w, https:\/\/www.matildecamus.com\/wp-content\/uploads\/2021\/01\/19a-1536x1140.jpg 1536w, https:\/\/www.matildecamus.com\/wp-content\/uploads\/2021\/01\/19a-2048x1519.jpg 2048w\" sizes=\"auto, (max-width: 1024px) 100vw, 1024px\" \/><\/a><\/figure>\n\n\n\n<p class=\"has-text-align-center\">Matilde Camus, firmando en 2004, tras la concesi\u00f3n de LUGAR MATILDE CAMUS, en Monte, donde se conserva su obra, retratos hechos por pintores, muchas de sus pinturas, premios y enseres personales.<\/p>\n<\/div>\n<\/div><\/section>\n\n\n\n<div style=\"height:100px\" aria-hidden=\"true\" class=\"wp-block-spacer\"><\/div>\n\n\n\n<section class=\"wp-block-uagb-columns uagb-columns__wrap uagb-columns__background-none uagb-columns__stack-mobile uagb-columns__valign- uagb-columns__gap-10 align uagb-block-107dd758 uagb-columns__columns-2 uagb-columns__max_width-theme\"><div class=\"uagb-columns__overlay\"><\/div><div class=\"uagb-columns__inner-wrap uagb-columns__columns-2\">\n<div class=\"wp-block-uagb-column uagb-column__wrap uagb-column__background-undefined uagb-block-73950b49\"><div class=\"uagb-column__overlay\"><\/div>\n<figure class=\"wp-block-image size-large\"><a href=\"http:\/\/www.matildecamus.com\/wp-content\/uploads\/2021\/01\/Madrina-de-Honor-de-la-tuna-scaled.jpg\"><img loading=\"lazy\" decoding=\"async\" width=\"1024\" height=\"686\" src=\"http:\/\/www.matildecamus.com\/wp-content\/uploads\/2021\/01\/Madrina-de-Honor-de-la-tuna-1024x686.jpg\" alt=\"\" class=\"wp-image-2363\" srcset=\"https:\/\/www.matildecamus.com\/wp-content\/uploads\/2021\/01\/Madrina-de-Honor-de-la-tuna-1024x686.jpg 1024w, https:\/\/www.matildecamus.com\/wp-content\/uploads\/2021\/01\/Madrina-de-Honor-de-la-tuna-300x201.jpg 300w, https:\/\/www.matildecamus.com\/wp-content\/uploads\/2021\/01\/Madrina-de-Honor-de-la-tuna-768x514.jpg 768w, https:\/\/www.matildecamus.com\/wp-content\/uploads\/2021\/01\/Madrina-de-Honor-de-la-tuna-1536x1028.jpg 1536w, https:\/\/www.matildecamus.com\/wp-content\/uploads\/2021\/01\/Madrina-de-Honor-de-la-tuna-2048x1371.jpg 2048w\" sizes=\"auto, (max-width: 1024px) 100vw, 1024px\" \/><\/a><figcaption class=\"wp-element-caption\">Homenaje y regalo de la capa de la 1\u00aa Tuna del IEM de Jose Mar\u00eda de Pereda en Santander. Y Nombramiento como Madrina de Honor.<\/figcaption><\/figure>\n<\/div>\n\n\n\n<div class=\"wp-block-uagb-column uagb-column__wrap uagb-column__background-undefined uagb-block-be74703b\"><div class=\"uagb-column__overlay\"><\/div>\n<figure class=\"wp-block-image size-large\"><a href=\"http:\/\/www.matildecamus.com\/wp-content\/uploads\/2021\/01\/Homenaje-de-la-Tuna-a-Matilde-como-madrina-de-honor.-scaled.jpg\"><img loading=\"lazy\" decoding=\"async\" width=\"1024\" height=\"650\" src=\"http:\/\/www.matildecamus.com\/wp-content\/uploads\/2021\/01\/Homenaje-de-la-Tuna-a-Matilde-como-madrina-de-honor.-1024x650.jpg\" alt=\"\" class=\"wp-image-2823\" srcset=\"https:\/\/www.matildecamus.com\/wp-content\/uploads\/2021\/01\/Homenaje-de-la-Tuna-a-Matilde-como-madrina-de-honor.-1024x650.jpg 1024w, https:\/\/www.matildecamus.com\/wp-content\/uploads\/2021\/01\/Homenaje-de-la-Tuna-a-Matilde-como-madrina-de-honor.-300x191.jpg 300w, https:\/\/www.matildecamus.com\/wp-content\/uploads\/2021\/01\/Homenaje-de-la-Tuna-a-Matilde-como-madrina-de-honor.-768x488.jpg 768w, https:\/\/www.matildecamus.com\/wp-content\/uploads\/2021\/01\/Homenaje-de-la-Tuna-a-Matilde-como-madrina-de-honor.-1536x976.jpg 1536w, https:\/\/www.matildecamus.com\/wp-content\/uploads\/2021\/01\/Homenaje-de-la-Tuna-a-Matilde-como-madrina-de-honor.-2048x1301.jpg 2048w\" sizes=\"auto, (max-width: 1024px) 100vw, 1024px\" \/><\/a><\/figure>\n\n\n\n<p class=\"has-text-align-center\">Homenaje de la Tuna en que se interpret\u00f3 la canci\u00f3n con letra de Matilde Camus. Fotograf\u00eda expuesta en el IES Jos\u00e9 Mar\u00eda de Pereda. Santander.<\/p>\n<\/div>\n<\/div><\/section>\n\n\n\n<div style=\"height:100px\" aria-hidden=\"true\" class=\"wp-block-spacer\"><\/div>\n\n\n\n<section class=\"wp-block-uagb-columns uagb-columns__wrap uagb-columns__background-none uagb-columns__stack-mobile uagb-columns__valign- uagb-columns__gap-10 align uagb-block-90df2324 uagb-columns__columns-2 uagb-columns__max_width-theme\"><div class=\"uagb-columns__overlay\"><\/div><div class=\"uagb-columns__inner-wrap uagb-columns__columns-2\">\n<div class=\"wp-block-uagb-column uagb-column__wrap uagb-column__background-undefined uagb-block-e9d5f3a8\"><div class=\"uagb-column__overlay\"><\/div>\n<figure class=\"wp-block-image size-large is-resized\"><a href=\"http:\/\/www.matildecamus.com\/wp-content\/uploads\/2021\/01\/2-Matrimonio-scaled.jpg\"><img loading=\"lazy\" decoding=\"async\" width=\"781\" height=\"1024\" src=\"http:\/\/www.matildecamus.com\/wp-content\/uploads\/2021\/01\/2-Matrimonio-781x1024.jpg\" alt=\"\" class=\"wp-image-2366\" style=\"width:247px;height:323px\" srcset=\"https:\/\/www.matildecamus.com\/wp-content\/uploads\/2021\/01\/2-Matrimonio-781x1024.jpg 781w, https:\/\/www.matildecamus.com\/wp-content\/uploads\/2021\/01\/2-Matrimonio-229x300.jpg 229w, https:\/\/www.matildecamus.com\/wp-content\/uploads\/2021\/01\/2-Matrimonio-768x1007.jpg 768w, https:\/\/www.matildecamus.com\/wp-content\/uploads\/2021\/01\/2-Matrimonio-1171x1536.jpg 1171w, https:\/\/www.matildecamus.com\/wp-content\/uploads\/2021\/01\/2-Matrimonio-1561x2048.jpg 1561w, https:\/\/www.matildecamus.com\/wp-content\/uploads\/2021\/01\/2-Matrimonio-scaled.jpg 1952w\" sizes=\"auto, (max-width: 781px) 100vw, 781px\" \/><\/a><\/figure>\n\n\n\n<p class=\"has-text-align-center\">Junto  junto a su marido en uno de los muchos premios que se le otorgaron.<\/p>\n<\/div>\n\n\n\n<div class=\"wp-block-uagb-column uagb-column__wrap uagb-column__background-undefined uagb-block-f47e18da\"><div class=\"uagb-column__overlay\"><\/div>\n<figure class=\"wp-block-image size-large is-resized\"><a href=\"http:\/\/www.matildecamus.com\/wp-content\/uploads\/2021\/01\/3-Matrimonio-scaled.jpg\"><img loading=\"lazy\" decoding=\"async\" width=\"640\" height=\"1024\" src=\"http:\/\/www.matildecamus.com\/wp-content\/uploads\/2021\/01\/3-Matrimonio-640x1024.jpg\" alt=\"\" class=\"wp-image-2367\" style=\"width:243px;height:388px\" srcset=\"https:\/\/www.matildecamus.com\/wp-content\/uploads\/2021\/01\/3-Matrimonio-640x1024.jpg 640w, https:\/\/www.matildecamus.com\/wp-content\/uploads\/2021\/01\/3-Matrimonio-187x300.jpg 187w, https:\/\/www.matildecamus.com\/wp-content\/uploads\/2021\/01\/3-Matrimonio-768x1230.jpg 768w, https:\/\/www.matildecamus.com\/wp-content\/uploads\/2021\/01\/3-Matrimonio-959x1536.jpg 959w, https:\/\/www.matildecamus.com\/wp-content\/uploads\/2021\/01\/3-Matrimonio-1279x2048.jpg 1279w, https:\/\/www.matildecamus.com\/wp-content\/uploads\/2021\/01\/3-Matrimonio-scaled.jpg 1599w\" sizes=\"auto, (max-width: 640px) 100vw, 640px\" \/><\/a><\/figure>\n\n\n\n<p class=\"has-text-align-center\">Otro momento en que el matrimonio asiste a la recogida de uno de sus premios.<\/p>\n<\/div>\n<\/div><\/section>\n\n\n\n<div style=\"height:100px\" aria-hidden=\"true\" class=\"wp-block-spacer\"><\/div>\n\n\n\n<section class=\"wp-block-uagb-columns uagb-columns__wrap uagb-columns__background-none uagb-columns__stack-mobile uagb-columns__valign- uagb-columns__gap-10 align uagb-block-c522574f uagb-columns__columns-2 uagb-columns__max_width-theme\"><div class=\"uagb-columns__overlay\"><\/div><div class=\"uagb-columns__inner-wrap uagb-columns__columns-2\">\n<div class=\"wp-block-uagb-column uagb-column__wrap uagb-column__background-undefined uagb-block-fd6e2e40\"><div class=\"uagb-column__overlay\"><\/div>\n<figure class=\"wp-block-image size-large\"><a href=\"https:\/\/www.matildecamus.com\/wp-content\/uploads\/2023\/07\/Matilde-Camus-1984-scaled.jpg\"><img loading=\"lazy\" decoding=\"async\" width=\"945\" height=\"1024\" src=\"https:\/\/www.matildecamus.com\/wp-content\/uploads\/2023\/07\/Matilde-Camus-1984-945x1024.jpg\" alt=\"\" class=\"wp-image-4602\" srcset=\"https:\/\/www.matildecamus.com\/wp-content\/uploads\/2023\/07\/Matilde-Camus-1984-945x1024.jpg 945w, https:\/\/www.matildecamus.com\/wp-content\/uploads\/2023\/07\/Matilde-Camus-1984-277x300.jpg 277w, https:\/\/www.matildecamus.com\/wp-content\/uploads\/2023\/07\/Matilde-Camus-1984-768x832.jpg 768w, https:\/\/www.matildecamus.com\/wp-content\/uploads\/2023\/07\/Matilde-Camus-1984-1418x1536.jpg 1418w, https:\/\/www.matildecamus.com\/wp-content\/uploads\/2023\/07\/Matilde-Camus-1984-1891x2048.jpg 1891w\" sizes=\"auto, (max-width: 945px) 100vw, 945px\" \/><\/a><figcaption class=\"wp-element-caption\">Ante su obra presentada en la exposici\u00f3n del Palacio de la Magdalena, sobre  creativos c\u00e1ntabros.<\/figcaption><\/figure>\n<\/div>\n\n\n\n<div class=\"wp-block-uagb-column uagb-column__wrap uagb-column__background-undefined uagb-block-8b2547dc\"><div class=\"uagb-column__overlay\"><\/div>\n<figure class=\"wp-block-image size-large\"><a href=\"http:\/\/www.matildecamus.com\/wp-content\/uploads\/2021\/01\/Grupo-Familiar-60-Aniversario-1-scaled.jpg\"><img loading=\"lazy\" decoding=\"async\" width=\"1024\" height=\"898\" src=\"http:\/\/www.matildecamus.com\/wp-content\/uploads\/2021\/01\/Grupo-Familiar-60-Aniversario-1-1024x898.jpg\" alt=\"\" class=\"wp-image-3238\" srcset=\"https:\/\/www.matildecamus.com\/wp-content\/uploads\/2021\/01\/Grupo-Familiar-60-Aniversario-1-1024x898.jpg 1024w, https:\/\/www.matildecamus.com\/wp-content\/uploads\/2021\/01\/Grupo-Familiar-60-Aniversario-1-300x263.jpg 300w, https:\/\/www.matildecamus.com\/wp-content\/uploads\/2021\/01\/Grupo-Familiar-60-Aniversario-1-768x674.jpg 768w, https:\/\/www.matildecamus.com\/wp-content\/uploads\/2021\/01\/Grupo-Familiar-60-Aniversario-1-1536x1347.jpg 1536w, https:\/\/www.matildecamus.com\/wp-content\/uploads\/2021\/01\/Grupo-Familiar-60-Aniversario-1-2048x1796.jpg 2048w\" sizes=\"auto, (max-width: 1024px) 100vw, 1024px\" \/><\/a><figcaption class=\"wp-element-caption\">Bodas de Diamante a\u00f1o 2003 Ante la Iglesia San Pedro de Monte, con D. Angel el sacerdote y amigo. Junto a  sus hijos, nietos y su primera bisnieta.<\/figcaption><\/figure>\n<\/div>\n<\/div><\/section>\n\n\n\n<div style=\"height:100px\" aria-hidden=\"true\" class=\"wp-block-spacer\"><\/div>\n\n\n\n<section class=\"wp-block-uagb-columns uagb-columns__wrap uagb-columns__background-none uagb-columns__stack-mobile uagb-columns__valign- uagb-columns__gap-10 align uagb-block-173bb12d uagb-columns__columns-2 uagb-columns__max_width-theme\"><div class=\"uagb-columns__overlay\"><\/div><div class=\"uagb-columns__inner-wrap uagb-columns__columns-2\">\n<div class=\"wp-block-uagb-column uagb-column__wrap uagb-column__background-undefined uagb-block-56bfe14f\"><div class=\"uagb-column__overlay\"><\/div>\n<figure class=\"wp-block-image size-full\"><a href=\"https:\/\/www.matildecamus.com\/wp-content\/uploads\/2023\/07\/Fotografia-de-familia.jpg\"><img loading=\"lazy\" decoding=\"async\" width=\"588\" height=\"425\" src=\"https:\/\/www.matildecamus.com\/wp-content\/uploads\/2023\/07\/Fotografia-de-familia.jpg\" alt=\"\" class=\"wp-image-4596\" srcset=\"https:\/\/www.matildecamus.com\/wp-content\/uploads\/2023\/07\/Fotografia-de-familia.jpg 588w, https:\/\/www.matildecamus.com\/wp-content\/uploads\/2023\/07\/Fotografia-de-familia-300x217.jpg 300w\" sizes=\"auto, (max-width: 588px) 100vw, 588px\" \/><\/a><\/figure>\n\n\n\n<p class=\"has-text-align-center\">El matrimonio con sus tres hijos: Justo Francisco, Francisco Javier, Matilde y Miguel Angel<\/p>\n<\/div>\n\n\n\n<div class=\"wp-block-uagb-column uagb-column__wrap uagb-column__background-undefined uagb-block-c45254da\"><div class=\"uagb-column__overlay\"><\/div>\n<figure class=\"wp-block-image size-large is-resized\"><a href=\"http:\/\/www.matildecamus.com\/wp-content\/uploads\/2021\/02\/IMG_20191205_174940-scaled.jpg\"><img loading=\"lazy\" decoding=\"async\" width=\"768\" height=\"1024\" src=\"http:\/\/www.matildecamus.com\/wp-content\/uploads\/2021\/02\/IMG_20191205_174940-768x1024.jpg\" alt=\"\" class=\"wp-image-3809\" style=\"width:318px;height:424px\" srcset=\"https:\/\/www.matildecamus.com\/wp-content\/uploads\/2021\/02\/IMG_20191205_174940-768x1024.jpg 768w, https:\/\/www.matildecamus.com\/wp-content\/uploads\/2021\/02\/IMG_20191205_174940-225x300.jpg 225w, https:\/\/www.matildecamus.com\/wp-content\/uploads\/2021\/02\/IMG_20191205_174940-1152x1536.jpg 1152w, https:\/\/www.matildecamus.com\/wp-content\/uploads\/2021\/02\/IMG_20191205_174940-1536x2048.jpg 1536w, https:\/\/www.matildecamus.com\/wp-content\/uploads\/2021\/02\/IMG_20191205_174940-scaled.jpg 1920w\" sizes=\"auto, (max-width: 768px) 100vw, 768px\" \/><\/a><\/figure>\n\n\n\n<p class=\"has-text-align-center\">Homenaje en la Biblioteca Central de Santander 2019<\/p>\n<\/div>\n<\/div><\/section>\n\n\n\n<div style=\"height:100px\" aria-hidden=\"true\" class=\"wp-block-spacer\"><\/div>\n\n\n\n<section class=\"wp-block-uagb-columns uagb-columns__wrap uagb-columns__background-none uagb-columns__stack-mobile uagb-columns__valign- uagb-columns__gap-10 align uagb-block-4be3dd45 uagb-columns__columns-2 uagb-columns__max_width-theme\"><div class=\"uagb-columns__overlay\"><\/div><div class=\"uagb-columns__inner-wrap uagb-columns__columns-2\">\n<div class=\"wp-block-uagb-column uagb-column__wrap uagb-column__background-undefined uagb-block-5c5621d5\"><div class=\"uagb-column__overlay\"><\/div>\n<figure class=\"wp-block-image size-large\"><a href=\"https:\/\/www.matildecamus.com\/wp-content\/uploads\/2023\/07\/22-Matilde-con-coral-Santa-Catalina-scaled.jpg\"><img loading=\"lazy\" decoding=\"async\" width=\"1024\" height=\"721\" src=\"https:\/\/www.matildecamus.com\/wp-content\/uploads\/2023\/07\/22-Matilde-con-coral-Santa-Catalina-1024x721.jpg\" alt=\"\" class=\"wp-image-4599\" srcset=\"https:\/\/www.matildecamus.com\/wp-content\/uploads\/2023\/07\/22-Matilde-con-coral-Santa-Catalina-1024x721.jpg 1024w, https:\/\/www.matildecamus.com\/wp-content\/uploads\/2023\/07\/22-Matilde-con-coral-Santa-Catalina-300x211.jpg 300w, https:\/\/www.matildecamus.com\/wp-content\/uploads\/2023\/07\/22-Matilde-con-coral-Santa-Catalina-768x541.jpg 768w, https:\/\/www.matildecamus.com\/wp-content\/uploads\/2023\/07\/22-Matilde-con-coral-Santa-Catalina-1536x1082.jpg 1536w, https:\/\/www.matildecamus.com\/wp-content\/uploads\/2023\/07\/22-Matilde-con-coral-Santa-Catalina-2048x1443.jpg 2048w\" sizes=\"auto, (max-width: 1024px) 100vw, 1024px\" \/><\/a><figcaption class=\"wp-element-caption\">dav<\/figcaption><\/figure>\n\n\n\n<p class=\"has-text-align-center\">Homenaje de la Coral Santa Catalina de San Rom\u00e1n de la Llanilla, quien canta el Himno escrito por ella en todas las celebraciones locales.<\/p>\n<\/div>\n\n\n\n<div class=\"wp-block-uagb-column uagb-column__wrap uagb-column__background-undefined uagb-block-322dc742\"><div class=\"uagb-column__overlay\"><\/div>\n<figure class=\"wp-block-image size-large\"><a href=\"http:\/\/www.matildecamus.com\/wp-content\/uploads\/2021\/01\/5-Homenaje-Centenario-Centro-Gallego.jpg\"><img loading=\"lazy\" decoding=\"async\" width=\"512\" height=\"384\" src=\"http:\/\/www.matildecamus.com\/wp-content\/uploads\/2021\/01\/5-Homenaje-Centenario-Centro-Gallego.jpg\" alt=\"\" class=\"wp-image-3149\" srcset=\"https:\/\/www.matildecamus.com\/wp-content\/uploads\/2021\/01\/5-Homenaje-Centenario-Centro-Gallego.jpg 512w, https:\/\/www.matildecamus.com\/wp-content\/uploads\/2021\/01\/5-Homenaje-Centenario-Centro-Gallego-300x225.jpg 300w\" sizes=\"auto, (max-width: 512px) 100vw, 512px\" \/><\/a><\/figure>\n\n\n\n<p>Recital Homenaje Centenario Matilde Camus en el Centro Gallego de Santander, junto a la Directora de acci\u00f3n Cultural Eva Ranea.<\/p>\n\n\n\n<p><\/p>\n<\/div>\n<\/div><\/section>\n\n\n\n<div class=\"wp-block-columns is-layout-flex wp-container-core-columns-is-layout-28f84493 wp-block-columns-is-layout-flex\">\n<div class=\"wp-block-column is-layout-flow wp-block-column-is-layout-flow\">\n<figure class=\"wp-block-image size-large is-resized\"><a href=\"http:\/\/www.matildecamus.com\/wp-content\/uploads\/2021\/02\/IMG_20191207_115234-scaled.jpg\"><img loading=\"lazy\" decoding=\"async\" width=\"1024\" height=\"768\" src=\"http:\/\/www.matildecamus.com\/wp-content\/uploads\/2021\/02\/IMG_20191207_115234-1024x768.jpg\" alt=\"\" class=\"wp-image-3811\" style=\"width:406px;height:305px\" srcset=\"https:\/\/www.matildecamus.com\/wp-content\/uploads\/2021\/02\/IMG_20191207_115234-1024x768.jpg 1024w, https:\/\/www.matildecamus.com\/wp-content\/uploads\/2021\/02\/IMG_20191207_115234-300x225.jpg 300w, https:\/\/www.matildecamus.com\/wp-content\/uploads\/2021\/02\/IMG_20191207_115234-768x576.jpg 768w, https:\/\/www.matildecamus.com\/wp-content\/uploads\/2021\/02\/IMG_20191207_115234-1536x1152.jpg 1536w, https:\/\/www.matildecamus.com\/wp-content\/uploads\/2021\/02\/IMG_20191207_115234-2048x1536.jpg 2048w\" sizes=\"auto, (max-width: 1024px) 100vw, 1024px\" \/><\/a><figcaption class=\"wp-element-caption\">Hija, nietos y bisnieto de Matilde Camus en la inauguraci\u00f3n de la calle que lleva su nombre. diciembre 2019<\/figcaption><\/figure>\n<\/div>\n\n\n\n<div class=\"wp-block-column is-layout-flow wp-block-column-is-layout-flow\">\n<figure class=\"wp-block-image size-large is-resized\"><a href=\"http:\/\/www.matildecamus.com\/wp-content\/uploads\/2021\/02\/IMG_20200812_114900-1-scaled.jpg\"><img loading=\"lazy\" decoding=\"async\" width=\"531\" height=\"1024\" src=\"http:\/\/www.matildecamus.com\/wp-content\/uploads\/2021\/02\/IMG_20200812_114900-1-531x1024.jpg\" alt=\"\" class=\"wp-image-3816\" style=\"width:264px;height:509px\" srcset=\"https:\/\/www.matildecamus.com\/wp-content\/uploads\/2021\/02\/IMG_20200812_114900-1-531x1024.jpg 531w, https:\/\/www.matildecamus.com\/wp-content\/uploads\/2021\/02\/IMG_20200812_114900-1-155x300.jpg 155w, https:\/\/www.matildecamus.com\/wp-content\/uploads\/2021\/02\/IMG_20200812_114900-1-768x1482.jpg 768w, https:\/\/www.matildecamus.com\/wp-content\/uploads\/2021\/02\/IMG_20200812_114900-1-796x1536.jpg 796w, https:\/\/www.matildecamus.com\/wp-content\/uploads\/2021\/02\/IMG_20200812_114900-1-1061x2048.jpg 1061w, https:\/\/www.matildecamus.com\/wp-content\/uploads\/2021\/02\/IMG_20200812_114900-1-scaled.jpg 1327w\" sizes=\"auto, (max-width: 531px) 100vw, 531px\" \/><\/a><figcaption class=\"wp-element-caption\">Hija y bisnieto de Matilde Camus Daniel Cantero S\u00e1nchez ante la calle que lleva su nombre. Agosto 2020<\/figcaption><\/figure>\n<\/div>\n<\/div>\n\n\n\n<div class=\"wp-block-columns is-layout-flex wp-container-core-columns-is-layout-28f84493 wp-block-columns-is-layout-flex\">\n<div class=\"wp-block-column is-layout-flow wp-block-column-is-layout-flow\">\n<figure class=\"wp-block-image size-large is-resized\"><a href=\"http:\/\/www.matildecamus.com\/wp-content\/uploads\/2021\/02\/IMG-20200726-WA0002.jpg\"><img loading=\"lazy\" decoding=\"async\" width=\"768\" height=\"1024\" src=\"http:\/\/www.matildecamus.com\/wp-content\/uploads\/2021\/02\/IMG-20200726-WA0002-768x1024.jpg\" alt=\"\" class=\"wp-image-3814\" style=\"width:304px;height:405px\" srcset=\"https:\/\/www.matildecamus.com\/wp-content\/uploads\/2021\/02\/IMG-20200726-WA0002-768x1024.jpg 768w, https:\/\/www.matildecamus.com\/wp-content\/uploads\/2021\/02\/IMG-20200726-WA0002-225x300.jpg 225w, https:\/\/www.matildecamus.com\/wp-content\/uploads\/2021\/02\/IMG-20200726-WA0002-1152x1536.jpg 1152w, https:\/\/www.matildecamus.com\/wp-content\/uploads\/2021\/02\/IMG-20200726-WA0002.jpg 1200w\" sizes=\"auto, (max-width: 768px) 100vw, 768px\" \/><\/a><figcaption class=\"wp-element-caption\">Pablo Cantero, nieto de Matilde Camus, con sus hijos: Sara, David, Daniel y Teresa ante la calle de Matilde Camus. Pablo ha sido el primer dise\u00f1ador de la p\u00e1gina web. agosto 2020<\/figcaption><\/figure>\n<\/div>\n\n\n\n<div class=\"wp-block-column is-layout-flow wp-block-column-is-layout-flow\">\n<figure class=\"wp-block-image size-large is-resized\"><a href=\"http:\/\/www.matildecamus.com\/wp-content\/uploads\/2021\/02\/20.08.2020-Antologia-de-mi-madre-scaled.jpg\"><img loading=\"lazy\" decoding=\"async\" width=\"1024\" height=\"768\" src=\"http:\/\/www.matildecamus.com\/wp-content\/uploads\/2021\/02\/20.08.2020-Antologia-de-mi-madre-1024x768.jpg\" alt=\"\" class=\"wp-image-3817\" style=\"width:514px;height:386px\" srcset=\"https:\/\/www.matildecamus.com\/wp-content\/uploads\/2021\/02\/20.08.2020-Antologia-de-mi-madre-1024x768.jpg 1024w, https:\/\/www.matildecamus.com\/wp-content\/uploads\/2021\/02\/20.08.2020-Antologia-de-mi-madre-300x225.jpg 300w, https:\/\/www.matildecamus.com\/wp-content\/uploads\/2021\/02\/20.08.2020-Antologia-de-mi-madre-768x576.jpg 768w, https:\/\/www.matildecamus.com\/wp-content\/uploads\/2021\/02\/20.08.2020-Antologia-de-mi-madre-1536x1152.jpg 1536w, https:\/\/www.matildecamus.com\/wp-content\/uploads\/2021\/02\/20.08.2020-Antologia-de-mi-madre-2048x1536.jpg 2048w\" sizes=\"auto, (max-width: 1024px) 100vw, 1024px\" \/><\/a><figcaption class=\"wp-element-caption\">Recogiendo la Antolog\u00eda Po\u00e9tica del Centenario en la Editorial de la Consejer\u00eda de Cultura de la Comunidad de Cantabria. Agosto 2020. <\/figcaption><\/figure>\n\n\n\n<p><\/p>\n<\/div>\n<\/div>\n\n\n\n<div class=\"wp-block-columns is-layout-flex wp-container-core-columns-is-layout-28f84493 wp-block-columns-is-layout-flex\">\n<div class=\"wp-block-column is-layout-flow wp-block-column-is-layout-flow\">\n<figure class=\"wp-block-image size-large is-resized\"><a href=\"https:\/\/www.matildecamus.com\/wp-content\/uploads\/2023\/07\/IMG_20210123_141742-scaled.jpg\"><img loading=\"lazy\" decoding=\"async\" width=\"1024\" height=\"602\" src=\"https:\/\/www.matildecamus.com\/wp-content\/uploads\/2023\/07\/IMG_20210123_141742-1024x602.jpg\" alt=\"\" class=\"wp-image-4600\" style=\"width:514px;height:301px\" srcset=\"https:\/\/www.matildecamus.com\/wp-content\/uploads\/2023\/07\/IMG_20210123_141742-1024x602.jpg 1024w, https:\/\/www.matildecamus.com\/wp-content\/uploads\/2023\/07\/IMG_20210123_141742-300x176.jpg 300w, https:\/\/www.matildecamus.com\/wp-content\/uploads\/2023\/07\/IMG_20210123_141742-768x451.jpg 768w, https:\/\/www.matildecamus.com\/wp-content\/uploads\/2023\/07\/IMG_20210123_141742-1536x903.jpg 1536w, https:\/\/www.matildecamus.com\/wp-content\/uploads\/2023\/07\/IMG_20210123_141742-2048x1204.jpg 2048w\" sizes=\"auto, (max-width: 1024px) 100vw, 1024px\" \/><\/a><figcaption class=\"wp-element-caption\">Recibiendo el nombramiento como Acad\u00e9mico de M\u00e9rito de la Academia Internacional de Pontzen de las Letras y las Ciencias. N\u00e1poles. Italia.<\/figcaption><\/figure>\n<\/div>\n\n\n\n<div class=\"wp-block-column is-layout-flow wp-block-column-is-layout-flow\">\n<figure class=\"wp-block-image size-large is-resized\"><a href=\"https:\/\/www.matildecamus.com\/wp-content\/uploads\/2023\/07\/13-Rcibiendo-un-premio-scaled.jpg\"><img loading=\"lazy\" decoding=\"async\" width=\"1024\" height=\"717\" src=\"https:\/\/www.matildecamus.com\/wp-content\/uploads\/2023\/07\/13-Rcibiendo-un-premio-1024x717.jpg\" alt=\"\" class=\"wp-image-4601\" style=\"width:513px;height:359px\" srcset=\"https:\/\/www.matildecamus.com\/wp-content\/uploads\/2023\/07\/13-Rcibiendo-un-premio-1024x717.jpg 1024w, https:\/\/www.matildecamus.com\/wp-content\/uploads\/2023\/07\/13-Rcibiendo-un-premio-300x210.jpg 300w, https:\/\/www.matildecamus.com\/wp-content\/uploads\/2023\/07\/13-Rcibiendo-un-premio-768x538.jpg 768w, https:\/\/www.matildecamus.com\/wp-content\/uploads\/2023\/07\/13-Rcibiendo-un-premio-1536x1075.jpg 1536w, https:\/\/www.matildecamus.com\/wp-content\/uploads\/2023\/07\/13-Rcibiendo-un-premio-2048x1434.jpg 2048w\" sizes=\"auto, (max-width: 1024px) 100vw, 1024px\" \/><\/a><\/figure>\n<\/div>\n<\/div>\n","protected":false},"excerpt":{"rendered":"<p>15 a\u00f1os En las escaleras del Instituto Jose Mar\u00eda de Pereda en Santander. Actualmente IES de Santa Clara. Donde estudi\u00f3 desde el a\u00f1o 1929 hasta el 1939 ( Esta foto es del a\u00f1o 1930) 19 a\u00f1os Justo Guis\u00e1ndez y Matilde Camus de novios Francisco Gomez Landeras, padre de Matilde, poco antes de morir 1965 Recogiendo [&hellip;]<\/p>\n","protected":false},"author":1,"featured_media":0,"parent":0,"menu_order":0,"comment_status":"closed","ping_status":"closed","template":"","meta":{"_uag_custom_page_level_css":"","_monsterinsights_skip_tracking":false,"_monsterinsights_sitenote_active":false,"_monsterinsights_sitenote_note":"","_monsterinsights_sitenote_category":0,"site-sidebar-layout":"no-sidebar","site-content-layout":"default","ast-site-content-layout":"default","site-content-style":"default","site-sidebar-style":"default","ast-global-header-display":"","ast-banner-title-visibility":"","ast-main-header-display":"","ast-hfb-above-header-display":"","ast-hfb-below-header-display":"","ast-hfb-mobile-header-display":"","site-post-title":"disabled","ast-breadcrumbs-content":"","ast-featured-img":"","footer-sml-layout":"","ast-disable-related-posts":"","theme-transparent-header-meta":"default","adv-header-id-meta":"","stick-header-meta":"","header-above-stick-meta":"","header-main-stick-meta":"","header-below-stick-meta":"","astra-migrate-meta-layouts":"set","ast-page-background-enabled":"default","ast-page-background-meta":{"desktop":{"background-color":"","background-image":"","background-repeat":"repeat","background-position":"center center","background-size":"auto","background-attachment":"scroll","background-type":"","background-media":"","overlay-type":"","overlay-color":"","overlay-opacity":"","overlay-gradient":""},"tablet":{"background-color":"","background-image":"","background-repeat":"repeat","background-position":"center center","background-size":"auto","background-attachment":"scroll","background-type":"","background-media":"","overlay-type":"","overlay-color":"","overlay-opacity":"","overlay-gradient":""},"mobile":{"background-color":"","background-image":"","background-repeat":"repeat","background-position":"center center","background-size":"auto","background-attachment":"scroll","background-type":"","background-media":"","overlay-type":"","overlay-color":"","overlay-opacity":"","overlay-gradient":""}},"ast-content-background-meta":{"desktop":{"background-color":"var(--ast-global-color-5)","background-image":"","background-repeat":"repeat","background-position":"center center","background-size":"auto","background-attachment":"scroll","background-type":"","background-media":"","overlay-type":"","overlay-color":"","overlay-opacity":"","overlay-gradient":""},"tablet":{"background-color":"var(--ast-global-color-5)","background-image":"","background-repeat":"repeat","background-position":"center center","background-size":"auto","background-attachment":"scroll","background-type":"","background-media":"","overlay-type":"","overlay-color":"","overlay-opacity":"","overlay-gradient":""},"mobile":{"background-color":"var(--ast-global-color-5)","background-image":"","background-repeat":"repeat","background-position":"center center","background-size":"auto","background-attachment":"scroll","background-type":"","background-media":"","overlay-type":"","overlay-color":"","overlay-opacity":"","overlay-gradient":""}},"footnotes":""},"class_list":["post-2304","page","type-page","status-publish","hentry"],"uagb_featured_image_src":{"full":false,"thumbnail":false,"medium":false,"medium_large":false,"large":false,"1536x1536":false,"2048x2048":false},"uagb_author_info":{"display_name":"Matilde","author_link":"https:\/\/www.matildecamus.com\/?author=1"},"uagb_comment_info":0,"uagb_excerpt":"15 a\u00f1os En las escaleras del Instituto Jose Mar\u00eda de Pereda en Santander. Actualmente IES de Santa Clara. Donde estudi\u00f3 desde el a\u00f1o 1929 hasta el 1939 ( Esta foto es del a\u00f1o 1930) 19 a\u00f1os Justo Guis\u00e1ndez y Matilde Camus de novios Francisco Gomez Landeras, padre de Matilde, poco antes de morir 1965 Recogiendo&hellip;","_links":{"self":[{"href":"https:\/\/www.matildecamus.com\/index.php?rest_route=\/wp\/v2\/pages\/2304","targetHints":{"allow":["GET"]}}],"collection":[{"href":"https:\/\/www.matildecamus.com\/index.php?rest_route=\/wp\/v2\/pages"}],"about":[{"href":"https:\/\/www.matildecamus.com\/index.php?rest_route=\/wp\/v2\/types\/page"}],"author":[{"embeddable":true,"href":"https:\/\/www.matildecamus.com\/index.php?rest_route=\/wp\/v2\/users\/1"}],"replies":[{"embeddable":true,"href":"https:\/\/www.matildecamus.com\/index.php?rest_route=%2Fwp%2Fv2%2Fcomments&post=2304"}],"version-history":[{"count":48,"href":"https:\/\/www.matildecamus.com\/index.php?rest_route=\/wp\/v2\/pages\/2304\/revisions"}],"predecessor-version":[{"id":4643,"href":"https:\/\/www.matildecamus.com\/index.php?rest_route=\/wp\/v2\/pages\/2304\/revisions\/4643"}],"wp:attachment":[{"href":"https:\/\/www.matildecamus.com\/index.php?rest_route=%2Fwp%2Fv2%2Fmedia&parent=2304"}],"curies":[{"name":"wp","href":"https:\/\/api.w.org\/{rel}","templated":true}]}}