{"id":1568,"date":"2021-01-05T19:44:13","date_gmt":"2021-01-05T19:44:13","guid":{"rendered":"http:\/\/www.matildecamus.com\/?page_id=1568"},"modified":"2021-01-31T17:18:58","modified_gmt":"2021-01-31T17:18:58","slug":"inicio","status":"publish","type":"page","link":"https:\/\/www.matildecamus.com\/","title":{"rendered":"Portada"},"content":{"rendered":"\n<section class=\"wp-block-uagb-columns uagb-columns__wrap uagb-columns__background-undefined uagb-columns__stack-mobile uagb-columns__valign-undefined uagb-columns__gap-10 alignundefined uagb-block-4f574b22\"><div class=\"uagb-columns__overlay\"><\/div><div class=\"uagb-columns__inner-wrap uagb-columns__columns-2\">\n<div class=\"wp-block-uagb-column uagb-column__wrap uagb-column__background-undefined uagb-block-138a889f\"><div class=\"uagb-column__overlay\"><\/div><div class=\"uagb-column__inner-wrap\">\n<figure class=\"wp-block-image size-large\"><a href=\"http:\/\/www.matildecamus.com\/wp-content\/uploads\/2021\/01\/1-Foto-que-quiero-que-aparezca-a-lo-largo-de-toda-la-web.-6.jpg\"><img loading=\"lazy\" decoding=\"async\" width=\"368\" height=\"528\" src=\"http:\/\/www.matildecamus.com\/wp-content\/uploads\/2021\/01\/1-Foto-que-quiero-que-aparezca-a-lo-largo-de-toda-la-web.-6.jpg\" alt=\"\" class=\"wp-image-1926\" srcset=\"https:\/\/www.matildecamus.com\/wp-content\/uploads\/2021\/01\/1-Foto-que-quiero-que-aparezca-a-lo-largo-de-toda-la-web.-6.jpg 368w, https:\/\/www.matildecamus.com\/wp-content\/uploads\/2021\/01\/1-Foto-que-quiero-que-aparezca-a-lo-largo-de-toda-la-web.-6-209x300.jpg 209w\" sizes=\"auto, (max-width: 368px) 100vw, 368px\" \/><\/a><\/figure>\n\n\n\n<figure class=\"wp-block-audio aligncenter\"><audio controls src=\"http:\/\/www.matildecamus.com\/wp-content\/uploads\/2021\/01\/02-Yo-soy-de-la-montana.mp3\"><\/audio><figcaption>Recitado por Matilde Camus<\/figcaption><\/figure>\n<\/div><\/div>\n\n\n\n<div class=\"wp-block-uagb-column uagb-column__wrap uagb-column__background-undefined uagb-block-689f542d\"><div class=\"uagb-column__overlay\"><\/div><div class=\"uagb-column__inner-wrap\">\n<p class=\"has-text-align-center has-text-color has-medium-font-size\" style=\"color:#b09292\"><strong>Yo Soy de la Monta\u00f1a<\/strong><\/p>\n\n\n\n<p class=\"has-text-align-center\">Yo soy de la monta\u00f1a vertebrada<br>llena de h\u00famedos pulsos de roc\u00edo,<br>de campos so\u00f1adores,<br>de arroyos cantarines y de r\u00edos;<br>de casonas hidalgas<br>y de ruido de albarca en los caminos.<br>Yo soy de \u00e9sta vestida tierra herbosa<br>donde el sol nos envuelve con cari\u00f1o,<br>donde la bruma besa nuestros rostros<br>y las playas se aroman con sus pinos.<br>Soy de estas costas, duras y norte\u00f1as,<br>donde se encrespa el mar embravecido,<br>donde hay temblor de algas<br>bajo espumas de armi\u00f1o.<br>Yo soy de la ladera m\u00e1s hermosa<br>de nuestro litoral santanderino.<br>aqu\u00ed la primavera es voz mojada<br>rompi\u00e9ndose en fulgores y estallidos.<\/p>\n\n\n\n<p class=\"has-text-align-center has-cyan-bluish-gray-color has-text-color\" style=\"font-size:12px\"><em>Voces 1969<\/em><\/p>\n<\/div><\/div>\n<\/div><\/section>\n\n\n\n<hr class=\"wp-block-separator has-text-color has-background is-style-wide\" style=\"background-color:#b09292;color:#b09292\"\/>\n\n\n\n<section class=\"wp-block-uagb-columns uagb-columns__wrap uagb-columns__background-image uagb-columns__stack-mobile uagb-columns__valign-undefined uagb-columns__gap-10 alignundefined uagb-block-71bcac78\"><div class=\"uagb-columns__overlay\"><\/div><div class=\"uagb-columns__inner-wrap uagb-columns__columns-1\">\n<div class=\"wp-block-uagb-column uagb-column__wrap uagb-column__background-undefined uagb-block-421656b7\"><div class=\"uagb-column__overlay\"><\/div><div class=\"uagb-column__inner-wrap\">\n<h3 class=\"has-text-color wp-block-heading\" id=\"block-9bc4480d-3762-4155-a2e8-3869aceeefe9\" style=\"color:#b09292;font-size:18px\"><strong>\u00abA todos mis conterr\u00e1neos, del presente y del futuro con la dicha de haber nacido en esta hermosa tierra c\u00e1ntabra que se hace amar apasionadamente \u00ab<\/strong><\/h3>\n\n\n\n<p class=\"has-text-align-center has-cyan-bluish-gray-color has-text-color\" id=\"block-45fcf8f6-b8d6-4f03-bfcc-1e57c911db11\">Tierra de Cantabria 1991<\/p>\n<\/div><\/div>\n<\/div><\/section>\n\n\n\n<hr class=\"wp-block-separator has-text-color has-background is-style-wide\" style=\"background-color:#b09292;color:#b09292\"\/>\n\n\n\n\t\t\t<div class=\"wp-block-uagb-post-carousel uagb-post-grid  uagb-post__image-position-top uagb-post__image-enabled uagb-block-6b0b2afe     uagb-post__arrow-outside uagb-slick-carousel uagb-post__items uagb-post__columns-3 is-carousel uagb-post__columns-tablet-2 uagb-post__columns-mobile-1 uagb-post__carousel_equal-height\" data-total=\"1\" style=\"\">\n\n\t\t\t\t\t\t\t\t\t\t\t\t<article class=\"uagb-post__inner-wrap\">\t\t\t\t\t\t\t\t<h4 class=\"uagb-post__title uagb-post__text\">\n\t\t\t\t<a href=\"https:\/\/www.matildecamus.com\/?p=2137\" target=\"_self\" rel=\"bookmark noopener noreferrer\">ESENCIA DE POETA<\/a>\n\t\t\t<\/h4>\n\t\t\t\t\t\t<div class='uagb-post__text uagb-post-grid-byline'>\n\t\t\t\t\t\t\t<\/div>\n\t\t\t\t\t\t\t<div class='uagb-post__text uagb-post__excerpt'>\n\t\t\t\t\t<p>Matilde Camus nace en&nbsp;Santander. Extremadamente sensible, sabe mirar y apreciar los grises, verdes y azules&nbsp;que&#8230;\t\t\t\t<\/div>\n\t\t\t\t\t\t<div class=\"uagb-post__text uagb-post__cta wp-block-button\">\n\t\t\t\t<a class=\"wp-block-button__link uagb-text-link\" style=\"\" href=\"https:\/\/www.matildecamus.com\/?p=2137\" target=\"_self\" rel=\"bookmark noopener noreferrer\">Leer m\u00e1s<\/a>\n\t\t\t<\/div>\n\t\t\t\n\t\t\t\t\t\t\t\t\t<\/article>\n\t\t\t\t\t\t\t\t\t\t\t\t\t\t\t\t<article class=\"uagb-post__inner-wrap\">\t\t\t\t\t\t\t\t<h4 class=\"uagb-post__title uagb-post__text\">\n\t\t\t\t<a href=\"https:\/\/www.matildecamus.com\/?p=74\" target=\"_self\" rel=\"bookmark noopener noreferrer\">INICIO EN LA POES\u00cdA<\/a>\n\t\t\t<\/h4>\n\t\t\t\t\t\t<div class='uagb-post__text uagb-post-grid-byline'>\n\t\t\t\t\t\t\t<\/div>\n\t\t\t\t\t\t\t<div class='uagb-post__text uagb-post__excerpt'>\n\t\t\t\t\t<p>Matilde, huerfana de madre tempranamente, la a\u00f1or\u00f3 siempre y deposita en su padre todo su&#8230;\t\t\t\t<\/div>\n\t\t\t\t\t\t<div class=\"uagb-post__text uagb-post__cta wp-block-button\">\n\t\t\t\t<a class=\"wp-block-button__link uagb-text-link\" style=\"\" href=\"https:\/\/www.matildecamus.com\/?p=74\" target=\"_self\" rel=\"bookmark noopener noreferrer\">Leer m\u00e1s<\/a>\n\t\t\t<\/div>\n\t\t\t\n\t\t\t\t\t\t\t\t\t<\/article>\n\t\t\t\t\t\t\t\t\t\t\t\t\t\t\t\t<article class=\"uagb-post__inner-wrap\">\t\t\t\t\t\t\t\t<h4 class=\"uagb-post__title uagb-post__text\">\n\t\t\t\t<a href=\"https:\/\/www.matildecamus.com\/?p=21\" target=\"_self\" rel=\"bookmark noopener noreferrer\">ENCUENTRO CON LA POES\u00cdA<\/a>\n\t\t\t<\/h4>\n\t\t\t\t\t\t<div class='uagb-post__text uagb-post-grid-byline'>\n\t\t\t\t\t\t\t<\/div>\n\t\t\t\t\t\t\t<div class='uagb-post__text uagb-post__excerpt'>\n\t\t\t\t\t<p>Curs\u00f3 el Bachiller en el IES de Santa Clara de Santander. Destac\u00f3 en Lengua y&#8230;\t\t\t\t<\/div>\n\t\t\t\t\t\t<div class=\"uagb-post__text uagb-post__cta wp-block-button\">\n\t\t\t\t<a class=\"wp-block-button__link uagb-text-link\" style=\"\" href=\"https:\/\/www.matildecamus.com\/?p=21\" target=\"_self\" rel=\"bookmark noopener noreferrer\">Leer m\u00e1s<\/a>\n\t\t\t<\/div>\n\t\t\t\n\t\t\t\t\t\t\t\t\t<\/article>\n\t\t\t\t\t\t\t\t\t\t\t\t\t\t\t\t<article class=\"uagb-post__inner-wrap\">\t\t\t\t\t\t\t\t<h4 class=\"uagb-post__title uagb-post__text\">\n\t\t\t\t<a href=\"https:\/\/www.matildecamus.com\/?p=19\" target=\"_self\" rel=\"bookmark noopener noreferrer\">DESCUBRIENDO EL AMOR<\/a>\n\t\t\t<\/h4>\n\t\t\t\t\t\t<div class='uagb-post__text uagb-post-grid-byline'>\n\t\t\t\t\t\t\t<\/div>\n\t\t\t\t\t\t\t<div class='uagb-post__text uagb-post__excerpt'>\n\t\t\t\t\t<p>En plena guerra, dos j\u00f3venes se conocen: un madrile\u00f1o, Justo Guis\u00e1ndez Garc\u00eda, de veraneo en&#8230;\t\t\t\t<\/div>\n\t\t\t\t\t\t<div class=\"uagb-post__text uagb-post__cta wp-block-button\">\n\t\t\t\t<a class=\"wp-block-button__link uagb-text-link\" style=\"\" href=\"https:\/\/www.matildecamus.com\/?p=19\" target=\"_self\" rel=\"bookmark noopener noreferrer\">Leer m\u00e1s<\/a>\n\t\t\t<\/div>\n\t\t\t\n\t\t\t\t\t\t\t\t\t<\/article>\n\t\t\t\t\t\t\t\t\t\t\t\t\t\t\t\t<article class=\"uagb-post__inner-wrap\">\t\t\t\t\t\t\t\t<h4 class=\"uagb-post__title uagb-post__text\">\n\t\t\t\t<a href=\"https:\/\/www.matildecamus.com\/?p=13\" target=\"_self\" rel=\"bookmark noopener noreferrer\">ALFARERA DE VERSOS:<\/a>\n\t\t\t<\/h4>\n\t\t\t\t\t\t<div class='uagb-post__text uagb-post-grid-byline'>\n\t\t\t\t\t\t\t<\/div>\n\t\t\t\t\t\t\t<div class='uagb-post__text uagb-post__excerpt'>\n\t\t\t\t\t<p>Aunque siempre plasm\u00f3 sus sentimientos en poemas, descubre su ser como poeta tard\u00edamente; a \u00e9l&#8230;\t\t\t\t<\/div>\n\t\t\t\t\t\t<div class=\"uagb-post__text uagb-post__cta wp-block-button\">\n\t\t\t\t<a class=\"wp-block-button__link uagb-text-link\" style=\"\" href=\"https:\/\/www.matildecamus.com\/?p=13\" target=\"_self\" rel=\"bookmark noopener noreferrer\">Leer m\u00e1s<\/a>\n\t\t\t<\/div>\n\t\t\t\n\t\t\t\t\t\t\t\t\t<\/article>\n\t\t\t\t\t\t\t\t\t\t\t<\/div>\n\t\t\t\n\n\n<div style=\"height:100px\" aria-hidden=\"true\" class=\"wp-block-spacer\"><\/div>\n\n\n\n<ul class=\"wp-block-social-links aligncenter is-style-logos-only is-layout-flex wp-block-social-links-is-layout-flex\"><li class=\"wp-social-link wp-social-link-facebook  wp-block-social-link\"><a rel=\"noopener nofollow\" target=\"_blank\" href=\"https:\/\/www.facebook.com\/MatildeCamusOficial\/\" class=\"wp-block-social-link-anchor\"><svg width=\"24\" height=\"24\" viewBox=\"0 0 24 24\" version=\"1.1\" xmlns=\"http:\/\/www.w3.org\/2000\/svg\" aria-hidden=\"true\" focusable=\"false\"><path d=\"M12 2C6.5 2 2 6.5 2 12c0 5 3.7 9.1 8.4 9.9v-7H7.9V12h2.5V9.8c0-2.5 1.5-3.9 3.8-3.9 1.1 0 2.2.2 2.2.2v2.5h-1.3c-1.2 0-1.6.8-1.6 1.6V12h2.8l-.4 2.9h-2.3v7C18.3 21.1 22 17 22 12c0-5.5-4.5-10-10-10z\"><\/path><\/svg><span class=\"wp-block-social-link-label screen-reader-text\">Facebook<\/span><\/a><\/li>\n\n<li class=\"wp-social-link wp-social-link-instagram  wp-block-social-link\"><a rel=\"noopener nofollow\" target=\"_blank\" href=\"https:\/\/www.instagram.com\/matildecamus\/\" class=\"wp-block-social-link-anchor\"><svg width=\"24\" height=\"24\" viewBox=\"0 0 24 24\" version=\"1.1\" xmlns=\"http:\/\/www.w3.org\/2000\/svg\" aria-hidden=\"true\" focusable=\"false\"><path d=\"M12,4.622c2.403,0,2.688,0.009,3.637,0.052c0.877,0.04,1.354,0.187,1.671,0.31c0.42,0.163,0.72,0.358,1.035,0.673 c0.315,0.315,0.51,0.615,0.673,1.035c0.123,0.317,0.27,0.794,0.31,1.671c0.043,0.949,0.052,1.234,0.052,3.637 s-0.009,2.688-0.052,3.637c-0.04,0.877-0.187,1.354-0.31,1.671c-0.163,0.42-0.358,0.72-0.673,1.035 c-0.315,0.315-0.615,0.51-1.035,0.673c-0.317,0.123-0.794,0.27-1.671,0.31c-0.949,0.043-1.233,0.052-3.637,0.052 s-2.688-0.009-3.637-0.052c-0.877-0.04-1.354-0.187-1.671-0.31c-0.42-0.163-0.72-0.358-1.035-0.673 c-0.315-0.315-0.51-0.615-0.673-1.035c-0.123-0.317-0.27-0.794-0.31-1.671C4.631,14.688,4.622,14.403,4.622,12 s0.009-2.688,0.052-3.637c0.04-0.877,0.187-1.354,0.31-1.671c0.163-0.42,0.358-0.72,0.673-1.035 c0.315-0.315,0.615-0.51,1.035-0.673c0.317-0.123,0.794-0.27,1.671-0.31C9.312,4.631,9.597,4.622,12,4.622 M12,3 C9.556,3,9.249,3.01,8.289,3.054C7.331,3.098,6.677,3.25,6.105,3.472C5.513,3.702,5.011,4.01,4.511,4.511 c-0.5,0.5-0.808,1.002-1.038,1.594C3.25,6.677,3.098,7.331,3.054,8.289C3.01,9.249,3,9.556,3,12c0,2.444,0.01,2.751,0.054,3.711 c0.044,0.958,0.196,1.612,0.418,2.185c0.23,0.592,0.538,1.094,1.038,1.594c0.5,0.5,1.002,0.808,1.594,1.038 c0.572,0.222,1.227,0.375,2.185,0.418C9.249,20.99,9.556,21,12,21s2.751-0.01,3.711-0.054c0.958-0.044,1.612-0.196,2.185-0.418 c0.592-0.23,1.094-0.538,1.594-1.038c0.5-0.5,0.808-1.002,1.038-1.594c0.222-0.572,0.375-1.227,0.418-2.185 C20.99,14.751,21,14.444,21,12s-0.01-2.751-0.054-3.711c-0.044-0.958-0.196-1.612-0.418-2.185c-0.23-0.592-0.538-1.094-1.038-1.594 c-0.5-0.5-1.002-0.808-1.594-1.038c-0.572-0.222-1.227-0.375-2.185-0.418C14.751,3.01,14.444,3,12,3L12,3z M12,7.378 c-2.552,0-4.622,2.069-4.622,4.622S9.448,16.622,12,16.622s4.622-2.069,4.622-4.622S14.552,7.378,12,7.378z M12,15 c-1.657,0-3-1.343-3-3s1.343-3,3-3s3,1.343,3,3S13.657,15,12,15z M16.804,6.116c-0.596,0-1.08,0.484-1.08,1.08 s0.484,1.08,1.08,1.08c0.596,0,1.08-0.484,1.08-1.08S17.401,6.116,16.804,6.116z\"><\/path><\/svg><span class=\"wp-block-social-link-label screen-reader-text\">Instagram<\/span><\/a><\/li><\/ul>\n","protected":false},"excerpt":{"rendered":"<p>Yo Soy de la Monta\u00f1a Yo soy de la monta\u00f1a vertebradallena de h\u00famedos pulsos de roc\u00edo,de campos so\u00f1adores,de arroyos cantarines y de r\u00edos;de casonas hidalgasy de ruido de albarca en los caminos.Yo soy de \u00e9sta vestida tierra herbosadonde el sol nos envuelve con cari\u00f1o,donde la bruma besa nuestros rostrosy las playas se aroman con sus [&hellip;]<\/p>\n","protected":false},"author":1,"featured_media":0,"parent":0,"menu_order":0,"comment_status":"closed","ping_status":"closed","template":"","meta":{"_uag_custom_page_level_css":"","_monsterinsights_skip_tracking":false,"_monsterinsights_sitenote_active":false,"_monsterinsights_sitenote_note":"","_monsterinsights_sitenote_category":0,"site-sidebar-layout":"no-sidebar","site-content-layout":"content-boxed-container","ast-site-content-layout":"default","site-content-style":"default","site-sidebar-style":"default","ast-global-header-display":"","ast-banner-title-visibility":"","ast-main-header-display":"","ast-hfb-above-header-display":"","ast-hfb-below-header-display":"","ast-hfb-mobile-header-display":"","site-post-title":"disabled","ast-breadcrumbs-content":"","ast-featured-img":"","footer-sml-layout":"","ast-disable-related-posts":"","theme-transparent-header-meta":"default","adv-header-id-meta":"","stick-header-meta":"","header-above-stick-meta":"","header-main-stick-meta":"","header-below-stick-meta":"","astra-migrate-meta-layouts":"default","ast-page-background-enabled":"default","ast-page-background-meta":{"desktop":{"background-color":"","background-image":"","background-repeat":"repeat","background-position":"center center","background-size":"auto","background-attachment":"scroll","background-type":"","background-media":"","overlay-type":"","overlay-color":"","overlay-opacity":"","overlay-gradient":""},"tablet":{"background-color":"","background-image":"","background-repeat":"repeat","background-position":"center center","background-size":"auto","background-attachment":"scroll","background-type":"","background-media":"","overlay-type":"","overlay-color":"","overlay-opacity":"","overlay-gradient":""},"mobile":{"background-color":"","background-image":"","background-repeat":"repeat","background-position":"center center","background-size":"auto","background-attachment":"scroll","background-type":"","background-media":"","overlay-type":"","overlay-color":"","overlay-opacity":"","overlay-gradient":""}},"ast-content-background-meta":{"desktop":{"background-color":"var(--ast-global-color-5)","background-image":"","background-repeat":"repeat","background-position":"center center","background-size":"auto","background-attachment":"scroll","background-type":"","background-media":"","overlay-type":"","overlay-color":"","overlay-opacity":"","overlay-gradient":""},"tablet":{"background-color":"var(--ast-global-color-5)","background-image":"","background-repeat":"repeat","background-position":"center center","background-size":"auto","background-attachment":"scroll","background-type":"","background-media":"","overlay-type":"","overlay-color":"","overlay-opacity":"","overlay-gradient":""},"mobile":{"background-color":"var(--ast-global-color-5)","background-image":"","background-repeat":"repeat","background-position":"center center","background-size":"auto","background-attachment":"scroll","background-type":"","background-media":"","overlay-type":"","overlay-color":"","overlay-opacity":"","overlay-gradient":""}},"footnotes":""},"class_list":["post-1568","page","type-page","status-publish","hentry"],"uagb_featured_image_src":{"full":false,"thumbnail":false,"medium":false,"medium_large":false,"large":false,"1536x1536":false,"2048x2048":false},"uagb_author_info":{"display_name":"Matilde","author_link":"https:\/\/www.matildecamus.com\/?author=1"},"uagb_comment_info":0,"uagb_excerpt":"Yo Soy de la Monta\u00f1a Yo soy de la monta\u00f1a vertebradallena de h\u00famedos pulsos de roc\u00edo,de campos so\u00f1adores,de arroyos cantarines y de r\u00edos;de casonas hidalgasy de ruido de albarca en los caminos.Yo soy de \u00e9sta vestida tierra herbosadonde el sol nos envuelve con cari\u00f1o,donde la bruma besa nuestros rostrosy las playas se aroman con sus&hellip;","_links":{"self":[{"href":"https:\/\/www.matildecamus.com\/index.php?rest_route=\/wp\/v2\/pages\/1568","targetHints":{"allow":["GET"]}}],"collection":[{"href":"https:\/\/www.matildecamus.com\/index.php?rest_route=\/wp\/v2\/pages"}],"about":[{"href":"https:\/\/www.matildecamus.com\/index.php?rest_route=\/wp\/v2\/types\/page"}],"author":[{"embeddable":true,"href":"https:\/\/www.matildecamus.com\/index.php?rest_route=\/wp\/v2\/users\/1"}],"replies":[{"embeddable":true,"href":"https:\/\/www.matildecamus.com\/index.php?rest_route=%2Fwp%2Fv2%2Fcomments&post=1568"}],"version-history":[{"count":60,"href":"https:\/\/www.matildecamus.com\/index.php?rest_route=\/wp\/v2\/pages\/1568\/revisions"}],"predecessor-version":[{"id":4469,"href":"https:\/\/www.matildecamus.com\/index.php?rest_route=\/wp\/v2\/pages\/1568\/revisions\/4469"}],"wp:attachment":[{"href":"https:\/\/www.matildecamus.com\/index.php?rest_route=%2Fwp%2Fv2%2Fmedia&parent=1568"}],"curies":[{"name":"wp","href":"https:\/\/api.w.org\/{rel}","templated":true}]}}